{"id":1018,"date":"2017-04-30T21:20:27","date_gmt":"2017-04-30T19:20:27","guid":{"rendered":"http:\/\/amelix.de\/?page_id=1018"},"modified":"2019-12-11T20:54:56","modified_gmt":"2019-12-11T19:54:56","slug":"schauriges-moor-duelmen-fahrradtour-gute-beschildering","status":"publish","type":"page","link":"http:\/\/amelix.de\/?page_id=1018","title":{"rendered":"Fahrradtour &#8222;Schauriges Moor&#8220;"},"content":{"rendered":"<p><span style=\"color: #ff0000;\">Tourname: &#8222;Schauriges Moor&#8220;<\/span><\/p>\n<p><span style=\"color: #ff0000; font-size: 13px;\">Startort**D\u00fclmen Fahrradstation am Bhf.** \u00a0 \u00a0 \u00a0\u00a0Zielort** D\u00fclmen Fahrradstation am Bhft** \u00a0 \u00a0 \u00a0 Streckenl\u00e4nge** ca. 55km\u00a0km** \u00a0Sonnenschein und bis zu 20 Grad Tourname &#8222;Schauriges Moor&#8220;<\/span><\/p>\n<p><span style=\"color: #ff0000;\">Streckenprofil laut Fahrradliteratur**leicht und keine nennenswerte Steigung **, was auch stimmt!<\/span><\/p>\n<p><span style=\"color: #ff0000;\">Wir fuhren fast durchgehend auf asphaltierten Wegen; und wenn wir einmal an einer Landstrasse entlang fahren mussten, gab es dort \u00fcberall einen guten Radweg, der farblich deutlich abgetrennt, auf dem B\u00fcrgersteig entlang f\u00fchrte.<\/span><\/p>\n<p><span style=\"color: #ff0000;\">Wirklich sehr gut war die Beschilderung der Strecke ( F6 = gelbe Zahl\u00a0und\u00a0Buchstaben auf gr\u00fcnem Grund). Diese Beschilderung ist meist in Augenh\u00f6he, gut sichtbar und in geringen Abst\u00e4nden zueinander, die Strecke begleitend.<\/span><\/p>\n<p><span style=\"color: #ff0000;\">Was mir fehlte auf dieser Tour, war die M\u00f6glichkeit einer Kaffee-Pause in mehreren Ort\u00a0dieser\u00a0Strecke.\u00a0<\/span><\/p>\n<p><span style=\"color: #ff0000;\">Diese Strecke &#8222;Schauriges Moor&#8220; ist auch\u00a0geeignet f\u00fcr\u00a0Pedelecs, Fahrr\u00e4der mit Anh\u00e4nger und sonst allen Arten von Fahrr\u00e4dern.<\/span><\/p>\n<figure id=\"attachment_1032\" aria-describedby=\"caption-attachment-1032\" style=\"width: 600px\" class=\"wp-caption alignnone\"><img loading=\"lazy\" class=\"size-medium wp-image-1032\" src=\"http:\/\/amelix.de\/wp-content\/uploads\/2017\/04\/0019849-600x397.jpg\" alt=\"\" width=\"600\" height=\"397\" srcset=\"http:\/\/amelix.de\/wp-content\/uploads\/2017\/04\/0019849-600x397.jpg 600w, http:\/\/amelix.de\/wp-content\/uploads\/2017\/04\/0019849-768x509.jpg 768w, http:\/\/amelix.de\/wp-content\/uploads\/2017\/04\/0019849-1024x678.jpg 1024w\" sizes=\"(max-width: 600px) 85vw, 600px\" \/><figcaption id=\"caption-attachment-1032\" class=\"wp-caption-text\">Fahrradstation D\u00fclmen am Bahnhof<\/figcaption><\/figure>\n<p>Hier, am D\u00fclmener Bahnhof ,starteten wir den Radweg F6, der auch &#8222;Schauriges Moor&#8220; hei\u00dft.Vorher versorgten wir uns noch mit einer \u00a0guten und ausf\u00fchrlichen Streckenkarte, die man an der auch dort befindlichen Radstation sehr g\u00fcnstig erstehen kann. Die Fahrradstation ist sogar Sonntags ge\u00f6ffnet und eine sehr nette Dame half mir weiter, und gab uns auch Starthilfe, was die Richtung betraf.<\/p>\n<p><img loading=\"lazy\" class=\"alignnone size-medium wp-image-1033\" src=\"http:\/\/amelix.de\/wp-content\/uploads\/2017\/04\/0019850-600x397.jpg\" alt=\"\" width=\"600\" height=\"397\" srcset=\"http:\/\/amelix.de\/wp-content\/uploads\/2017\/04\/0019850-600x397.jpg 600w, http:\/\/amelix.de\/wp-content\/uploads\/2017\/04\/0019850-768x509.jpg 768w, http:\/\/amelix.de\/wp-content\/uploads\/2017\/04\/0019850-1024x678.jpg 1024w\" sizes=\"(max-width: 600px) 85vw, 600px\" \/><\/p>\n<p>Vom Bahnhof kommend f\u00e4hrt man direkt an der 1. Ampel links. Das gr\u00fcne &#8222;F6-Hinweisschild&#8220;ist in der Mitte zwischen Zu- und Abfahrtsstrasse vom Bahnhof. Es \u00a0zeigt das Schild etwa in Augenh\u00f6he.<\/p>\n<figure id=\"attachment_1043\" aria-describedby=\"caption-attachment-1043\" style=\"width: 262px\" class=\"wp-caption alignnone\"><img loading=\"lazy\" class=\"size-full wp-image-1043\" src=\"http:\/\/amelix.de\/wp-content\/uploads\/2017\/04\/0019850-1.jpg\" alt=\"\" width=\"262\" height=\"214\" \/><figcaption id=\"caption-attachment-1043\" class=\"wp-caption-text\">Tourenstart<\/figcaption><\/figure>\n<p>Auf gut und durchgehend beschilderten, meist asphaltierten Wegen kamen wir am &#8222;Oedlerteich&#8220; vorbei, der zum Ort &#8220; Hausd\u00fclmen&#8220; geh\u00f6rt.<\/p>\n<figure id=\"attachment_1034\" aria-describedby=\"caption-attachment-1034\" style=\"width: 600px\" class=\"wp-caption alignnone\"><img loading=\"lazy\" class=\"size-medium wp-image-1034\" src=\"http:\/\/amelix.de\/wp-content\/uploads\/2017\/04\/0019851-600x547.jpg\" alt=\"\" width=\"600\" height=\"547\" srcset=\"http:\/\/amelix.de\/wp-content\/uploads\/2017\/04\/0019851-600x547.jpg 600w, http:\/\/amelix.de\/wp-content\/uploads\/2017\/04\/0019851-768x701.jpg 768w, http:\/\/amelix.de\/wp-content\/uploads\/2017\/04\/0019851-1024x934.jpg 1024w\" sizes=\"(max-width: 600px) 85vw, 600px\" \/><figcaption id=\"caption-attachment-1034\" class=\"wp-caption-text\">Sehr gute Beschildering auf dem Weg nach Hausd\u00fclmen<\/figcaption><\/figure>\n<p><img loading=\"lazy\" class=\"alignnone size-medium wp-image-1035\" src=\"http:\/\/amelix.de\/wp-content\/uploads\/2017\/04\/0019853-600x397.jpg\" alt=\"\" width=\"600\" height=\"397\" srcset=\"http:\/\/amelix.de\/wp-content\/uploads\/2017\/04\/0019853-600x397.jpg 600w, http:\/\/amelix.de\/wp-content\/uploads\/2017\/04\/0019853-768x509.jpg 768w, http:\/\/amelix.de\/wp-content\/uploads\/2017\/04\/0019853-1024x678.jpg 1024w\" sizes=\"(max-width: 600px) 85vw, 600px\" \/><\/p>\n<p>Der &#8222;Oedlerteich&#8220; ist sehr gut geeignet zur Vogelbeobachtung aus einer am Ufer aufgestellten \u00a0Beobachtungskanzel heraus.<\/p>\n<p>&nbsp;<\/p>\n<p>&nbsp;<\/p>\n<p>Danach ging es etliche Kilometer\u00a0entlang des &#8222;Wei\u00dfen Venns, dem Moorgebiet, das dank des daneben gelegenen Truppen\u00fcbungsgel\u00e4ndes als Moor erhalten\u00a0geblieben ist, da der Torfabbau dort aus Sicherheitsgr\u00fcnden gestoppt wurde.<\/p>\n<p><img loading=\"lazy\" class=\"size-medium wp-image-1036\" src=\"http:\/\/amelix.de\/wp-content\/uploads\/2017\/04\/0019854-600x447.jpg\" alt=\"\" width=\"600\" height=\"447\" srcset=\"http:\/\/amelix.de\/wp-content\/uploads\/2017\/04\/0019854-600x447.jpg 600w, http:\/\/amelix.de\/wp-content\/uploads\/2017\/04\/0019854-768x572.jpg 768w, http:\/\/amelix.de\/wp-content\/uploads\/2017\/04\/0019854-1024x763.jpg 1024w\" sizes=\"(max-width: 600px) 85vw, 600px\" \/><\/p>\n<figure id=\"attachment_1044\" aria-describedby=\"caption-attachment-1044\" style=\"width: 408px\" class=\"wp-caption alignnone\"><img loading=\"lazy\" class=\"size-medium wp-image-1044\" src=\"http:\/\/amelix.de\/wp-content\/uploads\/2017\/04\/0019854-Arbeitskopie-2-408x600.jpg\" alt=\"\" width=\"408\" height=\"600\" srcset=\"http:\/\/amelix.de\/wp-content\/uploads\/2017\/04\/0019854-Arbeitskopie-2-408x600.jpg 408w, http:\/\/amelix.de\/wp-content\/uploads\/2017\/04\/0019854-Arbeitskopie-2.jpg 483w\" sizes=\"(max-width: 408px) 85vw, 408px\" \/><figcaption id=\"caption-attachment-1044\" class=\"wp-caption-text\">Altes Truppen\u00fcbungsgel\u00e4nde<\/figcaption><\/figure>\n<p>&nbsp;<\/p>\n<p>Am Abzweigschild gen &#8222;Gro\u00df\u00a0Reken &#8220;\u00a0befindet sich der &#8222;F6-Hinweis&#8220; mit gelber Farbe rechts der Strecke, auf einen Baumstamm gespr\u00fcht.<\/p>\n<figure id=\"attachment_1040\" aria-describedby=\"caption-attachment-1040\" style=\"width: 600px\" class=\"wp-caption alignnone\"><img loading=\"lazy\" class=\"size-medium wp-image-1040\" src=\"http:\/\/amelix.de\/wp-content\/uploads\/2017\/04\/0019861-600x433.jpg\" alt=\"\" width=\"600\" height=\"433\" srcset=\"http:\/\/amelix.de\/wp-content\/uploads\/2017\/04\/0019861-600x433.jpg 600w, http:\/\/amelix.de\/wp-content\/uploads\/2017\/04\/0019861-768x555.jpg 768w, http:\/\/amelix.de\/wp-content\/uploads\/2017\/04\/0019861-1024x740.jpg 1024w\" sizes=\"(max-width: 600px) 85vw, 600px\" \/><figcaption id=\"caption-attachment-1040\" class=\"wp-caption-text\">der Baum sagt, wo es langgeht\u2026<\/figcaption><\/figure>\n<p>&nbsp;<\/p>\n<p>&#8230;..weiter f\u00fchrt die Streck zwischen Wiesen und W\u00e4ldern , mit weiterhin sehr guter Beschilderung, nach Gro\u00df Reken, wo uns ein Kreisel mit einer Buchsbaum-Windm\u00fchle , dem Wahrzeichen \u00a0der Gemeinde &#8222;Gro\u00df Reken&#8220;, begr\u00fc\u00dft.<\/p>\n<p><img loading=\"lazy\" class=\"alignnone size-medium wp-image-1028\" src=\"http:\/\/amelix.de\/wp-content\/uploads\/2017\/04\/IMG_7263-600x366.jpg\" alt=\"\" width=\"600\" height=\"366\" srcset=\"http:\/\/amelix.de\/wp-content\/uploads\/2017\/04\/IMG_7263-600x366.jpg 600w, http:\/\/amelix.de\/wp-content\/uploads\/2017\/04\/IMG_7263-768x468.jpg 768w, http:\/\/amelix.de\/wp-content\/uploads\/2017\/04\/IMG_7263-1024x624.jpg 1024w\" sizes=\"(max-width: 600px) 85vw, 600px\" \/><\/p>\n<p>&nbsp;<\/p>\n<p>&nbsp;<\/p>\n<p>In diesem Ort gab es f\u00fcr uns auch die einzige M\u00f6glichkeit der Tour f\u00fcr eine Kaffeepause. Wir fanden im alten Feuerwehr-Spritzenhaus, auf Anraten der netten Dame der Touristen-Information, ein Eis-Cafe mit Sonnenterrasse. Dort war es sehr sauber, nettes Personal und guter Kaffee.<\/p>\n<figure id=\"attachment_1021\" aria-describedby=\"caption-attachment-1021\" style=\"width: 600px\" class=\"wp-caption alignnone\"><img loading=\"lazy\" class=\"size-medium wp-image-1021\" src=\"http:\/\/amelix.de\/wp-content\/uploads\/2017\/04\/0019863-600x397.jpg\" alt=\"\" width=\"600\" height=\"397\" srcset=\"http:\/\/amelix.de\/wp-content\/uploads\/2017\/04\/0019863-600x397.jpg 600w, http:\/\/amelix.de\/wp-content\/uploads\/2017\/04\/0019863-768x509.jpg 768w, http:\/\/amelix.de\/wp-content\/uploads\/2017\/04\/0019863-1024x678.jpg 1024w\" sizes=\"(max-width: 600px) 85vw, 600px\" \/><figcaption id=\"caption-attachment-1021\" class=\"wp-caption-text\">Gro\u00df-Reken Eiscafe im alten Feuerwehr-Spritzenhaus<\/figcaption><\/figure>\n<figure id=\"attachment_1022\" aria-describedby=\"caption-attachment-1022\" style=\"width: 600px\" class=\"wp-caption alignnone\"><img loading=\"lazy\" class=\"size-medium wp-image-1022\" src=\"http:\/\/amelix.de\/wp-content\/uploads\/2017\/04\/0019864-600x397.jpg\" alt=\"\" width=\"600\" height=\"397\" srcset=\"http:\/\/amelix.de\/wp-content\/uploads\/2017\/04\/0019864-600x397.jpg 600w, http:\/\/amelix.de\/wp-content\/uploads\/2017\/04\/0019864-768x509.jpg 768w, http:\/\/amelix.de\/wp-content\/uploads\/2017\/04\/0019864-1024x678.jpg 1024w\" sizes=\"(max-width: 600px) 85vw, 600px\" \/><figcaption id=\"caption-attachment-1022\" class=\"wp-caption-text\">Sonnenterrasse links ums Haus&#8230;..<\/figcaption><\/figure>\n<p>&nbsp;<\/p>\n<p>&nbsp;<\/p>\n<p>Einen kleiner Abstecher vom &#8222;F6&#8220; \u00a0g\u00f6nnten wir uns dann und fuhren zum Funkturm &#8222;Melchenberg&#8220;, einem der wenigen Funkt\u00fcrme in Deutschland, die auf Wunsch der Gemeinde Reken eine Aussichtsplattform hat, die man kostenlos besteigen kann. Sie befindet sich in 30 m H\u00f6he und ist \u00fcber 167 Stufen zu erreichen. Oben erwartete uns ein hervorragender Rundum-Blick.<\/p>\n<p><img loading=\"lazy\" class=\"alignnone size-medium wp-image-1023\" src=\"http:\/\/amelix.de\/wp-content\/uploads\/2017\/04\/0019866-397x600.jpg\" alt=\"\" width=\"397\" height=\"600\" srcset=\"http:\/\/amelix.de\/wp-content\/uploads\/2017\/04\/0019866-397x600.jpg 397w, http:\/\/amelix.de\/wp-content\/uploads\/2017\/04\/0019866-768x1160.jpg 768w, http:\/\/amelix.de\/wp-content\/uploads\/2017\/04\/0019866-678x1024.jpg 678w\" sizes=\"(max-width: 397px) 85vw, 397px\" \/><\/p>\n<p><img loading=\"lazy\" class=\"alignnone size-medium wp-image-1029\" src=\"http:\/\/amelix.de\/wp-content\/uploads\/2017\/04\/IMG_7265-600x133.jpg\" alt=\"\" width=\"600\" height=\"133\" srcset=\"http:\/\/amelix.de\/wp-content\/uploads\/2017\/04\/IMG_7265-600x133.jpg 600w, http:\/\/amelix.de\/wp-content\/uploads\/2017\/04\/IMG_7265-768x170.jpg 768w, http:\/\/amelix.de\/wp-content\/uploads\/2017\/04\/IMG_7265-1024x227.jpg 1024w\" sizes=\"(max-width: 600px) 85vw, 600px\" \/><\/p>\n<p>&nbsp;<\/p>\n<p>Der n\u00e4chste Ort der Tour\u00a0war &#8222;Maria Veen\u00a0&#8222;, ein Ortsteil von&#8220; Reken&#8220; . Dort fiel uns eine falsche Beschilderung auf, nachdem wir 3 x an den Ausgangspunkt zur\u00fcck fahren mussten, um den Abzweig mit der n\u00e4chsten &#8222;F6-Beschilderung&#8220; zu finden. \u00a0Das Schild weist leicht nach links, der richtige Weg jedoch geht rechts an einem sch\u00f6nen, alten und teilgeschieferten Haus vorbei. Am Ende dieses Str\u00e4\u00dfchens ist dann links das n\u00e4chste Hinweisschild.<\/p>\n<p><img loading=\"lazy\" class=\"alignnone size-medium wp-image-1042\" src=\"http:\/\/amelix.de\/wp-content\/uploads\/2017\/04\/0019869-1-600x471.jpg\" alt=\"\" width=\"600\" height=\"471\" srcset=\"http:\/\/amelix.de\/wp-content\/uploads\/2017\/04\/0019869-1-600x471.jpg 600w, http:\/\/amelix.de\/wp-content\/uploads\/2017\/04\/0019869-1-768x603.jpg 768w, http:\/\/amelix.de\/wp-content\/uploads\/2017\/04\/0019869-1-1024x803.jpg 1024w\" sizes=\"(max-width: 600px) 85vw, 600px\" \/><\/p>\n<p>&nbsp;<\/p>\n<p>Danach gab es\u00a0ein l\u00e4ngeres St\u00fcck zu radeln zwischen vorwiegend Wiesen und kleineren Waldst\u00fccken. Sitzb\u00e4nke f\u00fcr Pausen gab es ausreichend und auch dort stimmte die Beschilderung.<\/p>\n<p><img loading=\"lazy\" class=\"alignnone size-medium wp-image-1025\" src=\"http:\/\/amelix.de\/wp-content\/uploads\/2017\/04\/0019876-600x397.jpg\" alt=\"\" width=\"600\" height=\"397\" srcset=\"http:\/\/amelix.de\/wp-content\/uploads\/2017\/04\/0019876-600x397.jpg 600w, http:\/\/amelix.de\/wp-content\/uploads\/2017\/04\/0019876-768x509.jpg 768w, http:\/\/amelix.de\/wp-content\/uploads\/2017\/04\/0019876-1024x678.jpg 1024w\" sizes=\"(max-width: 600px) 85vw, 600px\" \/><\/p>\n<p>&nbsp;<\/p>\n<p>Und, obwohl es noch kein Mai war, lie\u00df sich auf meinem Kopf ( Helm ) ein fr\u00fcher Maik\u00e4fer nieder, der dann aber auf Strassenpflaster fiel und davon krabbelte.<\/p>\n<p><img loading=\"lazy\" class=\"alignnone size-medium wp-image-1027\" src=\"http:\/\/amelix.de\/wp-content\/uploads\/2017\/04\/FullSizeRender-600x546.jpg\" alt=\"\" width=\"600\" height=\"546\" srcset=\"http:\/\/amelix.de\/wp-content\/uploads\/2017\/04\/FullSizeRender-600x546.jpg 600w, http:\/\/amelix.de\/wp-content\/uploads\/2017\/04\/FullSizeRender-768x699.jpg 768w, http:\/\/amelix.de\/wp-content\/uploads\/2017\/04\/FullSizeRender-1024x932.jpg 1024w\" sizes=\"(max-width: 600px) 85vw, 600px\" \/><\/p>\n<p>&nbsp;<\/p>\n<p>Am fr\u00fchen Nachmittag kamen wir dann wieder an unserem Startpunkt an und haben diesen sonnigen Tag ,auf der sch\u00f6nen und perfekt ausgeschilderten Radtour ,sehr genossen.<\/p>\n<figure id=\"attachment_1026\" aria-describedby=\"caption-attachment-1026\" style=\"width: 600px\" class=\"wp-caption alignnone\"><img loading=\"lazy\" class=\"size-medium wp-image-1026\" src=\"http:\/\/amelix.de\/wp-content\/uploads\/2017\/04\/0019877-600x397.jpg\" alt=\"\" width=\"600\" height=\"397\" srcset=\"http:\/\/amelix.de\/wp-content\/uploads\/2017\/04\/0019877-600x397.jpg 600w, http:\/\/amelix.de\/wp-content\/uploads\/2017\/04\/0019877-768x509.jpg 768w, http:\/\/amelix.de\/wp-content\/uploads\/2017\/04\/0019877-1024x678.jpg 1024w\" sizes=\"(max-width: 600px) 85vw, 600px\" \/><figcaption id=\"caption-attachment-1026\" class=\"wp-caption-text\">zur\u00fcck am Auto<\/figcaption><\/figure>\n","protected":false},"excerpt":{"rendered":"<p>Tourname: &#8222;Schauriges Moor&#8220; Startort**D\u00fclmen Fahrradstation am Bhf.** \u00a0 \u00a0 \u00a0\u00a0Zielort** D\u00fclmen Fahrradstation am Bhft** \u00a0 \u00a0 \u00a0 Streckenl\u00e4nge** ca. 55km\u00a0km** \u00a0Sonnenschein und bis zu 20 Grad Tourname &#8222;Schauriges Moor&#8220; Streckenprofil laut Fahrradliteratur**leicht und keine nennenswerte Steigung **, was auch stimmt! Wir fuhren fast durchgehend auf asphaltierten Wegen; und wenn wir einmal an einer Landstrasse entlang &hellip; <a href=\"http:\/\/amelix.de\/?page_id=1018\" class=\"more-link\"><span class=\"screen-reader-text\">\u201eFahrradtour &#8222;Schauriges Moor&#8220;\u201c<\/span> weiterlesen<\/a><\/p>\n","protected":false},"author":2,"featured_media":0,"parent":0,"menu_order":0,"comment_status":"closed","ping_status":"closed","template":"","meta":[],"yoast_head":"<!-- This site is optimized with the Yoast SEO plugin v19.10 - https:\/\/yoast.com\/wordpress\/plugins\/seo\/ -->\n<title>Schauriges Moor D\u00fclmen gute Beschilderung gross reken<\/title>\n<meta name=\"description\" content=\"Schauriges Moor D\u00fclmen gute Beschilderung Maik\u00e4fer Moor Sonne Gro\u00df Reken W\u00e4lder Wiesen Fahrradstation F6 Vogelbeobachtung\" \/>\n<meta name=\"robots\" content=\"index, follow, max-snippet:-1, max-image-preview:large, max-video-preview:-1\" \/>\n<link rel=\"canonical\" href=\"http:\/\/amelix.de\/?page_id=1018\" \/>\n<meta property=\"og:locale\" content=\"de_DE\" \/>\n<meta property=\"og:type\" content=\"article\" \/>\n<meta property=\"og:title\" content=\"Schauriges Moor D\u00fclmen gute Beschilderung gross reken\" \/>\n<meta property=\"og:description\" content=\"Schauriges Moor D\u00fclmen gute Beschilderung Maik\u00e4fer Moor Sonne Gro\u00df Reken W\u00e4lder Wiesen Fahrradstation F6 Vogelbeobachtung\" \/>\n<meta property=\"og:url\" content=\"http:\/\/amelix.de\/?page_id=1018\" \/>\n<meta property=\"og:site_name\" content=\"Amelix\" \/>\n<meta property=\"article:modified_time\" content=\"2019-12-11T19:54:56+00:00\" \/>\n<meta property=\"og:image\" content=\"http:\/\/amelix.de\/wp-content\/uploads\/2017\/04\/0019849-600x397.jpg\" \/>\n<meta name=\"twitter:label1\" content=\"Gesch\u00e4tzte Lesezeit\" \/>\n\t<meta name=\"twitter:data1\" content=\"4\u00a0Minuten\" \/>\n<script type=\"application\/ld+json\" class=\"yoast-schema-graph\">{\"@context\":\"https:\/\/schema.org\",\"@graph\":[{\"@type\":\"WebPage\",\"@id\":\"http:\/\/amelix.de\/?page_id=1018\",\"url\":\"http:\/\/amelix.de\/?page_id=1018\",\"name\":\"Schauriges Moor D\u00fclmen gute Beschilderung gross reken\",\"isPartOf\":{\"@id\":\"http:\/\/amelix.de\/#website\"},\"datePublished\":\"2017-04-30T19:20:27+00:00\",\"dateModified\":\"2019-12-11T19:54:56+00:00\",\"description\":\"Schauriges Moor D\u00fclmen gute Beschilderung Maik\u00e4fer Moor Sonne Gro\u00df Reken W\u00e4lder Wiesen Fahrradstation F6 Vogelbeobachtung\",\"breadcrumb\":{\"@id\":\"http:\/\/amelix.de\/?page_id=1018#breadcrumb\"},\"inLanguage\":\"de\",\"potentialAction\":[{\"@type\":\"ReadAction\",\"target\":[\"http:\/\/amelix.de\/?page_id=1018\"]}]},{\"@type\":\"BreadcrumbList\",\"@id\":\"http:\/\/amelix.de\/?page_id=1018#breadcrumb\",\"itemListElement\":[{\"@type\":\"ListItem\",\"position\":1,\"name\":\"Home\",\"item\":\"http:\/\/amelix.de\/\"},{\"@type\":\"ListItem\",\"position\":2,\"name\":\"Fahrradtour &#8222;Schauriges Moor&#8220;\"}]},{\"@type\":\"WebSite\",\"@id\":\"http:\/\/amelix.de\/#website\",\"url\":\"http:\/\/amelix.de\/\",\"name\":\"Amelix\",\"description\":\"Fahrradfahr-Blog f\u00fcr Best-Ager\",\"potentialAction\":[{\"@type\":\"SearchAction\",\"target\":{\"@type\":\"EntryPoint\",\"urlTemplate\":\"http:\/\/amelix.de\/?s={search_term_string}\"},\"query-input\":\"required name=search_term_string\"}],\"inLanguage\":\"de\"}]}<\/script>\n<!-- \/ Yoast SEO plugin. -->","yoast_head_json":{"title":"Schauriges Moor D\u00fclmen gute Beschilderung gross reken","description":"Schauriges Moor D\u00fclmen gute Beschilderung Maik\u00e4fer Moor Sonne Gro\u00df Reken W\u00e4lder Wiesen Fahrradstation F6 Vogelbeobachtung","robots":{"index":"index","follow":"follow","max-snippet":"max-snippet:-1","max-image-preview":"max-image-preview:large","max-video-preview":"max-video-preview:-1"},"canonical":"http:\/\/amelix.de\/?page_id=1018","og_locale":"de_DE","og_type":"article","og_title":"Schauriges Moor D\u00fclmen gute Beschilderung gross reken","og_description":"Schauriges Moor D\u00fclmen gute Beschilderung Maik\u00e4fer Moor Sonne Gro\u00df Reken W\u00e4lder Wiesen Fahrradstation F6 Vogelbeobachtung","og_url":"http:\/\/amelix.de\/?page_id=1018","og_site_name":"Amelix","article_modified_time":"2019-12-11T19:54:56+00:00","og_image":[{"url":"http:\/\/amelix.de\/wp-content\/uploads\/2017\/04\/0019849-600x397.jpg"}],"twitter_misc":{"Gesch\u00e4tzte Lesezeit":"4\u00a0Minuten"},"schema":{"@context":"https:\/\/schema.org","@graph":[{"@type":"WebPage","@id":"http:\/\/amelix.de\/?page_id=1018","url":"http:\/\/amelix.de\/?page_id=1018","name":"Schauriges Moor D\u00fclmen gute Beschilderung gross reken","isPartOf":{"@id":"http:\/\/amelix.de\/#website"},"datePublished":"2017-04-30T19:20:27+00:00","dateModified":"2019-12-11T19:54:56+00:00","description":"Schauriges Moor D\u00fclmen gute Beschilderung Maik\u00e4fer Moor Sonne Gro\u00df Reken W\u00e4lder Wiesen Fahrradstation F6 Vogelbeobachtung","breadcrumb":{"@id":"http:\/\/amelix.de\/?page_id=1018#breadcrumb"},"inLanguage":"de","potentialAction":[{"@type":"ReadAction","target":["http:\/\/amelix.de\/?page_id=1018"]}]},{"@type":"BreadcrumbList","@id":"http:\/\/amelix.de\/?page_id=1018#breadcrumb","itemListElement":[{"@type":"ListItem","position":1,"name":"Home","item":"http:\/\/amelix.de\/"},{"@type":"ListItem","position":2,"name":"Fahrradtour &#8222;Schauriges Moor&#8220;"}]},{"@type":"WebSite","@id":"http:\/\/amelix.de\/#website","url":"http:\/\/amelix.de\/","name":"Amelix","description":"Fahrradfahr-Blog f\u00fcr Best-Ager","potentialAction":[{"@type":"SearchAction","target":{"@type":"EntryPoint","urlTemplate":"http:\/\/amelix.de\/?s={search_term_string}"},"query-input":"required name=search_term_string"}],"inLanguage":"de"}]}},"_links":{"self":[{"href":"http:\/\/amelix.de\/index.php?rest_route=\/wp\/v2\/pages\/1018"}],"collection":[{"href":"http:\/\/amelix.de\/index.php?rest_route=\/wp\/v2\/pages"}],"about":[{"href":"http:\/\/amelix.de\/index.php?rest_route=\/wp\/v2\/types\/page"}],"author":[{"embeddable":true,"href":"http:\/\/amelix.de\/index.php?rest_route=\/wp\/v2\/users\/2"}],"replies":[{"embeddable":true,"href":"http:\/\/amelix.de\/index.php?rest_route=%2Fwp%2Fv2%2Fcomments&post=1018"}],"version-history":[{"count":8,"href":"http:\/\/amelix.de\/index.php?rest_route=\/wp\/v2\/pages\/1018\/revisions"}],"predecessor-version":[{"id":1190,"href":"http:\/\/amelix.de\/index.php?rest_route=\/wp\/v2\/pages\/1018\/revisions\/1190"}],"wp:attachment":[{"href":"http:\/\/amelix.de\/index.php?rest_route=%2Fwp%2Fv2%2Fmedia&parent=1018"}],"curies":[{"name":"wp","href":"https:\/\/api.w.org\/{rel}","templated":true}]}}