{"id":1762,"date":"2022-07-31T13:34:33","date_gmt":"2022-07-31T11:34:33","guid":{"rendered":"http:\/\/amelix.de\/?page_id=1762"},"modified":"2022-07-31T13:36:30","modified_gmt":"2022-07-31T11:36:30","slug":"spaziergang-zu-den-alltagsmenschen-in-nordkirchen","status":"publish","type":"page","link":"http:\/\/amelix.de\/?page_id=1762","title":{"rendered":"Spaziergang zu den Alltagsmenschen in Nordkirchen Juli 2022"},"content":{"rendered":"<p>&nbsp;<\/p>\n<p>Es ist uns heute zu schw\u00fcl und zu warm zum Fahrradfahren.Deswegen entscheiden wir uns, mal wieder einen Spaziergang im Park von Schlo\u00df Nordkirchen zu machen. Einfach nur ein wenig dort herumlaufen&#8230;.aber halt&#8230;.da war doch noch was&#8230;.richtig !!!<\/p>\n<p>&#8222;Im Rahmen einer Freiluftausstellung werden dort lebensgro\u00dfe Betonskulpturen gezeigt.Die sogenannten &#8222;Alltagsmenschen&#8220;. \u00a0Sie sind eine k\u00fcnstlerische Inszenierung des Allt\u00e4glichen und zeigen das Leben in seiner reinsten und ungesch\u00f6nten Form.&#8220; \u00a0Diese Information habe ich der Seite &#8220; M\u00fcnsterland.com&#8220; entnommen und hier textgenau wiedergegeben.Bei weiterem Interesse empfehle ich auf der genannten Seite der \u00dcberschrift: &#8220; Inszenierung des Allt\u00e4glichen \u00a0 \u00a0ALLTAGSMENSCHEN &#8220; \u00a0zu folgen und dort weiterzulesen.<\/p>\n<p>Mein pers\u00f6nlicher Liebling ist diese Dame, wobei ich nicht glaube, da\u00df die Brille zum Konzept geh\u00f6rt.<\/p>\n<p><img loading=\"lazy\" class=\"alignnone wp-image-1766 size-large\" src=\"http:\/\/amelix.de\/wp-content\/uploads\/2022\/07\/DSC_3202-1024x682.jpeg\" alt=\"\" width=\"840\" height=\"559\" srcset=\"http:\/\/amelix.de\/wp-content\/uploads\/2022\/07\/DSC_3202-1024x682.jpeg 1024w, http:\/\/amelix.de\/wp-content\/uploads\/2022\/07\/DSC_3202-600x400.jpeg 600w, http:\/\/amelix.de\/wp-content\/uploads\/2022\/07\/DSC_3202-768x512.jpeg 768w, http:\/\/amelix.de\/wp-content\/uploads\/2022\/07\/DSC_3202-1536x1024.jpeg 1536w, http:\/\/amelix.de\/wp-content\/uploads\/2022\/07\/DSC_3202-2048x1365.jpeg 2048w, http:\/\/amelix.de\/wp-content\/uploads\/2022\/07\/DSC_3202-1200x800.jpeg 1200w\" sizes=\"(max-width: 709px) 85vw, (max-width: 909px) 67vw, (max-width: 1362px) 62vw, 840px\" \/><\/p>\n<p>&nbsp;<\/p>\n<p>Aber auch diese Festtafel wirkt sehr gelungen und realistisch auf mich.<\/p>\n<p><img loading=\"lazy\" class=\"alignnone wp-image-1764 size-large\" src=\"http:\/\/amelix.de\/wp-content\/uploads\/2022\/07\/DSC_3195-1024x683.jpg\" alt=\"\" width=\"840\" height=\"560\" srcset=\"http:\/\/amelix.de\/wp-content\/uploads\/2022\/07\/DSC_3195-1024x683.jpg 1024w, http:\/\/amelix.de\/wp-content\/uploads\/2022\/07\/DSC_3195-600x400.jpg 600w, http:\/\/amelix.de\/wp-content\/uploads\/2022\/07\/DSC_3195-768x512.jpg 768w, http:\/\/amelix.de\/wp-content\/uploads\/2022\/07\/DSC_3195-1536x1024.jpg 1536w, http:\/\/amelix.de\/wp-content\/uploads\/2022\/07\/DSC_3195-2048x1365.jpg 2048w, http:\/\/amelix.de\/wp-content\/uploads\/2022\/07\/DSC_3195-1200x800.jpg 1200w\" sizes=\"(max-width: 709px) 85vw, (max-width: 909px) 67vw, (max-width: 1362px) 62vw, 840px\" \/><\/p>\n<p>&nbsp;<\/p>\n<p>Ebenso alle weiter Skulpturen, wobei jeder seine Favoriten nach eigenem Geschmack aussuchen sollte.<\/p>\n<figure id=\"attachment_1774\" aria-describedby=\"caption-attachment-1774\" style=\"width: 840px\" class=\"wp-caption alignnone\"><img loading=\"lazy\" class=\"wp-image-1774 size-large\" src=\"http:\/\/amelix.de\/wp-content\/uploads\/2022\/07\/DSC_3215-1024x738.jpg\" alt=\"\" width=\"840\" height=\"605\" srcset=\"http:\/\/amelix.de\/wp-content\/uploads\/2022\/07\/DSC_3215-1024x738.jpg 1024w, http:\/\/amelix.de\/wp-content\/uploads\/2022\/07\/DSC_3215-600x432.jpg 600w, http:\/\/amelix.de\/wp-content\/uploads\/2022\/07\/DSC_3215-768x553.jpg 768w, http:\/\/amelix.de\/wp-content\/uploads\/2022\/07\/DSC_3215-1536x1106.jpg 1536w, http:\/\/amelix.de\/wp-content\/uploads\/2022\/07\/DSC_3215-2048x1475.jpg 2048w, http:\/\/amelix.de\/wp-content\/uploads\/2022\/07\/DSC_3215-1200x864.jpg 1200w\" sizes=\"(max-width: 709px) 85vw, (max-width: 909px) 67vw, (max-width: 1362px) 62vw, 840px\" \/><figcaption id=\"caption-attachment-1774\" class=\"wp-caption-text\">Herr an der Kreuzung<\/figcaption><\/figure>\n<figure id=\"attachment_1768\" aria-describedby=\"caption-attachment-1768\" style=\"width: 840px\" class=\"wp-caption alignnone\"><img loading=\"lazy\" class=\"wp-image-1768 size-large\" src=\"http:\/\/amelix.de\/wp-content\/uploads\/2022\/07\/DSC_3225-1024x683.jpg\" alt=\"\" width=\"840\" height=\"560\" srcset=\"http:\/\/amelix.de\/wp-content\/uploads\/2022\/07\/DSC_3225-1024x683.jpg 1024w, http:\/\/amelix.de\/wp-content\/uploads\/2022\/07\/DSC_3225-600x400.jpg 600w, http:\/\/amelix.de\/wp-content\/uploads\/2022\/07\/DSC_3225-768x512.jpg 768w, http:\/\/amelix.de\/wp-content\/uploads\/2022\/07\/DSC_3225-1536x1024.jpg 1536w, http:\/\/amelix.de\/wp-content\/uploads\/2022\/07\/DSC_3225-2048x1365.jpg 2048w, http:\/\/amelix.de\/wp-content\/uploads\/2022\/07\/DSC_3225-1200x800.jpg 1200w\" sizes=\"(max-width: 709px) 85vw, (max-width: 909px) 67vw, (max-width: 1362px) 62vw, 840px\" \/><figcaption id=\"caption-attachment-1768\" class=\"wp-caption-text\">Waschszene<\/figcaption><\/figure>\n<figure id=\"attachment_1769\" aria-describedby=\"caption-attachment-1769\" style=\"width: 840px\" class=\"wp-caption alignnone\"><img loading=\"lazy\" class=\"wp-image-1769 size-large\" src=\"http:\/\/amelix.de\/wp-content\/uploads\/2022\/07\/DSC_3228-1024x809.jpg\" alt=\"\" width=\"840\" height=\"664\" srcset=\"http:\/\/amelix.de\/wp-content\/uploads\/2022\/07\/DSC_3228-1024x809.jpg 1024w, http:\/\/amelix.de\/wp-content\/uploads\/2022\/07\/DSC_3228-600x474.jpg 600w, http:\/\/amelix.de\/wp-content\/uploads\/2022\/07\/DSC_3228-768x607.jpg 768w, http:\/\/amelix.de\/wp-content\/uploads\/2022\/07\/DSC_3228-1536x1214.jpg 1536w, http:\/\/amelix.de\/wp-content\/uploads\/2022\/07\/DSC_3228-2048x1619.jpg 2048w, http:\/\/amelix.de\/wp-content\/uploads\/2022\/07\/DSC_3228-1200x948.jpg 1200w\" sizes=\"(max-width: 709px) 85vw, (max-width: 909px) 67vw, (max-width: 1362px) 62vw, 840px\" \/><figcaption id=\"caption-attachment-1769\" class=\"wp-caption-text\">Schwestern \/ Nonnen vor der Kirche<\/figcaption><\/figure>\n<figure id=\"attachment_1763\" aria-describedby=\"caption-attachment-1763\" style=\"width: 840px\" class=\"wp-caption alignnone\"><img loading=\"lazy\" class=\"wp-image-1763 size-large\" src=\"http:\/\/amelix.de\/wp-content\/uploads\/2022\/07\/DSC_3188-926x1024.jpg\" alt=\"\" width=\"840\" height=\"929\" srcset=\"http:\/\/amelix.de\/wp-content\/uploads\/2022\/07\/DSC_3188-926x1024.jpg 926w, http:\/\/amelix.de\/wp-content\/uploads\/2022\/07\/DSC_3188-543x600.jpg 543w, http:\/\/amelix.de\/wp-content\/uploads\/2022\/07\/DSC_3188-768x849.jpg 768w, http:\/\/amelix.de\/wp-content\/uploads\/2022\/07\/DSC_3188-1389x1536.jpg 1389w, http:\/\/amelix.de\/wp-content\/uploads\/2022\/07\/DSC_3188-1852x2048.jpg 1852w, http:\/\/amelix.de\/wp-content\/uploads\/2022\/07\/DSC_3188-1200x1327.jpg 1200w, http:\/\/amelix.de\/wp-content\/uploads\/2022\/07\/DSC_3188.jpg 2024w\" sizes=\"(max-width: 709px) 85vw, (max-width: 909px) 67vw, (max-width: 1362px) 62vw, 840px\" \/><figcaption id=\"caption-attachment-1763\" class=\"wp-caption-text\">Die Dame im Kreisverkehr<\/figcaption><\/figure>\n<p>Und letztlich konnte ich es auch nicht lassen, ein Bild mit diesem netten Fotografen zu machen. \u00a0Ich mag einfach solche Spielereien.<\/p>\n<figure id=\"attachment_1770\" aria-describedby=\"caption-attachment-1770\" style=\"width: 476px\" class=\"wp-caption aligncenter\"><img loading=\"lazy\" class=\"wp-image-1770 size-medium\" src=\"http:\/\/amelix.de\/wp-content\/uploads\/2022\/07\/79521e3f-ab2c-4551-8f88-f5a83480f4be-476x600.jpg\" alt=\"\" width=\"476\" height=\"600\" srcset=\"http:\/\/amelix.de\/wp-content\/uploads\/2022\/07\/79521e3f-ab2c-4551-8f88-f5a83480f4be-476x600.jpg 476w, http:\/\/amelix.de\/wp-content\/uploads\/2022\/07\/79521e3f-ab2c-4551-8f88-f5a83480f4be-768x969.jpg 768w, http:\/\/amelix.de\/wp-content\/uploads\/2022\/07\/79521e3f-ab2c-4551-8f88-f5a83480f4be.jpg 812w\" sizes=\"(max-width: 476px) 85vw, 476px\" \/><figcaption id=\"caption-attachment-1770\" class=\"wp-caption-text\">Fotografen-Duo<\/figcaption><\/figure>\n<div class=\"header--text-secondary\"><\/div>\n","protected":false},"excerpt":{"rendered":"<p>&nbsp; Es ist uns heute zu schw\u00fcl und zu warm zum Fahrradfahren.Deswegen entscheiden wir uns, mal wieder einen Spaziergang im Park von Schlo\u00df Nordkirchen zu machen. Einfach nur ein wenig dort herumlaufen&#8230;.aber halt&#8230;.da war doch noch was&#8230;.richtig !!! &#8222;Im Rahmen einer Freiluftausstellung werden dort lebensgro\u00dfe Betonskulpturen gezeigt.Die sogenannten &#8222;Alltagsmenschen&#8220;. \u00a0Sie sind eine k\u00fcnstlerische Inszenierung des &hellip; <a href=\"http:\/\/amelix.de\/?page_id=1762\" class=\"more-link\"><span class=\"screen-reader-text\">\u201eSpaziergang zu den Alltagsmenschen in Nordkirchen Juli 2022\u201c<\/span> weiterlesen<\/a><\/p>\n","protected":false},"author":2,"featured_media":0,"parent":0,"menu_order":0,"comment_status":"closed","ping_status":"closed","template":"","meta":[],"yoast_head":"<!-- This site is optimized with the Yoast SEO plugin v19.10 - https:\/\/yoast.com\/wordpress\/plugins\/seo\/ -->\n<title>Spaziergang zu den Alltagsmenschen in Nordkirchen Juli 2022 - Amelix<\/title>\n<meta name=\"robots\" content=\"index, follow, max-snippet:-1, max-image-preview:large, max-video-preview:-1\" \/>\n<link rel=\"canonical\" href=\"http:\/\/amelix.de\/?page_id=1762\" \/>\n<meta property=\"og:locale\" content=\"de_DE\" \/>\n<meta property=\"og:type\" content=\"article\" \/>\n<meta property=\"og:title\" content=\"Spaziergang zu den Alltagsmenschen in Nordkirchen Juli 2022 - Amelix\" \/>\n<meta property=\"og:description\" content=\"&nbsp; Es ist uns heute zu schw\u00fcl und zu warm zum Fahrradfahren.Deswegen entscheiden wir uns, mal wieder einen Spaziergang im Park von Schlo\u00df Nordkirchen zu machen. Einfach nur ein wenig dort herumlaufen&#8230;.aber halt&#8230;.da war doch noch was&#8230;.richtig !!! &#8222;Im Rahmen einer Freiluftausstellung werden dort lebensgro\u00dfe Betonskulpturen gezeigt.Die sogenannten &#8222;Alltagsmenschen&#8220;. \u00a0Sie sind eine k\u00fcnstlerische Inszenierung des &hellip; \u201eSpaziergang zu den Alltagsmenschen in Nordkirchen Juli 2022\u201c weiterlesen\" \/>\n<meta property=\"og:url\" content=\"http:\/\/amelix.de\/?page_id=1762\" \/>\n<meta property=\"og:site_name\" content=\"Amelix\" \/>\n<meta property=\"article:modified_time\" content=\"2022-07-31T11:36:30+00:00\" \/>\n<meta property=\"og:image\" content=\"http:\/\/amelix.de\/wp-content\/uploads\/2022\/07\/DSC_3202-1024x682.jpeg\" \/>\n<meta name=\"twitter:label1\" content=\"Gesch\u00e4tzte Lesezeit\" \/>\n\t<meta name=\"twitter:data1\" content=\"3\u00a0Minuten\" \/>\n<script type=\"application\/ld+json\" class=\"yoast-schema-graph\">{\"@context\":\"https:\/\/schema.org\",\"@graph\":[{\"@type\":\"WebPage\",\"@id\":\"http:\/\/amelix.de\/?page_id=1762\",\"url\":\"http:\/\/amelix.de\/?page_id=1762\",\"name\":\"Spaziergang zu den Alltagsmenschen in Nordkirchen Juli 2022 - Amelix\",\"isPartOf\":{\"@id\":\"http:\/\/amelix.de\/#website\"},\"datePublished\":\"2022-07-31T11:34:33+00:00\",\"dateModified\":\"2022-07-31T11:36:30+00:00\",\"breadcrumb\":{\"@id\":\"http:\/\/amelix.de\/?page_id=1762#breadcrumb\"},\"inLanguage\":\"de\",\"potentialAction\":[{\"@type\":\"ReadAction\",\"target\":[\"http:\/\/amelix.de\/?page_id=1762\"]}]},{\"@type\":\"BreadcrumbList\",\"@id\":\"http:\/\/amelix.de\/?page_id=1762#breadcrumb\",\"itemListElement\":[{\"@type\":\"ListItem\",\"position\":1,\"name\":\"Home\",\"item\":\"http:\/\/amelix.de\/\"},{\"@type\":\"ListItem\",\"position\":2,\"name\":\"Spaziergang zu den Alltagsmenschen in Nordkirchen Juli 2022\"}]},{\"@type\":\"WebSite\",\"@id\":\"http:\/\/amelix.de\/#website\",\"url\":\"http:\/\/amelix.de\/\",\"name\":\"Amelix\",\"description\":\"Fahrradfahr-Blog f\u00fcr Best-Ager\",\"potentialAction\":[{\"@type\":\"SearchAction\",\"target\":{\"@type\":\"EntryPoint\",\"urlTemplate\":\"http:\/\/amelix.de\/?s={search_term_string}\"},\"query-input\":\"required name=search_term_string\"}],\"inLanguage\":\"de\"}]}<\/script>\n<!-- \/ Yoast SEO plugin. -->","yoast_head_json":{"title":"Spaziergang zu den Alltagsmenschen in Nordkirchen Juli 2022 - Amelix","robots":{"index":"index","follow":"follow","max-snippet":"max-snippet:-1","max-image-preview":"max-image-preview:large","max-video-preview":"max-video-preview:-1"},"canonical":"http:\/\/amelix.de\/?page_id=1762","og_locale":"de_DE","og_type":"article","og_title":"Spaziergang zu den Alltagsmenschen in Nordkirchen Juli 2022 - Amelix","og_description":"&nbsp; Es ist uns heute zu schw\u00fcl und zu warm zum Fahrradfahren.Deswegen entscheiden wir uns, mal wieder einen Spaziergang im Park von Schlo\u00df Nordkirchen zu machen. Einfach nur ein wenig dort herumlaufen&#8230;.aber halt&#8230;.da war doch noch was&#8230;.richtig !!! &#8222;Im Rahmen einer Freiluftausstellung werden dort lebensgro\u00dfe Betonskulpturen gezeigt.Die sogenannten &#8222;Alltagsmenschen&#8220;. \u00a0Sie sind eine k\u00fcnstlerische Inszenierung des &hellip; \u201eSpaziergang zu den Alltagsmenschen in Nordkirchen Juli 2022\u201c weiterlesen","og_url":"http:\/\/amelix.de\/?page_id=1762","og_site_name":"Amelix","article_modified_time":"2022-07-31T11:36:30+00:00","og_image":[{"url":"http:\/\/amelix.de\/wp-content\/uploads\/2022\/07\/DSC_3202-1024x682.jpeg"}],"twitter_misc":{"Gesch\u00e4tzte Lesezeit":"3\u00a0Minuten"},"schema":{"@context":"https:\/\/schema.org","@graph":[{"@type":"WebPage","@id":"http:\/\/amelix.de\/?page_id=1762","url":"http:\/\/amelix.de\/?page_id=1762","name":"Spaziergang zu den Alltagsmenschen in Nordkirchen Juli 2022 - Amelix","isPartOf":{"@id":"http:\/\/amelix.de\/#website"},"datePublished":"2022-07-31T11:34:33+00:00","dateModified":"2022-07-31T11:36:30+00:00","breadcrumb":{"@id":"http:\/\/amelix.de\/?page_id=1762#breadcrumb"},"inLanguage":"de","potentialAction":[{"@type":"ReadAction","target":["http:\/\/amelix.de\/?page_id=1762"]}]},{"@type":"BreadcrumbList","@id":"http:\/\/amelix.de\/?page_id=1762#breadcrumb","itemListElement":[{"@type":"ListItem","position":1,"name":"Home","item":"http:\/\/amelix.de\/"},{"@type":"ListItem","position":2,"name":"Spaziergang zu den Alltagsmenschen in Nordkirchen Juli 2022"}]},{"@type":"WebSite","@id":"http:\/\/amelix.de\/#website","url":"http:\/\/amelix.de\/","name":"Amelix","description":"Fahrradfahr-Blog f\u00fcr Best-Ager","potentialAction":[{"@type":"SearchAction","target":{"@type":"EntryPoint","urlTemplate":"http:\/\/amelix.de\/?s={search_term_string}"},"query-input":"required name=search_term_string"}],"inLanguage":"de"}]}},"_links":{"self":[{"href":"http:\/\/amelix.de\/index.php?rest_route=\/wp\/v2\/pages\/1762"}],"collection":[{"href":"http:\/\/amelix.de\/index.php?rest_route=\/wp\/v2\/pages"}],"about":[{"href":"http:\/\/amelix.de\/index.php?rest_route=\/wp\/v2\/types\/page"}],"author":[{"embeddable":true,"href":"http:\/\/amelix.de\/index.php?rest_route=\/wp\/v2\/users\/2"}],"replies":[{"embeddable":true,"href":"http:\/\/amelix.de\/index.php?rest_route=%2Fwp%2Fv2%2Fcomments&post=1762"}],"version-history":[{"count":5,"href":"http:\/\/amelix.de\/index.php?rest_route=\/wp\/v2\/pages\/1762\/revisions"}],"predecessor-version":[{"id":1781,"href":"http:\/\/amelix.de\/index.php?rest_route=\/wp\/v2\/pages\/1762\/revisions\/1781"}],"wp:attachment":[{"href":"http:\/\/amelix.de\/index.php?rest_route=%2Fwp%2Fv2%2Fmedia&parent=1762"}],"curies":[{"name":"wp","href":"https:\/\/api.w.org\/{rel}","templated":true}]}}