{"id":1850,"date":"2022-11-13T21:27:43","date_gmt":"2022-11-13T20:27:43","guid":{"rendered":"http:\/\/amelix.de\/?page_id=1850"},"modified":"2022-11-13T21:47:52","modified_gmt":"2022-11-13T20:47:52","slug":"tacho-test-tour-nach-bad-bentheim","status":"publish","type":"page","link":"http:\/\/amelix.de\/?page_id=1850","title":{"rendered":"Tacho-Test-Tour nach Bad Bentheim"},"content":{"rendered":"<p>Wegen der Pandemie sind wir in den letzten Jahren nur noch auf Fahrradtouren ohne \u00dcbernachtung \u00a0unterwegs gewesen. Allenfalls haben wir in einer eigenen Ferienwohnung gewohnt. Darum ist es toll, da\u00df wir wieder mit dem Fahrrad von Zuhause nach Bad Bentheim geradelt sind und \u00a0dort in einem Hotel \u00fcbernachten k\u00f6nnen.<\/p>\n<p>&nbsp;<\/p>\n<figure id=\"attachment_1852\" aria-describedby=\"caption-attachment-1852\" style=\"width: 840px\" class=\"wp-caption alignnone\"><img loading=\"lazy\" class=\"wp-image-1852 size-large\" src=\"http:\/\/amelix.de\/wp-content\/uploads\/2022\/11\/DSCF5640-1024x683.jpg\" alt=\"\" width=\"840\" height=\"560\" srcset=\"http:\/\/amelix.de\/wp-content\/uploads\/2022\/11\/DSCF5640-1024x683.jpg 1024w, http:\/\/amelix.de\/wp-content\/uploads\/2022\/11\/DSCF5640-600x400.jpg 600w, http:\/\/amelix.de\/wp-content\/uploads\/2022\/11\/DSCF5640-768x512.jpg 768w, http:\/\/amelix.de\/wp-content\/uploads\/2022\/11\/DSCF5640-1536x1024.jpg 1536w, http:\/\/amelix.de\/wp-content\/uploads\/2022\/11\/DSCF5640-2048x1365.jpg 2048w, http:\/\/amelix.de\/wp-content\/uploads\/2022\/11\/DSCF5640-1200x800.jpg 1200w\" sizes=\"(max-width: 709px) 85vw, (max-width: 909px) 67vw, (max-width: 1362px) 62vw, 840px\" \/><figcaption id=\"caption-attachment-1852\" class=\"wp-caption-text\">Start nach langer Zeit<\/figcaption><\/figure>\n<p>&nbsp;<\/p>\n<p>Auf dieser Tour wollen wir unsere navigationsf\u00e4higen Tachos ausprobieren. Sie arbeiten minimalistisch und es zeigen tats\u00e4chlich nur Pfeile die Richtung an, der wir folgen \u00a0sollen. Leider ist uns nach kurzer Zeit aufgefallen, da\u00df der Tacho offenbar einen Hang hat, uns \u00fcber Radwege zu f\u00fchren, die vorwiegend an gro\u00dfen Landstra\u00dfen entlangf\u00fchren. Diese Stra\u00dfen sind dann h\u00e4ufiger auch ewig lange geradeaus leitend. Dadurch ergeben sich auf dem Hinweg nach Bad Bentheim einige unn\u00f6tige Umwege. Und das dann auch noch bergan&#8230;.diese Art der Streckenf\u00fchrung zieht sich bis nach Bad Bentheim.<\/p>\n<figure id=\"attachment_1860\" aria-describedby=\"caption-attachment-1860\" style=\"width: 840px\" class=\"wp-caption alignnone\"><img loading=\"lazy\" class=\"wp-image-1860 size-large\" src=\"http:\/\/amelix.de\/wp-content\/uploads\/2022\/11\/3202FAB0-5783-4767-82E9-5B260E5E530E-27384-00000B8F8115BDAC-1024x768.jpg\" alt=\"\" width=\"840\" height=\"630\" srcset=\"http:\/\/amelix.de\/wp-content\/uploads\/2022\/11\/3202FAB0-5783-4767-82E9-5B260E5E530E-27384-00000B8F8115BDAC-1024x768.jpg 1024w, http:\/\/amelix.de\/wp-content\/uploads\/2022\/11\/3202FAB0-5783-4767-82E9-5B260E5E530E-27384-00000B8F8115BDAC-600x450.jpg 600w, http:\/\/amelix.de\/wp-content\/uploads\/2022\/11\/3202FAB0-5783-4767-82E9-5B260E5E530E-27384-00000B8F8115BDAC-768x576.jpg 768w, http:\/\/amelix.de\/wp-content\/uploads\/2022\/11\/3202FAB0-5783-4767-82E9-5B260E5E530E-27384-00000B8F8115BDAC-1536x1152.jpg 1536w, http:\/\/amelix.de\/wp-content\/uploads\/2022\/11\/3202FAB0-5783-4767-82E9-5B260E5E530E-27384-00000B8F8115BDAC-2048x1536.jpg 2048w, http:\/\/amelix.de\/wp-content\/uploads\/2022\/11\/3202FAB0-5783-4767-82E9-5B260E5E530E-27384-00000B8F8115BDAC-1200x900.jpg 1200w\" sizes=\"(max-width: 709px) 85vw, (max-width: 909px) 67vw, (max-width: 1362px) 62vw, 840px\" \/><figcaption id=\"caption-attachment-1860\" class=\"wp-caption-text\">Dauernde Geradeaus-Strecke dank Tacho-Leitsystem<\/figcaption><\/figure>\n<figure id=\"attachment_1859\" aria-describedby=\"caption-attachment-1859\" style=\"width: 840px\" class=\"wp-caption alignnone\"><img loading=\"lazy\" class=\"wp-image-1859 size-large\" src=\"http:\/\/amelix.de\/wp-content\/uploads\/2022\/11\/IMG_3272-963x1024.jpg\" alt=\"\" width=\"840\" height=\"893\" srcset=\"http:\/\/amelix.de\/wp-content\/uploads\/2022\/11\/IMG_3272-963x1024.jpg 963w, http:\/\/amelix.de\/wp-content\/uploads\/2022\/11\/IMG_3272-564x600.jpg 564w, http:\/\/amelix.de\/wp-content\/uploads\/2022\/11\/IMG_3272-768x817.jpg 768w, http:\/\/amelix.de\/wp-content\/uploads\/2022\/11\/IMG_3272.jpg 1169w\" sizes=\"(max-width: 709px) 85vw, (max-width: 909px) 67vw, (max-width: 1362px) 62vw, 840px\" \/><figcaption id=\"caption-attachment-1859\" class=\"wp-caption-text\">1.Versuch mit dem Navi-Tacho klarzukommen.<\/figcaption><\/figure>\n<p>&nbsp;<\/p>\n<p>Am Zielort ist dann alles gut. Das Hotel, der Ausblick vom Zimmerfenster am n\u00e4chsten Morgen, das Fr\u00fchst\u00fcck<\/p>\n<figure id=\"attachment_1854\" aria-describedby=\"caption-attachment-1854\" style=\"width: 840px\" class=\"wp-caption alignnone\"><img loading=\"lazy\" class=\"wp-image-1854 size-large\" src=\"http:\/\/amelix.de\/wp-content\/uploads\/2022\/11\/780FCBB6-545C-44C4-A71D-E738202EDFC3-27384-00000B9B0AF45D38-1024x768.jpg\" alt=\"\" width=\"840\" height=\"630\" srcset=\"http:\/\/amelix.de\/wp-content\/uploads\/2022\/11\/780FCBB6-545C-44C4-A71D-E738202EDFC3-27384-00000B9B0AF45D38-1024x768.jpg 1024w, http:\/\/amelix.de\/wp-content\/uploads\/2022\/11\/780FCBB6-545C-44C4-A71D-E738202EDFC3-27384-00000B9B0AF45D38-600x450.jpg 600w, http:\/\/amelix.de\/wp-content\/uploads\/2022\/11\/780FCBB6-545C-44C4-A71D-E738202EDFC3-27384-00000B9B0AF45D38-768x576.jpg 768w, http:\/\/amelix.de\/wp-content\/uploads\/2022\/11\/780FCBB6-545C-44C4-A71D-E738202EDFC3-27384-00000B9B0AF45D38-1536x1152.jpg 1536w, http:\/\/amelix.de\/wp-content\/uploads\/2022\/11\/780FCBB6-545C-44C4-A71D-E738202EDFC3-27384-00000B9B0AF45D38-2048x1536.jpg 2048w, http:\/\/amelix.de\/wp-content\/uploads\/2022\/11\/780FCBB6-545C-44C4-A71D-E738202EDFC3-27384-00000B9B0AF45D38-1200x900.jpg 1200w\" sizes=\"(max-width: 709px) 85vw, (max-width: 909px) 67vw, (max-width: 1362px) 62vw, 840px\" \/><figcaption id=\"caption-attachment-1854\" class=\"wp-caption-text\">Blick aus dem Hotelzimmer abends<\/figcaption><\/figure>\n<figure id=\"attachment_1870\" aria-describedby=\"caption-attachment-1870\" style=\"width: 840px\" class=\"wp-caption alignnone\"><img loading=\"lazy\" class=\"wp-image-1870 size-large\" src=\"http:\/\/amelix.de\/wp-content\/uploads\/2022\/11\/IMG_3251-1024x768.jpg\" alt=\"\" width=\"840\" height=\"630\" srcset=\"http:\/\/amelix.de\/wp-content\/uploads\/2022\/11\/IMG_3251-1024x768.jpg 1024w, http:\/\/amelix.de\/wp-content\/uploads\/2022\/11\/IMG_3251-600x450.jpg 600w, http:\/\/amelix.de\/wp-content\/uploads\/2022\/11\/IMG_3251-768x576.jpg 768w, http:\/\/amelix.de\/wp-content\/uploads\/2022\/11\/IMG_3251-1536x1152.jpg 1536w, http:\/\/amelix.de\/wp-content\/uploads\/2022\/11\/IMG_3251-2048x1536.jpg 2048w, http:\/\/amelix.de\/wp-content\/uploads\/2022\/11\/IMG_3251-1200x900.jpg 1200w\" sizes=\"(max-width: 709px) 85vw, (max-width: 909px) 67vw, (max-width: 1362px) 62vw, 840px\" \/><figcaption id=\"caption-attachment-1870\" class=\"wp-caption-text\">Ausblick morgens<\/figcaption><\/figure>\n<p>&nbsp;<\/p>\n<p>Nach einer l\u00e4ngeren Auseinandersetzung mit dem erw\u00e4hnten Tacho, am Vorabend, \u00a0haben wir es geschafft, eine neue Route zu erstellen und auf den Tacho zu laden. Unser Hauptaugenmerk ist darauf gerichtet, m\u00f6glichst sch\u00f6ne Wege, fernab von Hauptstra\u00dfen und gro\u00dfen Landstra\u00dfen, zu fahren.<\/p>\n<figure id=\"attachment_1858\" aria-describedby=\"caption-attachment-1858\" style=\"width: 840px\" class=\"wp-caption alignnone\"><img loading=\"lazy\" class=\"wp-image-1858 size-large\" src=\"http:\/\/amelix.de\/wp-content\/uploads\/2022\/11\/IMG_3270-945x1024.jpg\" alt=\"\" width=\"840\" height=\"910\" srcset=\"http:\/\/amelix.de\/wp-content\/uploads\/2022\/11\/IMG_3270-945x1024.jpg 945w, http:\/\/amelix.de\/wp-content\/uploads\/2022\/11\/IMG_3270-554x600.jpg 554w, http:\/\/amelix.de\/wp-content\/uploads\/2022\/11\/IMG_3270-768x832.jpg 768w, http:\/\/amelix.de\/wp-content\/uploads\/2022\/11\/IMG_3270.jpg 1169w\" sizes=\"(max-width: 709px) 85vw, (max-width: 909px) 67vw, (max-width: 1362px) 62vw, 840px\" \/><figcaption id=\"caption-attachment-1858\" class=\"wp-caption-text\">Wir geben unserem Tacho eine Chance<\/figcaption><\/figure>\n<p>&nbsp;<\/p>\n<p>Nach einem sehr guten und \u00fcppigen Fr\u00fchst\u00fcck fahren wir dann am n\u00e4chsten Tag erst wieder zur\u00fcck. Unser\u00a0Tacho hat jetzt die Chance sein K\u00f6nnen zu beweisen und uns \u00fcber die gew\u00e4hlten Orte zur\u00fcck nach M\u00fcnster zu bringen.Es scheint zu klappen ! Und &#8220; OHNE&#8220; \u00a0ist tats\u00e4chlich ein netter kleiner Ort . Und der Fahrradweg dorthin war sehr charmant beschildert.<\/p>\n<figure id=\"attachment_1856\" aria-describedby=\"caption-attachment-1856\" style=\"width: 840px\" class=\"wp-caption alignnone\"><img loading=\"lazy\" class=\"wp-image-1856 size-large\" src=\"http:\/\/amelix.de\/wp-content\/uploads\/2022\/11\/DSCF5650-1024x803.jpg\" alt=\"\" width=\"840\" height=\"659\" srcset=\"http:\/\/amelix.de\/wp-content\/uploads\/2022\/11\/DSCF5650-1024x803.jpg 1024w, http:\/\/amelix.de\/wp-content\/uploads\/2022\/11\/DSCF5650-600x471.jpg 600w, http:\/\/amelix.de\/wp-content\/uploads\/2022\/11\/DSCF5650-768x602.jpg 768w, http:\/\/amelix.de\/wp-content\/uploads\/2022\/11\/DSCF5650-1536x1205.jpg 1536w, http:\/\/amelix.de\/wp-content\/uploads\/2022\/11\/DSCF5650-2048x1606.jpg 2048w, http:\/\/amelix.de\/wp-content\/uploads\/2022\/11\/DSCF5650-1200x941.jpg 1200w\" sizes=\"(max-width: 709px) 85vw, (max-width: 909px) 67vw, (max-width: 1362px) 62vw, 840px\" \/><figcaption id=\"caption-attachment-1856\" class=\"wp-caption-text\">Ohne<\/figcaption><\/figure>\n<p>&nbsp;<\/p>\n<p>&#8230;weiter gehts, auf geplanter Route, bis wir in Greven-Schmedehausen dann wieder am Dortmund-Ems-Kanal sind. Ab dort fahren wir gegen den Wind. Um uns daf\u00fcr zu st\u00e4rken machen wir einen Abstecher zu einem Cafe mit supernettem Personal und gutem Kaffee und sehr leckerem Kuchen.<\/p>\n<figure id=\"attachment_1863\" aria-describedby=\"caption-attachment-1863\" style=\"width: 768px\" class=\"wp-caption alignnone\"><img loading=\"lazy\" class=\"wp-image-1863 size-large\" src=\"http:\/\/amelix.de\/wp-content\/uploads\/2022\/11\/67C7E0FC-1908-4712-A7A6-F1E77CF7287F-30937-00000D2E53DB20E1-768x1024.jpg\" alt=\"\" width=\"768\" height=\"1024\" srcset=\"http:\/\/amelix.de\/wp-content\/uploads\/2022\/11\/67C7E0FC-1908-4712-A7A6-F1E77CF7287F-30937-00000D2E53DB20E1-768x1024.jpg 768w, http:\/\/amelix.de\/wp-content\/uploads\/2022\/11\/67C7E0FC-1908-4712-A7A6-F1E77CF7287F-30937-00000D2E53DB20E1-450x600.jpg 450w, http:\/\/amelix.de\/wp-content\/uploads\/2022\/11\/67C7E0FC-1908-4712-A7A6-F1E77CF7287F-30937-00000D2E53DB20E1-1152x1536.jpg 1152w, http:\/\/amelix.de\/wp-content\/uploads\/2022\/11\/67C7E0FC-1908-4712-A7A6-F1E77CF7287F-30937-00000D2E53DB20E1-1536x2048.jpg 1536w, http:\/\/amelix.de\/wp-content\/uploads\/2022\/11\/67C7E0FC-1908-4712-A7A6-F1E77CF7287F-30937-00000D2E53DB20E1-1200x1600.jpg 1200w, http:\/\/amelix.de\/wp-content\/uploads\/2022\/11\/67C7E0FC-1908-4712-A7A6-F1E77CF7287F-30937-00000D2E53DB20E1-scaled.jpg 1920w\" sizes=\"(max-width: 768px) 85vw, 768px\" \/><figcaption id=\"caption-attachment-1863\" class=\"wp-caption-text\">Hofcafe<\/figcaption><\/figure>\n<p>&nbsp;<\/p>\n<p>Dann stellen wir uns wieder dem st\u00e4rker werdenden Gegenwind.Es geht jetzt immer am Kanal entlang, der dort eher schwierig zu fahren ist, wegen des holprigen und steinigen Untergrundes. \u00a0Ab H\u00f6he Gelmer beginnt dann ein Teil der neuen &#8220; Kanalautobahn&#8220;. Also dem geteerten und sehr einfach zufahrenden Teil der Radweges am DEK . Dann folgt wieder ein St\u00fcck &#8220; Holperstrecke &#8222;. Da wir uns hier wieder auskennen, wissen wir, da\u00df die &#8222;Kanalautobahn&#8220; sich in K\u00fcrze wieder fortsetzen wird.<\/p>\n<figure id=\"attachment_1857\" aria-describedby=\"caption-attachment-1857\" style=\"width: 768px\" class=\"wp-caption alignnone\"><img loading=\"lazy\" class=\"wp-image-1857 size-large\" src=\"http:\/\/amelix.de\/wp-content\/uploads\/2022\/11\/F74619E8-BA7C-4F83-A289-80D40F6A5C2D-30937-00000D415902C841-768x1024.jpg\" alt=\"\" width=\"768\" height=\"1024\" srcset=\"http:\/\/amelix.de\/wp-content\/uploads\/2022\/11\/F74619E8-BA7C-4F83-A289-80D40F6A5C2D-30937-00000D415902C841-768x1024.jpg 768w, http:\/\/amelix.de\/wp-content\/uploads\/2022\/11\/F74619E8-BA7C-4F83-A289-80D40F6A5C2D-30937-00000D415902C841-450x600.jpg 450w, http:\/\/amelix.de\/wp-content\/uploads\/2022\/11\/F74619E8-BA7C-4F83-A289-80D40F6A5C2D-30937-00000D415902C841-1152x1536.jpg 1152w, http:\/\/amelix.de\/wp-content\/uploads\/2022\/11\/F74619E8-BA7C-4F83-A289-80D40F6A5C2D-30937-00000D415902C841-1536x2048.jpg 1536w, http:\/\/amelix.de\/wp-content\/uploads\/2022\/11\/F74619E8-BA7C-4F83-A289-80D40F6A5C2D-30937-00000D415902C841-1200x1600.jpg 1200w, http:\/\/amelix.de\/wp-content\/uploads\/2022\/11\/F74619E8-BA7C-4F83-A289-80D40F6A5C2D-30937-00000D415902C841-scaled.jpg 1920w\" sizes=\"(max-width: 768px) 85vw, 768px\" \/><figcaption id=\"caption-attachment-1857\" class=\"wp-caption-text\">Neue Br\u00fccke \u00fcber den Kanal<\/figcaption><\/figure>\n<figure id=\"attachment_1871\" aria-describedby=\"caption-attachment-1871\" style=\"width: 768px\" class=\"wp-caption alignnone\"><img loading=\"lazy\" class=\"wp-image-1871 size-large\" src=\"http:\/\/amelix.de\/wp-content\/uploads\/2022\/11\/46B2856D-E84D-4FEA-AFD5-9D2E7321B74D-30937-00000D43A7CF9883-768x1024.jpg\" alt=\"\" width=\"768\" height=\"1024\" srcset=\"http:\/\/amelix.de\/wp-content\/uploads\/2022\/11\/46B2856D-E84D-4FEA-AFD5-9D2E7321B74D-30937-00000D43A7CF9883-768x1024.jpg 768w, http:\/\/amelix.de\/wp-content\/uploads\/2022\/11\/46B2856D-E84D-4FEA-AFD5-9D2E7321B74D-30937-00000D43A7CF9883-450x600.jpg 450w, http:\/\/amelix.de\/wp-content\/uploads\/2022\/11\/46B2856D-E84D-4FEA-AFD5-9D2E7321B74D-30937-00000D43A7CF9883-1152x1536.jpg 1152w, http:\/\/amelix.de\/wp-content\/uploads\/2022\/11\/46B2856D-E84D-4FEA-AFD5-9D2E7321B74D-30937-00000D43A7CF9883-1536x2048.jpg 1536w, http:\/\/amelix.de\/wp-content\/uploads\/2022\/11\/46B2856D-E84D-4FEA-AFD5-9D2E7321B74D-30937-00000D43A7CF9883-1200x1600.jpg 1200w, http:\/\/amelix.de\/wp-content\/uploads\/2022\/11\/46B2856D-E84D-4FEA-AFD5-9D2E7321B74D-30937-00000D43A7CF9883-scaled.jpg 1920w\" sizes=\"(max-width: 768px) 85vw, 768px\" \/><figcaption id=\"caption-attachment-1871\" class=\"wp-caption-text\">Stadthafen M\u00fcnster<\/figcaption><\/figure>\n<p>&nbsp;<\/p>\n<p>Die R\u00fcckfahrt hat gut geklappt. Der Tacho hat unsere Hoffnungen erf\u00fcllt. Die Strecke ist auch deutlich sch\u00f6ner gewesen, als der Hinweg.Und am besten war das gute Gef\u00fchl, wieder en Route zu sein, auch \u00fcber mehrere Tage !<\/p>\n","protected":false},"excerpt":{"rendered":"<p>Wegen der Pandemie sind wir in den letzten Jahren nur noch auf Fahrradtouren ohne \u00dcbernachtung \u00a0unterwegs gewesen. Allenfalls haben wir in einer eigenen Ferienwohnung gewohnt. Darum ist es toll, da\u00df wir wieder mit dem Fahrrad von Zuhause nach Bad Bentheim geradelt sind und \u00a0dort in einem Hotel \u00fcbernachten k\u00f6nnen. &nbsp; &nbsp; Auf dieser Tour wollen &hellip; <a href=\"http:\/\/amelix.de\/?page_id=1850\" class=\"more-link\"><span class=\"screen-reader-text\">\u201eTacho-Test-Tour nach Bad Bentheim\u201c<\/span> weiterlesen<\/a><\/p>\n","protected":false},"author":2,"featured_media":0,"parent":0,"menu_order":0,"comment_status":"closed","ping_status":"closed","template":"","meta":[],"yoast_head":"<!-- This site is optimized with the Yoast SEO plugin v19.10 - https:\/\/yoast.com\/wordpress\/plugins\/seo\/ -->\n<title>Tacho-Test-Tour nach Bad Bentheim<\/title>\n<meta name=\"description\" content=\"Tacho-Test-Tour nach Bad Bentheim , um die aktualisierten und von uns neu entdeckten Navigationsm\u00f6glichkeiten auszuprobieren.\" \/>\n<meta name=\"robots\" content=\"index, follow, max-snippet:-1, max-image-preview:large, max-video-preview:-1\" \/>\n<link rel=\"canonical\" href=\"http:\/\/amelix.de\/?page_id=1850\" \/>\n<meta property=\"og:locale\" content=\"de_DE\" \/>\n<meta property=\"og:type\" content=\"article\" \/>\n<meta property=\"og:title\" content=\"Tacho-Test-Tour nach Bad Bentheim\" \/>\n<meta property=\"og:description\" content=\"Tacho-Test-Tour nach Bad Bentheim , um die aktualisierten und von uns neu entdeckten Navigationsm\u00f6glichkeiten auszuprobieren.\" \/>\n<meta property=\"og:url\" content=\"http:\/\/amelix.de\/?page_id=1850\" \/>\n<meta property=\"og:site_name\" content=\"Amelix\" \/>\n<meta property=\"article:modified_time\" content=\"2022-11-13T20:47:52+00:00\" \/>\n<meta property=\"og:image\" content=\"http:\/\/amelix.de\/wp-content\/uploads\/2022\/11\/DSCF5640-1024x683.jpg\" \/>\n<meta name=\"twitter:label1\" content=\"Gesch\u00e4tzte Lesezeit\" \/>\n\t<meta name=\"twitter:data1\" content=\"5\u00a0Minuten\" \/>\n<script type=\"application\/ld+json\" class=\"yoast-schema-graph\">{\"@context\":\"https:\/\/schema.org\",\"@graph\":[{\"@type\":\"WebPage\",\"@id\":\"http:\/\/amelix.de\/?page_id=1850\",\"url\":\"http:\/\/amelix.de\/?page_id=1850\",\"name\":\"Tacho-Test-Tour nach Bad Bentheim\",\"isPartOf\":{\"@id\":\"http:\/\/amelix.de\/#website\"},\"datePublished\":\"2022-11-13T20:27:43+00:00\",\"dateModified\":\"2022-11-13T20:47:52+00:00\",\"description\":\"Tacho-Test-Tour nach Bad Bentheim , um die aktualisierten und von uns neu entdeckten Navigationsm\u00f6glichkeiten auszuprobieren.\",\"breadcrumb\":{\"@id\":\"http:\/\/amelix.de\/?page_id=1850#breadcrumb\"},\"inLanguage\":\"de\",\"potentialAction\":[{\"@type\":\"ReadAction\",\"target\":[\"http:\/\/amelix.de\/?page_id=1850\"]}]},{\"@type\":\"BreadcrumbList\",\"@id\":\"http:\/\/amelix.de\/?page_id=1850#breadcrumb\",\"itemListElement\":[{\"@type\":\"ListItem\",\"position\":1,\"name\":\"Home\",\"item\":\"http:\/\/amelix.de\/\"},{\"@type\":\"ListItem\",\"position\":2,\"name\":\"Tacho-Test-Tour nach Bad Bentheim\"}]},{\"@type\":\"WebSite\",\"@id\":\"http:\/\/amelix.de\/#website\",\"url\":\"http:\/\/amelix.de\/\",\"name\":\"Amelix\",\"description\":\"Fahrradfahr-Blog f\u00fcr Best-Ager\",\"potentialAction\":[{\"@type\":\"SearchAction\",\"target\":{\"@type\":\"EntryPoint\",\"urlTemplate\":\"http:\/\/amelix.de\/?s={search_term_string}\"},\"query-input\":\"required name=search_term_string\"}],\"inLanguage\":\"de\"}]}<\/script>\n<!-- \/ Yoast SEO plugin. -->","yoast_head_json":{"title":"Tacho-Test-Tour nach Bad Bentheim","description":"Tacho-Test-Tour nach Bad Bentheim , um die aktualisierten und von uns neu entdeckten Navigationsm\u00f6glichkeiten auszuprobieren.","robots":{"index":"index","follow":"follow","max-snippet":"max-snippet:-1","max-image-preview":"max-image-preview:large","max-video-preview":"max-video-preview:-1"},"canonical":"http:\/\/amelix.de\/?page_id=1850","og_locale":"de_DE","og_type":"article","og_title":"Tacho-Test-Tour nach Bad Bentheim","og_description":"Tacho-Test-Tour nach Bad Bentheim , um die aktualisierten und von uns neu entdeckten Navigationsm\u00f6glichkeiten auszuprobieren.","og_url":"http:\/\/amelix.de\/?page_id=1850","og_site_name":"Amelix","article_modified_time":"2022-11-13T20:47:52+00:00","og_image":[{"url":"http:\/\/amelix.de\/wp-content\/uploads\/2022\/11\/DSCF5640-1024x683.jpg"}],"twitter_misc":{"Gesch\u00e4tzte Lesezeit":"5\u00a0Minuten"},"schema":{"@context":"https:\/\/schema.org","@graph":[{"@type":"WebPage","@id":"http:\/\/amelix.de\/?page_id=1850","url":"http:\/\/amelix.de\/?page_id=1850","name":"Tacho-Test-Tour nach Bad Bentheim","isPartOf":{"@id":"http:\/\/amelix.de\/#website"},"datePublished":"2022-11-13T20:27:43+00:00","dateModified":"2022-11-13T20:47:52+00:00","description":"Tacho-Test-Tour nach Bad Bentheim , um die aktualisierten und von uns neu entdeckten Navigationsm\u00f6glichkeiten auszuprobieren.","breadcrumb":{"@id":"http:\/\/amelix.de\/?page_id=1850#breadcrumb"},"inLanguage":"de","potentialAction":[{"@type":"ReadAction","target":["http:\/\/amelix.de\/?page_id=1850"]}]},{"@type":"BreadcrumbList","@id":"http:\/\/amelix.de\/?page_id=1850#breadcrumb","itemListElement":[{"@type":"ListItem","position":1,"name":"Home","item":"http:\/\/amelix.de\/"},{"@type":"ListItem","position":2,"name":"Tacho-Test-Tour nach Bad Bentheim"}]},{"@type":"WebSite","@id":"http:\/\/amelix.de\/#website","url":"http:\/\/amelix.de\/","name":"Amelix","description":"Fahrradfahr-Blog f\u00fcr Best-Ager","potentialAction":[{"@type":"SearchAction","target":{"@type":"EntryPoint","urlTemplate":"http:\/\/amelix.de\/?s={search_term_string}"},"query-input":"required name=search_term_string"}],"inLanguage":"de"}]}},"_links":{"self":[{"href":"http:\/\/amelix.de\/index.php?rest_route=\/wp\/v2\/pages\/1850"}],"collection":[{"href":"http:\/\/amelix.de\/index.php?rest_route=\/wp\/v2\/pages"}],"about":[{"href":"http:\/\/amelix.de\/index.php?rest_route=\/wp\/v2\/types\/page"}],"author":[{"embeddable":true,"href":"http:\/\/amelix.de\/index.php?rest_route=\/wp\/v2\/users\/2"}],"replies":[{"embeddable":true,"href":"http:\/\/amelix.de\/index.php?rest_route=%2Fwp%2Fv2%2Fcomments&post=1850"}],"version-history":[{"count":6,"href":"http:\/\/amelix.de\/index.php?rest_route=\/wp\/v2\/pages\/1850\/revisions"}],"predecessor-version":[{"id":1875,"href":"http:\/\/amelix.de\/index.php?rest_route=\/wp\/v2\/pages\/1850\/revisions\/1875"}],"wp:attachment":[{"href":"http:\/\/amelix.de\/index.php?rest_route=%2Fwp%2Fv2%2Fmedia&parent=1850"}],"curies":[{"name":"wp","href":"https:\/\/api.w.org\/{rel}","templated":true}]}}