{"id":298,"date":"2014-02-09T22:00:07","date_gmt":"2014-02-09T21:00:07","guid":{"rendered":"http:\/\/amelix.de\/?page_id=298"},"modified":"2019-12-11T21:29:19","modified_gmt":"2019-12-11T20:29:19","slug":"fahrradtour-homburg-dresden","status":"publish","type":"page","link":"http:\/\/amelix.de\/?page_id=298","title":{"rendered":"Fahrradtour Hamburg- Dresden September\/Oktober 2007"},"content":{"rendered":"<p>&nbsp;<\/p>\n<p>Diese Fahrradtour war die l\u00e4ngste bisher am St\u00fcck gefahrene Tour , seit wir l\u00e4ngere Touren fahren. Wir hatten uns vorher \u00fcberlegt, ob wir von Nord nach S\u00fcd fahren wollen, oder umgekehrt. Ausschlaggebend f\u00fcr die Richtung war dann letztlich der Wind am Tag des Tourbeginns. Und somit mussten wir erst einmal nach Hamburg gelangen.<\/p>\n<figure id=\"attachment_303\" aria-describedby=\"caption-attachment-303\" style=\"width: 600px\" class=\"wp-caption alignnone\"><a  href=\"http:\/\/amelix.de\/wp-content\/uploads\/2014\/02\/Bahnhof-M\u00fcnster-25.09.071.jpg\" data-rel=\"lightbox-gallery-0\" data-rl_title=\"\" data-rl_caption=\"\" title=\"\"><img loading=\"lazy\" class=\"wp-image-303 size-medium\" src=\"http:\/\/amelix.de\/wp-content\/uploads\/2014\/02\/Bahnhof-M\u00fcnster-25.09.071-600x450.jpg\" alt=\"Bild:Bahnhof M\u00fcnster 25.09.07 Fahrrad Amelix\" width=\"600\" height=\"450\" srcset=\"http:\/\/amelix.de\/wp-content\/uploads\/2014\/02\/Bahnhof-M\u00fcnster-25.09.071-600x450.jpg 600w, http:\/\/amelix.de\/wp-content\/uploads\/2014\/02\/Bahnhof-M\u00fcnster-25.09.071.jpg 1024w\" sizes=\"(max-width: 600px) 85vw, 600px\" \/><\/a><figcaption id=\"caption-attachment-303\" class=\"wp-caption-text\">Bahnhof M\u00fcnster 25.09.07<\/figcaption><\/figure>\n<p><span style=\"color: #000000;\">Wir starteten also von M\u00fcnster aus nach Hamburg mit der Bahn, um von dort den Elbe-Radweg von Hamburg nach Dresden, mit dem Fahrrad zu befahren.\u00a0<\/span><\/p>\n<figure id=\"attachment_302\" aria-describedby=\"caption-attachment-302\" style=\"width: 600px\" class=\"wp-caption alignnone\"><a  href=\"http:\/\/amelix.de\/wp-content\/uploads\/2014\/02\/Bahnhof-Hamburg-25.09.071.jpg\" data-rel=\"lightbox-gallery-0\" data-rl_title=\"\" data-rl_caption=\"\" title=\"\"><img loading=\"lazy\" class=\"wp-image-302 size-medium\" src=\"http:\/\/amelix.de\/wp-content\/uploads\/2014\/02\/Bahnhof-Hamburg-25.09.071-600x450.jpg\" alt=\"Bild:Bahnhof Hamburg 25.09.07 Fahrrad Amelix\" width=\"600\" height=\"450\" srcset=\"http:\/\/amelix.de\/wp-content\/uploads\/2014\/02\/Bahnhof-Hamburg-25.09.071-600x450.jpg 600w, http:\/\/amelix.de\/wp-content\/uploads\/2014\/02\/Bahnhof-Hamburg-25.09.071.jpg 1024w\" sizes=\"(max-width: 600px) 85vw, 600px\" \/><\/a><figcaption id=\"caption-attachment-302\" class=\"wp-caption-text\">Bahnhof Hamburg 25.09.07<\/figcaption><\/figure>\n<p>&nbsp;<\/p>\n<p>&nbsp;<\/p>\n<p>Nach einem ungewollten Umweg \u00fcber Blankenese, richteten wir unser GPS ein, pr\u00e4gten uns das Elberadweg-Symbol noch einmal gut ein und dann ging es los&#8230;<\/p>\n<p><a  href=\"http:\/\/amelix.de\/wp-content\/uploads\/2014\/02\/DSC00992.jpg\" data-rel=\"lightbox-gallery-0\" data-rl_title=\"\" data-rl_caption=\"\" title=\"\"><img loading=\"lazy\" class=\"alignnone wp-image-309 size-medium\" src=\"http:\/\/amelix.de\/wp-content\/uploads\/2014\/02\/DSC00992-600x450.jpg\" alt=\"Bild: Bahnhof Blankenese Amelix\" width=\"600\" height=\"450\" srcset=\"http:\/\/amelix.de\/wp-content\/uploads\/2014\/02\/DSC00992-600x450.jpg 600w, http:\/\/amelix.de\/wp-content\/uploads\/2014\/02\/DSC00992.jpg 1024w\" sizes=\"(max-width: 600px) 85vw, 600px\" \/><\/a><\/p>\n<p><a  href=\"http:\/\/amelix.de\/wp-content\/uploads\/2014\/02\/DSC00991.jpg\" data-rel=\"lightbox-gallery-0\" data-rl_title=\"\" data-rl_caption=\"\" title=\"\"><img loading=\"lazy\" class=\"alignnone size-medium wp-image-308\" src=\"http:\/\/amelix.de\/wp-content\/uploads\/2014\/02\/DSC00991-600x450.jpg\" alt=\"DSC00991\" width=\"600\" height=\"450\" srcset=\"http:\/\/amelix.de\/wp-content\/uploads\/2014\/02\/DSC00991-600x450.jpg 600w, http:\/\/amelix.de\/wp-content\/uploads\/2014\/02\/DSC00991.jpg 1024w\" sizes=\"(max-width: 600px) 85vw, 600px\" \/><\/a><\/p>\n<p>&nbsp;<\/p>\n<p><a  href=\"http:\/\/amelix.de\/wp-content\/uploads\/2014\/02\/DSC01003.jpg\" data-rel=\"lightbox-gallery-0\" data-rl_title=\"\" data-rl_caption=\"\" title=\"\"><img loading=\"lazy\" class=\"alignnone size-medium wp-image-311\" src=\"http:\/\/amelix.de\/wp-content\/uploads\/2014\/02\/DSC01003-600x450.jpg\" alt=\"DSC01003\" width=\"600\" height=\"450\" srcset=\"http:\/\/amelix.de\/wp-content\/uploads\/2014\/02\/DSC01003-600x450.jpg 600w, http:\/\/amelix.de\/wp-content\/uploads\/2014\/02\/DSC01003.jpg 1024w\" sizes=\"(max-width: 600px) 85vw, 600px\" \/><\/a><\/p>\n<p>&nbsp;<\/p>\n<p>die n\u00e4chste Station war dann das alte Schifferst\u00e4dtchen Lauenburg, ca. 60 km von Hamburg entfernt, wo wir im Gasthof M\u00f6ller zu einem fairen Preis\/Leistungs-Verh\u00e4ltnis \u00fcbernachteten. Die Fahrr\u00e4der konnten wir trocken und sicher unterstellen.<\/p>\n<figure id=\"attachment_305\" aria-describedby=\"caption-attachment-305\" style=\"width: 600px\" class=\"wp-caption alignnone\"><a  href=\"http:\/\/amelix.de\/wp-content\/uploads\/2014\/02\/Blick-auf-Lauenburg-2.jpg\" data-rel=\"lightbox-gallery-0\" data-rl_title=\"\" data-rl_caption=\"\" title=\"\"><img loading=\"lazy\" class=\"wp-image-305 size-medium\" src=\"http:\/\/amelix.de\/wp-content\/uploads\/2014\/02\/Blick-auf-Lauenburg-2-600x450.jpg\" alt=\"Bild: Blick auf Lauenburg 2 Amelix\" width=\"600\" height=\"450\" srcset=\"http:\/\/amelix.de\/wp-content\/uploads\/2014\/02\/Blick-auf-Lauenburg-2-600x450.jpg 600w, http:\/\/amelix.de\/wp-content\/uploads\/2014\/02\/Blick-auf-Lauenburg-2.jpg 1024w\" sizes=\"(max-width: 600px) 85vw, 600px\" \/><\/a><figcaption id=\"caption-attachment-305\" class=\"wp-caption-text\">Schifferst\u00e4dtchen Lauenburg,<\/figcaption><\/figure>\n<p>&nbsp;<\/p>\n<p>&nbsp;<\/p>\n<p>weiter ging es zur Fachwerkbauten-Stadt Hitzacker<\/p>\n<figure id=\"attachment_335\" aria-describedby=\"caption-attachment-335\" style=\"width: 600px\" class=\"wp-caption alignnone\"><a  href=\"http:\/\/amelix.de\/wp-content\/uploads\/2014\/02\/Hitzacker.jpg\" data-rel=\"lightbox-gallery-0\" data-rl_title=\"\" data-rl_caption=\"\" title=\"\"><img loading=\"lazy\" class=\"wp-image-335 size-medium\" src=\"http:\/\/amelix.de\/wp-content\/uploads\/2014\/02\/Hitzacker-600x450.jpg\" alt=\"Bild: Hitzacker Fahrrad Amelix\" width=\"600\" height=\"450\" srcset=\"http:\/\/amelix.de\/wp-content\/uploads\/2014\/02\/Hitzacker-600x450.jpg 600w, http:\/\/amelix.de\/wp-content\/uploads\/2014\/02\/Hitzacker.jpg 1024w\" sizes=\"(max-width: 600px) 85vw, 600px\" \/><\/a><figcaption id=\"caption-attachment-335\" class=\"wp-caption-text\">Fachwerkbauten-Stadt Hitzacker<\/figcaption><\/figure>\n<p>&nbsp;<\/p>\n<p>&nbsp;<\/p>\n<p>wo wir die erste Regenschauer dieser Tour gerade noch in einem Cafe abwarten konnten<\/p>\n<p><a  href=\"http:\/\/amelix.de\/wp-content\/uploads\/2014\/02\/Regenschauer-in-Hitzacker-1.jpg\" data-rel=\"lightbox-gallery-0\" data-rl_title=\"\" data-rl_caption=\"\" title=\"\"><img loading=\"lazy\" class=\"alignnone wp-image-409 size-medium\" src=\"http:\/\/amelix.de\/wp-content\/uploads\/2014\/02\/Regenschauer-in-Hitzacker-1-600x450.jpg\" alt=\"Bild: Regenschauer in Hitzacker Amelix\" width=\"600\" height=\"450\" srcset=\"http:\/\/amelix.de\/wp-content\/uploads\/2014\/02\/Regenschauer-in-Hitzacker-1-600x450.jpg 600w, http:\/\/amelix.de\/wp-content\/uploads\/2014\/02\/Regenschauer-in-Hitzacker-1.jpg 1024w\" sizes=\"(max-width: 600px) 85vw, 600px\" \/><\/a><\/p>\n<p>&nbsp;<\/p>\n<p>&nbsp;<\/p>\n<p>um dann in einem Radlerquartier im \u00d6rtchen D\u00f6mitz ca. 80 km ab Lauenburg, zu \u00fcbernachten<\/p>\n<p><a  href=\"http:\/\/amelix.de\/wp-content\/uploads\/2014\/02\/Unser-Quartier-in-D\u00f6mitz-.jpg\" data-rel=\"lightbox-gallery-0\" data-rl_title=\"\" data-rl_caption=\"\" title=\"\"><img loading=\"lazy\" class=\"alignnone wp-image-398 size-medium\" src=\"http:\/\/amelix.de\/wp-content\/uploads\/2014\/02\/Unser-Quartier-in-D\u00f6mitz--600x450.jpg\" alt=\"Bild :Radierquartier D\u00f6mitz Fahrrad Amelix\" width=\"600\" height=\"450\" srcset=\"http:\/\/amelix.de\/wp-content\/uploads\/2014\/02\/Unser-Quartier-in-D\u00f6mitz--600x450.jpg 600w, http:\/\/amelix.de\/wp-content\/uploads\/2014\/02\/Unser-Quartier-in-D\u00f6mitz-.jpg 1024w\" sizes=\"(max-width: 600px) 85vw, 600px\" \/><\/a><\/p>\n<p>&nbsp;<\/p>\n<p><a  href=\"http:\/\/amelix.de\/wp-content\/uploads\/2014\/02\/Hof-der-Pension-in-D\u00f6mitz1.jpg\" data-rel=\"lightbox-gallery-0\" data-rl_title=\"\" data-rl_caption=\"\" title=\"\"><img loading=\"lazy\" class=\"alignnone size-medium wp-image-411\" src=\"http:\/\/amelix.de\/wp-content\/uploads\/2014\/02\/Hof-der-Pension-in-D\u00f6mitz1-600x450.jpg\" alt=\"Hof der Pension in D\u00f6mitz\" width=\"600\" height=\"450\" srcset=\"http:\/\/amelix.de\/wp-content\/uploads\/2014\/02\/Hof-der-Pension-in-D\u00f6mitz1-600x450.jpg 600w, http:\/\/amelix.de\/wp-content\/uploads\/2014\/02\/Hof-der-Pension-in-D\u00f6mitz1.jpg 1024w\" sizes=\"(max-width: 600px) 85vw, 600px\" \/><\/a><\/p>\n<p>&nbsp;<\/p>\n<p>&nbsp;<\/p>\n<p>ab dort ging es durch den Naturpark Brandenburgische Elbtalaue zum Storchendorf R\u00fchst\u00e4d mit\u00a0anschliessender \u00a0Besichtigung Wittenberges, \u00a0um dann nach einem Blick auf die Stadt Havelberg<\/p>\n<p>&nbsp;<\/p>\n<p><a  href=\"http:\/\/amelix.de\/wp-content\/uploads\/2014\/02\/IMG_1109.jpg\" data-rel=\"lightbox-gallery-0\" data-rl_title=\"\" data-rl_caption=\"\" title=\"\"><img loading=\"lazy\" class=\"alignnone wp-image-430 size-medium\" src=\"http:\/\/amelix.de\/wp-content\/uploads\/2014\/02\/IMG_1109-600x450.jpg\" alt=\"Bild: Elbe Radweg Fahrrad Amelix\" width=\"600\" height=\"450\" srcset=\"http:\/\/amelix.de\/wp-content\/uploads\/2014\/02\/IMG_1109-600x450.jpg 600w, http:\/\/amelix.de\/wp-content\/uploads\/2014\/02\/IMG_1109.jpg 1024w\" sizes=\"(max-width: 600px) 85vw, 600px\" \/><\/a><\/p>\n<figure id=\"attachment_412\" aria-describedby=\"caption-attachment-412\" style=\"width: 600px\" class=\"wp-caption alignnone\"><a  href=\"http:\/\/amelix.de\/wp-content\/uploads\/2014\/02\/Havelberg1.jpg\" data-rel=\"lightbox-gallery-0\" data-rl_title=\"\" data-rl_caption=\"\" title=\"\"><img loading=\"lazy\" class=\"wp-image-412 size-medium\" src=\"http:\/\/amelix.de\/wp-content\/uploads\/2014\/02\/Havelberg1-600x450.jpg\" alt=\"Bild: Blick auf Havelberg Fahrrad Amelix\" width=\"600\" height=\"450\" srcset=\"http:\/\/amelix.de\/wp-content\/uploads\/2014\/02\/Havelberg1-600x450.jpg 600w, http:\/\/amelix.de\/wp-content\/uploads\/2014\/02\/Havelberg1.jpg 1024w\" sizes=\"(max-width: 600px) 85vw, 600px\" \/><\/a><figcaption id=\"caption-attachment-412\" class=\"wp-caption-text\">Blick auf Havelberg<\/figcaption><\/figure>\n<p>&nbsp;<\/p>\n<p>die Elbe mit dieser F\u00e4hre zu \u00fcberqueren<\/p>\n<p><a  href=\"http:\/\/amelix.de\/wp-content\/uploads\/2014\/02\/Unsere-eigene-F\u00e4hre2-bei-Sandau-.jpeg\" data-rel=\"lightbox-gallery-0\" data-rl_title=\"\" data-rl_caption=\"\" title=\"\"><img loading=\"lazy\" class=\"alignnone wp-image-413 size-medium\" src=\"http:\/\/amelix.de\/wp-content\/uploads\/2014\/02\/Unsere-eigene-F\u00e4hre2-bei-Sandau--600x450.jpeg\" alt=\"Bild:Unsere eigene F\u00e4hre2 bei Sandau\" width=\"600\" height=\"450\" srcset=\"http:\/\/amelix.de\/wp-content\/uploads\/2014\/02\/Unsere-eigene-F\u00e4hre2-bei-Sandau--600x450.jpeg 600w, http:\/\/amelix.de\/wp-content\/uploads\/2014\/02\/Unsere-eigene-F\u00e4hre2-bei-Sandau-.jpeg 1024w\" sizes=\"(max-width: 600px) 85vw, 600px\" \/><\/a><\/p>\n<p>und mal wieder auf einem St\u00fcck des Jacobsweges<\/p>\n<p><a  href=\"http:\/\/amelix.de\/wp-content\/uploads\/2014\/02\/Jakobspilgerweg.jpeg\" data-rel=\"lightbox-gallery-0\" data-rl_title=\"\" data-rl_caption=\"\" title=\"\"><img loading=\"lazy\" class=\"alignnone wp-image-414 size-medium\" src=\"http:\/\/amelix.de\/wp-content\/uploads\/2014\/02\/Jakobspilgerweg-600x450.jpeg\" alt=\"Bild: Jakobspilgerweg Fahrrad Amelix\" width=\"600\" height=\"450\" srcset=\"http:\/\/amelix.de\/wp-content\/uploads\/2014\/02\/Jakobspilgerweg-600x450.jpeg 600w, http:\/\/amelix.de\/wp-content\/uploads\/2014\/02\/Jakobspilgerweg.jpeg 1024w\" sizes=\"(max-width: 600px) 85vw, 600px\" \/><\/a><\/p>\n<p>&nbsp;<\/p>\n<p><span style=\"font-size: 13px;\">\u00a0zum Gutshaus B\u00fcttnerhof \u00a0zu gelangen, um dort zu \u00fcbernachten<\/span><\/p>\n<p><a  href=\"http:\/\/amelix.de\/wp-content\/uploads\/2014\/02\/Gartenh\u00e4uschen-am-4.-Quartier.jpeg\" data-rel=\"lightbox-gallery-0\" data-rl_title=\"\" data-rl_caption=\"\" title=\"\"><img loading=\"lazy\" class=\"alignnone wp-image-415 size-medium\" src=\"http:\/\/amelix.de\/wp-content\/uploads\/2014\/02\/Gartenh\u00e4uschen-am-4.-Quartier-600x450.jpeg\" alt=\"Bild:Gartenh\u00e4uschen am 4. Quartier Fahrrad Amelix\" width=\"600\" height=\"450\" srcset=\"http:\/\/amelix.de\/wp-content\/uploads\/2014\/02\/Gartenh\u00e4uschen-am-4.-Quartier-600x450.jpeg 600w, http:\/\/amelix.de\/wp-content\/uploads\/2014\/02\/Gartenh\u00e4uschen-am-4.-Quartier.jpeg 1024w\" sizes=\"(max-width: 600px) 85vw, 600px\" \/><\/a><\/p>\n<p>dann \u00fcber Tangerm\u00fcnde und Rog\u00e4tz, wo wir wieder \u00fcber die Elbe mussten,<\/p>\n<p><a  href=\"http:\/\/amelix.de\/wp-content\/uploads\/2014\/02\/DSC01017.jpeg\" data-rel=\"lightbox-gallery-0\" data-rl_title=\"\" data-rl_caption=\"\" title=\"\"><img loading=\"lazy\" class=\"alignnone wp-image-416 size-medium\" src=\"http:\/\/amelix.de\/wp-content\/uploads\/2014\/02\/DSC01017-600x450.jpeg\" alt=\"Bild: Fahrrad Amelix\" width=\"600\" height=\"450\" srcset=\"http:\/\/amelix.de\/wp-content\/uploads\/2014\/02\/DSC01017-600x450.jpeg 600w, http:\/\/amelix.de\/wp-content\/uploads\/2014\/02\/DSC01017.jpeg 1024w\" sizes=\"(max-width: 600px) 85vw, 600px\" \/><\/a><\/p>\n<p>nach Magdeburg, wo wir , weil recht unspektakul\u00e4r, \u00a0unreine kurze Kaffeepause machten und dann weiterradelten<\/p>\n<p><a  href=\"http:\/\/amelix.de\/wp-content\/uploads\/2014\/02\/DSC01051.jpg\" data-rel=\"lightbox-gallery-0\" data-rl_title=\"\" data-rl_caption=\"\" title=\"\"><img loading=\"lazy\" class=\"alignnone wp-image-417 size-medium\" src=\"http:\/\/amelix.de\/wp-content\/uploads\/2014\/02\/DSC01051-600x450.jpg\" alt=\"Bild: Magdeburg Fahrrad Amelix\" width=\"600\" height=\"450\" srcset=\"http:\/\/amelix.de\/wp-content\/uploads\/2014\/02\/DSC01051-600x450.jpg 600w, http:\/\/amelix.de\/wp-content\/uploads\/2014\/02\/DSC01051.jpg 1024w\" sizes=\"(max-width: 600px) 85vw, 600px\" \/><\/a><\/p>\n<p>&nbsp;<\/p>\n<p>dann kam die Stadt Sch\u00f6nebeck, wo wir unser Nachtquartier in einem Griechischen Lokal nahmen ( es war nichts anderes zu bekommen ), und wo netterweise sogar unsere R\u00e4der im Lokal untergestellt werden konnten<\/p>\n<p><a  href=\"http:\/\/amelix.de\/wp-content\/uploads\/2014\/02\/DSC010251.jpeg\" data-rel=\"lightbox-gallery-0\" data-rl_title=\"\" data-rl_caption=\"\" title=\"\"><img loading=\"lazy\" class=\"alignnone wp-image-422 size-medium\" src=\"http:\/\/amelix.de\/wp-content\/uploads\/2014\/02\/DSC010251-600x450.jpeg\" alt=\"Bild: Fahrrad Elbe Radweg Amelix\" width=\"600\" height=\"450\" srcset=\"http:\/\/amelix.de\/wp-content\/uploads\/2014\/02\/DSC010251-600x450.jpeg 600w, http:\/\/amelix.de\/wp-content\/uploads\/2014\/02\/DSC010251.jpeg 1024w\" sizes=\"(max-width: 600px) 85vw, 600px\" \/><\/a><\/p>\n<p><a  href=\"http:\/\/amelix.de\/wp-content\/uploads\/2014\/02\/Morgens-in-Sch\u00f6nebeck.jpeg\" data-rel=\"lightbox-gallery-0\" data-rl_title=\"\" data-rl_caption=\"\" title=\"\"><img loading=\"lazy\" class=\"alignnone wp-image-429 size-medium\" src=\"http:\/\/amelix.de\/wp-content\/uploads\/2014\/02\/Morgens-in-Sch\u00f6nebeck-600x450.jpeg\" alt=\"Bild: Morgens in Sch\u00f6nebeck Fahrrad Amelix\" width=\"600\" height=\"450\" srcset=\"http:\/\/amelix.de\/wp-content\/uploads\/2014\/02\/Morgens-in-Sch\u00f6nebeck-600x450.jpeg 600w, http:\/\/amelix.de\/wp-content\/uploads\/2014\/02\/Morgens-in-Sch\u00f6nebeck.jpeg 1024w\" sizes=\"(max-width: 600px) 85vw, 600px\" \/><\/a><\/p>\n<p>&nbsp;<\/p>\n<p>dann kam Dessau, mit seinem weltber\u00fchmten &#8222;Bauhaus&#8220; ( Walter Gropius)<\/p>\n<p><a  href=\"http:\/\/amelix.de\/wp-content\/uploads\/2014\/02\/DSC010391.jpg\" data-rel=\"lightbox-gallery-0\" data-rl_title=\"\" data-rl_caption=\"\" title=\"\"><img loading=\"lazy\" class=\"alignnone wp-image-420 size-medium\" src=\"http:\/\/amelix.de\/wp-content\/uploads\/2014\/02\/DSC010391-600x450.jpg\" alt=\"Bild: Fahrrad Elbe Radweg Bauhaus Dessau Amelix\" width=\"600\" height=\"450\" srcset=\"http:\/\/amelix.de\/wp-content\/uploads\/2014\/02\/DSC010391-600x450.jpg 600w, http:\/\/amelix.de\/wp-content\/uploads\/2014\/02\/DSC010391.jpg 1024w\" sizes=\"(max-width: 600px) 85vw, 600px\" \/><\/a><\/p>\n<p>dann fuhren wir weiter zur Lutherstadt Wittenberg<\/p>\n<p>&nbsp;<\/p>\n<p><a  href=\"http:\/\/amelix.de\/wp-content\/uploads\/2014\/02\/DSC010471.jpg\" data-rel=\"lightbox-gallery-0\" data-rl_title=\"\" data-rl_caption=\"\" title=\"\"><img loading=\"lazy\" class=\"alignnone wp-image-428 size-medium\" src=\"http:\/\/amelix.de\/wp-content\/uploads\/2014\/02\/DSC010471-600x450.jpg\" alt=\"Bild: Fahrrad Elbe Radweg Lutherstadt Wittenberg Amelix\" width=\"600\" height=\"450\" srcset=\"http:\/\/amelix.de\/wp-content\/uploads\/2014\/02\/DSC010471-600x450.jpg 600w, http:\/\/amelix.de\/wp-content\/uploads\/2014\/02\/DSC010471.jpg 1024w\" sizes=\"(max-width: 600px) 85vw, 600px\" \/><\/a><\/p>\n<p>mit der weltber\u00fchmten T\u00fcre, woran die Thesen angeschlagen worden waren<\/p>\n<p><a  href=\"http:\/\/amelix.de\/wp-content\/uploads\/2014\/02\/DSC01055.jpg\" data-rel=\"lightbox-gallery-0\" data-rl_title=\"\" data-rl_caption=\"\" title=\"\"><img loading=\"lazy\" class=\"alignnone wp-image-426 size-medium\" src=\"http:\/\/amelix.de\/wp-content\/uploads\/2014\/02\/DSC01055-600x450.jpg\" alt=\"Bild: Fahrrad Elbe Radweg Amelix\" width=\"600\" height=\"450\" srcset=\"http:\/\/amelix.de\/wp-content\/uploads\/2014\/02\/DSC01055-600x450.jpg 600w, http:\/\/amelix.de\/wp-content\/uploads\/2014\/02\/DSC01055.jpg 1024w\" sizes=\"(max-width: 600px) 85vw, 600px\" \/><\/a><\/p>\n<p>&nbsp;<\/p>\n<p>in Dommitsch \u00fcbernachteten wir bei starkem Nebel in einem Alten F\u00e4hrhaus, direkt an der Elbe<\/p>\n<p><a  href=\"http:\/\/amelix.de\/wp-content\/uploads\/2014\/02\/DSC01062.jpg\" data-rel=\"lightbox-gallery-0\" data-rl_title=\"\" data-rl_caption=\"\" title=\"\"><img loading=\"lazy\" class=\"alignnone wp-image-434 size-medium\" src=\"http:\/\/amelix.de\/wp-content\/uploads\/2014\/02\/DSC01062-600x450.jpg\" alt=\"Bild: Fahrrad Elbe Radweg Amelix\" width=\"600\" height=\"450\" srcset=\"http:\/\/amelix.de\/wp-content\/uploads\/2014\/02\/DSC01062-600x450.jpg 600w, http:\/\/amelix.de\/wp-content\/uploads\/2014\/02\/DSC01062.jpg 1024w\" sizes=\"(max-width: 600px) 85vw, 600px\" \/><\/a><a  href=\"http:\/\/amelix.de\/wp-content\/uploads\/2014\/02\/DSC010661.jpg\" data-rel=\"lightbox-gallery-0\" data-rl_title=\"\" data-rl_caption=\"\" title=\"\"><img loading=\"lazy\" class=\"alignnone wp-image-435 size-medium\" src=\"http:\/\/amelix.de\/wp-content\/uploads\/2014\/02\/DSC010661-600x450.jpg\" alt=\"Bild: Fahrrad Elbe Radweg Amelix\" width=\"600\" height=\"450\" srcset=\"http:\/\/amelix.de\/wp-content\/uploads\/2014\/02\/DSC010661-600x450.jpg 600w, http:\/\/amelix.de\/wp-content\/uploads\/2014\/02\/DSC010661.jpg 1024w\" sizes=\"(max-width: 600px) 85vw, 600px\" \/><\/a><\/p>\n<p>&nbsp;<\/p>\n<p><a  href=\"http:\/\/amelix.de\/wp-content\/uploads\/2014\/02\/Nebel-morgens-in-Sch\u00f6mmitsch-21.jpg\" data-rel=\"lightbox-gallery-0\" data-rl_title=\"\" data-rl_caption=\"\" title=\"\"><img loading=\"lazy\" class=\"alignnone wp-image-436 size-medium\" src=\"http:\/\/amelix.de\/wp-content\/uploads\/2014\/02\/Nebel-morgens-in-Sch\u00f6mmitsch-21-600x450.jpg\" alt=\"Bild: Nebel morgens in Sch\u00f6mmitsch 2 Fahrrad Amelix\" width=\"600\" height=\"450\" srcset=\"http:\/\/amelix.de\/wp-content\/uploads\/2014\/02\/Nebel-morgens-in-Sch\u00f6mmitsch-21-600x450.jpg 600w, http:\/\/amelix.de\/wp-content\/uploads\/2014\/02\/Nebel-morgens-in-Sch\u00f6mmitsch-21.jpg 1024w\" sizes=\"(max-width: 600px) 85vw, 600px\" \/><\/a><\/p>\n<p>&nbsp;<\/p>\n<p>&nbsp;<\/p>\n<p>&nbsp;<\/p>\n<p>das Torgaues Schloss<\/p>\n<p><a  href=\"http:\/\/amelix.de\/wp-content\/uploads\/2014\/02\/Eingangstor-im-Torgauer-Schlo\u00df.jpg\" data-rel=\"lightbox-gallery-0\" data-rl_title=\"\" data-rl_caption=\"\" title=\"\"><img loading=\"lazy\" class=\"alignnone wp-image-427 size-medium\" src=\"http:\/\/amelix.de\/wp-content\/uploads\/2014\/02\/Eingangstor-im-Torgauer-Schlo\u00df-600x450.jpg\" alt=\"Bild: Eingangstor im Torgauer Schlo\u00df Fahrrad Amelix\" width=\"600\" height=\"450\" srcset=\"http:\/\/amelix.de\/wp-content\/uploads\/2014\/02\/Eingangstor-im-Torgauer-Schlo\u00df-600x450.jpg 600w, http:\/\/amelix.de\/wp-content\/uploads\/2014\/02\/Eingangstor-im-Torgauer-Schlo\u00df.jpg 1024w\" sizes=\"(max-width: 600px) 85vw, 600px\" \/><\/a><\/p>\n<p>&nbsp;<\/p>\n<p>und der 1. Deutschen Fahrradkirche<\/p>\n<p><a  href=\"http:\/\/amelix.de\/wp-content\/uploads\/2014\/02\/Fahrradkirche.jpg\" data-rel=\"lightbox-gallery-0\" data-rl_title=\"\" data-rl_caption=\"\" title=\"\"><img loading=\"lazy\" class=\"alignnone wp-image-431 size-medium\" src=\"http:\/\/amelix.de\/wp-content\/uploads\/2014\/02\/Fahrradkirche-450x600.jpg\" alt=\"Bild:Fahrradkirche Amelix\" width=\"450\" height=\"600\" srcset=\"http:\/\/amelix.de\/wp-content\/uploads\/2014\/02\/Fahrradkirche-450x600.jpg 450w, http:\/\/amelix.de\/wp-content\/uploads\/2014\/02\/Fahrradkirche.jpg 768w\" sizes=\"(max-width: 450px) 85vw, 450px\" \/><\/a><\/p>\n<p><a  href=\"http:\/\/amelix.de\/wp-content\/uploads\/2014\/02\/DSC010741.jpg\" data-rel=\"lightbox-gallery-0\" data-rl_title=\"\" data-rl_caption=\"\" title=\"\"><img loading=\"lazy\" class=\"alignnone wp-image-433 size-medium\" src=\"http:\/\/amelix.de\/wp-content\/uploads\/2014\/02\/DSC010741-450x600.jpg\" alt=\"Bild: Fahrrad Elbe Radweg Fahrradkirche Amelix\" width=\"450\" height=\"600\" srcset=\"http:\/\/amelix.de\/wp-content\/uploads\/2014\/02\/DSC010741-450x600.jpg 450w, http:\/\/amelix.de\/wp-content\/uploads\/2014\/02\/DSC010741.jpg 768w\" sizes=\"(max-width: 450px) 85vw, 450px\" \/><\/a><\/p>\n<p>&nbsp;<\/p>\n<p>da wir danach ein wenig von der Route abkamen, lernten wir die sch\u00f6ne Barockstadt Oranienbaum kennen<\/p>\n<p><a  href=\"http:\/\/amelix.de\/wp-content\/uploads\/2014\/02\/Oranienbaum1.jpg\" data-rel=\"lightbox-gallery-0\" data-rl_title=\"\" data-rl_caption=\"\" title=\"\"><img loading=\"lazy\" class=\"alignnone wp-image-437 size-medium\" src=\"http:\/\/amelix.de\/wp-content\/uploads\/2014\/02\/Oranienbaum1-600x450.jpg\" alt=\"Bild: Oranienbaum Fahrrad Elbe Radweg Amelix\" width=\"600\" height=\"450\" srcset=\"http:\/\/amelix.de\/wp-content\/uploads\/2014\/02\/Oranienbaum1-600x450.jpg 600w, http:\/\/amelix.de\/wp-content\/uploads\/2014\/02\/Oranienbaum1.jpg 1024w\" sizes=\"(max-width: 600px) 85vw, 600px\" \/><\/a><\/p>\n<p>&nbsp;<\/p>\n<p>zwischendurch sahen wir dies<\/p>\n<p><a  href=\"http:\/\/amelix.de\/wp-content\/uploads\/2014\/02\/Trabi-Transporter-.jpeg\" data-rel=\"lightbox-gallery-0\" data-rl_title=\"\" data-rl_caption=\"\" title=\"\"><img loading=\"lazy\" class=\"alignnone wp-image-442 size-medium\" src=\"http:\/\/amelix.de\/wp-content\/uploads\/2014\/02\/Trabi-Transporter--600x450.jpeg\" alt=\"Bild: Trabi- Transporter Fahrrad Elbe Radweg Amelix\" width=\"600\" height=\"450\" srcset=\"http:\/\/amelix.de\/wp-content\/uploads\/2014\/02\/Trabi-Transporter--600x450.jpeg 600w, http:\/\/amelix.de\/wp-content\/uploads\/2014\/02\/Trabi-Transporter-.jpeg 1024w\" sizes=\"(max-width: 600px) 85vw, 600px\" \/><\/a><\/p>\n<p>&nbsp;<\/p>\n<p>und dann kam Meissen<a  href=\"http:\/\/amelix.de\/wp-content\/uploads\/2014\/02\/Blick-auf-Mei\u00dfen1.jpg\" data-rel=\"lightbox-gallery-0\" data-rl_title=\"\" data-rl_caption=\"\" title=\"\"><img loading=\"lazy\" class=\"alignnone wp-image-438 size-medium\" src=\"http:\/\/amelix.de\/wp-content\/uploads\/2014\/02\/Blick-auf-Mei\u00dfen1-600x450.jpg\" alt=\"Bild:Blick auf Mei\u00dfen Fahrrad Elbe Radweg Amelix\" width=\"600\" height=\"450\" srcset=\"http:\/\/amelix.de\/wp-content\/uploads\/2014\/02\/Blick-auf-Mei\u00dfen1-600x450.jpg 600w, http:\/\/amelix.de\/wp-content\/uploads\/2014\/02\/Blick-auf-Mei\u00dfen1.jpg 1024w\" sizes=\"(max-width: 600px) 85vw, 600px\" \/><\/a><\/p>\n<p>&nbsp;<\/p>\n<p>mit seiner Porzellan Manufaktur<\/p>\n<p><a  href=\"http:\/\/amelix.de\/wp-content\/uploads\/2014\/02\/Vor-der-Porzellanmanufaktur-in-Mei\u00dfen1.jpg\" data-rel=\"lightbox-gallery-0\" data-rl_title=\"\" data-rl_caption=\"\" title=\"\"><img loading=\"lazy\" class=\"alignnone wp-image-439 size-medium\" src=\"http:\/\/amelix.de\/wp-content\/uploads\/2014\/02\/Vor-der-Porzellanmanufaktur-in-Mei\u00dfen1-600x450.jpg\" alt=\"Bild: Vor der Porzellanmanufaktur in Mei\u00dfen Fahrrad Amelix\" width=\"600\" height=\"450\" srcset=\"http:\/\/amelix.de\/wp-content\/uploads\/2014\/02\/Vor-der-Porzellanmanufaktur-in-Mei\u00dfen1-600x450.jpg 600w, http:\/\/amelix.de\/wp-content\/uploads\/2014\/02\/Vor-der-Porzellanmanufaktur-in-Mei\u00dfen1.jpg 1024w\" sizes=\"(max-width: 600px) 85vw, 600px\" \/><\/a><\/p>\n<p>&nbsp;<\/p>\n<p>&nbsp;<\/p>\n<p>und von dort war es nicht mehr weit bis Dresden<\/p>\n<p><a  href=\"http:\/\/amelix.de\/wp-content\/uploads\/2014\/02\/R\u00fcckblick-auf-Mei\u00dfen-1.jpg\" data-rel=\"lightbox-gallery-0\" data-rl_title=\"\" data-rl_caption=\"\" title=\"\"><img loading=\"lazy\" class=\"alignnone wp-image-440 size-medium\" src=\"http:\/\/amelix.de\/wp-content\/uploads\/2014\/02\/R\u00fcckblick-auf-Mei\u00dfen-1-600x450.jpg\" alt=\"Bild: R\u00fcckblick auf Mei\u00dfen Fahrrad Elbe Radweg Amelix\" width=\"600\" height=\"450\" srcset=\"http:\/\/amelix.de\/wp-content\/uploads\/2014\/02\/R\u00fcckblick-auf-Mei\u00dfen-1-600x450.jpg 600w, http:\/\/amelix.de\/wp-content\/uploads\/2014\/02\/R\u00fcckblick-auf-Mei\u00dfen-1.jpg 1024w\" sizes=\"(max-width: 600px) 85vw, 600px\" \/><\/a><\/p>\n<p>&nbsp;<\/p>\n<p><a  href=\"http:\/\/amelix.de\/wp-content\/uploads\/2014\/02\/Silhouette-von-Dresden-mit-unseren-Fahrr\u00e4dern1.jpg\" data-rel=\"lightbox-gallery-0\" data-rl_title=\"\" data-rl_caption=\"\" title=\"\"><img loading=\"lazy\" class=\"alignnone wp-image-441 size-medium\" src=\"http:\/\/amelix.de\/wp-content\/uploads\/2014\/02\/Silhouette-von-Dresden-mit-unseren-Fahrr\u00e4dern1-600x450.jpg\" alt=\"Bild: Silhouette von Dresden mit unseren Fahrr\u00e4dern Amelix\" width=\"600\" height=\"450\" srcset=\"http:\/\/amelix.de\/wp-content\/uploads\/2014\/02\/Silhouette-von-Dresden-mit-unseren-Fahrr\u00e4dern1-600x450.jpg 600w, http:\/\/amelix.de\/wp-content\/uploads\/2014\/02\/Silhouette-von-Dresden-mit-unseren-Fahrr\u00e4dern1.jpg 1024w\" sizes=\"(max-width: 600px) 85vw, 600px\" \/><\/a><\/p>\n","protected":false},"excerpt":{"rendered":"<p>&nbsp; Diese Fahrradtour war die l\u00e4ngste bisher am St\u00fcck gefahrene Tour , seit wir l\u00e4ngere Touren fahren. Wir hatten uns vorher \u00fcberlegt, ob wir von Nord nach S\u00fcd fahren wollen, oder umgekehrt. Ausschlaggebend f\u00fcr die Richtung war dann letztlich der Wind am Tag des Tourbeginns. Und somit mussten wir erst einmal nach Hamburg gelangen. Wir &hellip; <a href=\"http:\/\/amelix.de\/?page_id=298\" class=\"more-link\"><span class=\"screen-reader-text\">\u201eFahrradtour Hamburg- Dresden September\/Oktober 2007\u201c<\/span> weiterlesen<\/a><\/p>\n","protected":false},"author":2,"featured_media":0,"parent":0,"menu_order":0,"comment_status":"open","ping_status":"open","template":"","meta":[],"yoast_head":"<!-- This site is optimized with the Yoast SEO plugin v19.10 - https:\/\/yoast.com\/wordpress\/plugins\/seo\/ -->\n<title>Fahrradtour Hamburg Dresden startend in Hamburg<\/title>\n<meta name=\"description\" content=\"Fahrradtour Hamburg Dresden als erste l\u00e4ngere Tour Wir hatten uns vorher \u00fcberlegt, ob wir von Nord nach S\u00fcd fahren.Fahrradtour Hamburg Dresden\" \/>\n<meta name=\"robots\" content=\"index, follow, max-snippet:-1, max-image-preview:large, max-video-preview:-1\" \/>\n<link rel=\"canonical\" href=\"http:\/\/amelix.de\/?page_id=298\" \/>\n<meta property=\"og:locale\" content=\"de_DE\" \/>\n<meta property=\"og:type\" content=\"article\" \/>\n<meta property=\"og:title\" content=\"Fahrradtour Hamburg Dresden startend in Hamburg\" \/>\n<meta property=\"og:description\" content=\"Fahrradtour Hamburg Dresden als erste l\u00e4ngere Tour Wir hatten uns vorher \u00fcberlegt, ob wir von Nord nach S\u00fcd fahren.Fahrradtour Hamburg Dresden\" \/>\n<meta property=\"og:url\" content=\"http:\/\/amelix.de\/?page_id=298\" \/>\n<meta property=\"og:site_name\" content=\"Amelix\" \/>\n<meta property=\"article:modified_time\" content=\"2019-12-11T20:29:19+00:00\" \/>\n<meta property=\"og:image\" content=\"http:\/\/amelix.de\/wp-content\/uploads\/2014\/02\/Bahnhof-Hamburg-25.09.071-600x450.jpg\" \/>\n<meta name=\"twitter:label1\" content=\"Gesch\u00e4tzte Lesezeit\" \/>\n\t<meta name=\"twitter:data1\" content=\"2\u00a0Minuten\" \/>\n<script type=\"application\/ld+json\" class=\"yoast-schema-graph\">{\"@context\":\"https:\/\/schema.org\",\"@graph\":[{\"@type\":\"WebPage\",\"@id\":\"http:\/\/amelix.de\/?page_id=298\",\"url\":\"http:\/\/amelix.de\/?page_id=298\",\"name\":\"Fahrradtour Hamburg Dresden startend in Hamburg\",\"isPartOf\":{\"@id\":\"http:\/\/amelix.de\/#website\"},\"datePublished\":\"2014-02-09T21:00:07+00:00\",\"dateModified\":\"2019-12-11T20:29:19+00:00\",\"description\":\"Fahrradtour Hamburg Dresden als erste l\u00e4ngere Tour Wir hatten uns vorher \u00fcberlegt, ob wir von Nord nach S\u00fcd fahren.Fahrradtour Hamburg Dresden\",\"breadcrumb\":{\"@id\":\"http:\/\/amelix.de\/?page_id=298#breadcrumb\"},\"inLanguage\":\"de\",\"potentialAction\":[{\"@type\":\"ReadAction\",\"target\":[\"http:\/\/amelix.de\/?page_id=298\"]}]},{\"@type\":\"BreadcrumbList\",\"@id\":\"http:\/\/amelix.de\/?page_id=298#breadcrumb\",\"itemListElement\":[{\"@type\":\"ListItem\",\"position\":1,\"name\":\"Home\",\"item\":\"http:\/\/amelix.de\/\"},{\"@type\":\"ListItem\",\"position\":2,\"name\":\"Fahrradtour Hamburg- Dresden September\/Oktober 2007\"}]},{\"@type\":\"WebSite\",\"@id\":\"http:\/\/amelix.de\/#website\",\"url\":\"http:\/\/amelix.de\/\",\"name\":\"Amelix\",\"description\":\"Fahrradfahr-Blog f\u00fcr Best-Ager\",\"potentialAction\":[{\"@type\":\"SearchAction\",\"target\":{\"@type\":\"EntryPoint\",\"urlTemplate\":\"http:\/\/amelix.de\/?s={search_term_string}\"},\"query-input\":\"required name=search_term_string\"}],\"inLanguage\":\"de\"}]}<\/script>\n<!-- \/ Yoast SEO plugin. -->","yoast_head_json":{"title":"Fahrradtour Hamburg Dresden startend in Hamburg","description":"Fahrradtour Hamburg Dresden als erste l\u00e4ngere Tour Wir hatten uns vorher \u00fcberlegt, ob wir von Nord nach S\u00fcd fahren.Fahrradtour Hamburg Dresden","robots":{"index":"index","follow":"follow","max-snippet":"max-snippet:-1","max-image-preview":"max-image-preview:large","max-video-preview":"max-video-preview:-1"},"canonical":"http:\/\/amelix.de\/?page_id=298","og_locale":"de_DE","og_type":"article","og_title":"Fahrradtour Hamburg Dresden startend in Hamburg","og_description":"Fahrradtour Hamburg Dresden als erste l\u00e4ngere Tour Wir hatten uns vorher \u00fcberlegt, ob wir von Nord nach S\u00fcd fahren.Fahrradtour Hamburg Dresden","og_url":"http:\/\/amelix.de\/?page_id=298","og_site_name":"Amelix","article_modified_time":"2019-12-11T20:29:19+00:00","og_image":[{"url":"http:\/\/amelix.de\/wp-content\/uploads\/2014\/02\/Bahnhof-Hamburg-25.09.071-600x450.jpg"}],"twitter_misc":{"Gesch\u00e4tzte Lesezeit":"2\u00a0Minuten"},"schema":{"@context":"https:\/\/schema.org","@graph":[{"@type":"WebPage","@id":"http:\/\/amelix.de\/?page_id=298","url":"http:\/\/amelix.de\/?page_id=298","name":"Fahrradtour Hamburg Dresden startend in Hamburg","isPartOf":{"@id":"http:\/\/amelix.de\/#website"},"datePublished":"2014-02-09T21:00:07+00:00","dateModified":"2019-12-11T20:29:19+00:00","description":"Fahrradtour Hamburg Dresden als erste l\u00e4ngere Tour Wir hatten uns vorher \u00fcberlegt, ob wir von Nord nach S\u00fcd fahren.Fahrradtour Hamburg Dresden","breadcrumb":{"@id":"http:\/\/amelix.de\/?page_id=298#breadcrumb"},"inLanguage":"de","potentialAction":[{"@type":"ReadAction","target":["http:\/\/amelix.de\/?page_id=298"]}]},{"@type":"BreadcrumbList","@id":"http:\/\/amelix.de\/?page_id=298#breadcrumb","itemListElement":[{"@type":"ListItem","position":1,"name":"Home","item":"http:\/\/amelix.de\/"},{"@type":"ListItem","position":2,"name":"Fahrradtour Hamburg- Dresden September\/Oktober 2007"}]},{"@type":"WebSite","@id":"http:\/\/amelix.de\/#website","url":"http:\/\/amelix.de\/","name":"Amelix","description":"Fahrradfahr-Blog f\u00fcr Best-Ager","potentialAction":[{"@type":"SearchAction","target":{"@type":"EntryPoint","urlTemplate":"http:\/\/amelix.de\/?s={search_term_string}"},"query-input":"required name=search_term_string"}],"inLanguage":"de"}]}},"_links":{"self":[{"href":"http:\/\/amelix.de\/index.php?rest_route=\/wp\/v2\/pages\/298"}],"collection":[{"href":"http:\/\/amelix.de\/index.php?rest_route=\/wp\/v2\/pages"}],"about":[{"href":"http:\/\/amelix.de\/index.php?rest_route=\/wp\/v2\/types\/page"}],"author":[{"embeddable":true,"href":"http:\/\/amelix.de\/index.php?rest_route=\/wp\/v2\/users\/2"}],"replies":[{"embeddable":true,"href":"http:\/\/amelix.de\/index.php?rest_route=%2Fwp%2Fv2%2Fcomments&post=298"}],"version-history":[{"count":7,"href":"http:\/\/amelix.de\/index.php?rest_route=\/wp\/v2\/pages\/298\/revisions"}],"predecessor-version":[{"id":1194,"href":"http:\/\/amelix.de\/index.php?rest_route=\/wp\/v2\/pages\/298\/revisions\/1194"}],"wp:attachment":[{"href":"http:\/\/amelix.de\/index.php?rest_route=%2Fwp%2Fv2%2Fmedia&parent=298"}],"curies":[{"name":"wp","href":"https:\/\/api.w.org\/{rel}","templated":true}]}}