{"id":73,"date":"2014-01-31T15:16:21","date_gmt":"2014-01-31T14:16:21","guid":{"rendered":"http:\/\/amelix.de\/?page_id=73"},"modified":"2023-11-28T17:02:00","modified_gmt":"2023-11-28T16:02:00","slug":"heerwegochsenweg-daenemark-mai-2007","status":"publish","type":"page","link":"http:\/\/amelix.de\/?page_id=73","title":{"rendered":"Fahrradtour Heerweg\/Ochsenweg  D\u00e4nemark Mai 2007"},"content":{"rendered":"<p><span style=\"color: #0000ff\">Bei dieser Tour fiel uns auf, dass wir diese Strecke anders empfunden haben, als es im Fahrradbuch beschrieben wurde.Wir empfanden sie NICHT als durchgehend kindgerecht und so einige Teilabschnitte w\u00e4ren z.B. f\u00fcr gehandicapte Fahrradfahrer oder Elternteile mit Fahrradanh\u00e4ngern,&nbsp;<\/span><span style=\"color: #0000ff\">nicht zu bew\u00e4ltigen gewesen. &nbsp; &nbsp; &nbsp; &nbsp; &nbsp; &nbsp; &nbsp; &nbsp; &nbsp; &nbsp; &nbsp;<\/span><\/p>\n<p><span style=\"color: #0000ff\">Dann war es f\u00fcr uns v\u00f6llig ungewohnt, unsere Trinkflaschen nicht regelm\u00e4\u00dfig auff\u00fcllen zu k\u00f6nnen, obwohl man relativ viel Wasser verbrauchte, da man zwar viel Gegenwind hatte, aber sehr wenig Hecken oder Str\u00e4ucher, die genau diesen h\u00e4tten abhalten k\u00f6nnen. Einmal mussten wir so quasi &#8222;notfallm\u00e4\u00dfig&#8220; unsere Flaschen auf einem Friedhof nachf\u00fcllen. Es gab weit und breit nicht einmal ein Haus oder Geh\u00f6ft, wo man um Wasser h\u00e4tte bitten k\u00f6nnen.Und Gesch\u00e4fte, Kioske oder Superm\u00e4rkte gab es schon garnicht. Ganz selten mal ein Cafe oder eine kleine Gastst\u00e4tte. Und da\u00df D\u00e4nemark ein sehr plattes Land ohne wesentliche Steigungen ist, kam uns auch anders vor \ud83d\ude42<\/span><\/p>\n<p><span style=\"color: #0000ff\">In diesem Sinne war es eine recht urspr\u00fcngliche Tour! Leider mussten wir sie in Flensburg dann abbrechen, da es durchgehend anfing zu regnen. Und das auch nicht nur f\u00fcr einige Stunden, sondern tats\u00e4chlich am St\u00fcck.<\/span><\/p>\n<p><span style=\"color: #0000ff\">Mitleid hatte dann am Flensburger Bahnhof die Bahnhofs-Mission mit uns. Sie versorgte uns mit einem warmen Aufenthaltsraum und heissem Kaffee. DANKE daf\u00fcr! &nbsp;Ohne unser Wissen funkten diese netten Leute nach Osnabr\u00fcck durch, dass 2 v\u00f6llig durchn\u00e4sste Radler dort nett empfangen und zum richtigen Zug geleitet werden sollten. Das genau geschah dann auch dort. Und das alles ohne unser Wissen. Auch nach Osnabr\u00fcck ganz herzliche Dankesw\u00fcnsche.<\/span><\/p>\n<p>&#8230;und so ging es los&#8230;..<\/p>\n<p>Start in M\u00fcnster fr\u00fchmorgens nach Hamburg, um dort umzusteigen in eine Bahn nach Flensburg<\/p>\n<p><a  href=\"http:\/\/amelix.de\/wp-content\/uploads\/2014\/01\/Bahnhof-M\u00fcnster-Mai-2007.jpg\" data-rel=\"lightbox-gallery-0\" data-rl_title=\"\" data-rl_caption=\"\" title=\"\"><img class=\"alignnone size-medium wp-image-101\" alt=\"Bild: Bahnhof M\u00fcnster Heerweg\/Ochsenweg D\u00e4nemark Fahrrad Amelix\" width=\"600\" height=\"450\"><\/a><\/p>\n<p>nicht viel los im Radabteil ab Hamburg<\/p>\n<p><a  href=\"http:\/\/amelix.de\/wp-content\/uploads\/2014\/01\/Radabteil-ab-HH.jpg\" data-rel=\"lightbox-gallery-0\" data-rl_title=\"\" data-rl_caption=\"\" title=\"\"><img loading=\"lazy\" src=\"http:\/\/amelix.de\/wp-content\/uploads\/2014\/01\/Radabteil-ab-HH-600x450.jpg\" class=\"alignnone size-medium wp-image-103\" width=\"600\" height=\"450\" alt=\"Bild: Radabteil ab Heerweg\/Ochsenweg D\u00e4nemark Fahrrad Amelix\" srcset=\"http:\/\/amelix.de\/wp-content\/uploads\/2014\/01\/Radabteil-ab-HH-600x450.jpg 600w, http:\/\/amelix.de\/wp-content\/uploads\/2014\/01\/Radabteil-ab-HH-1024x768.jpg 1024w, http:\/\/amelix.de\/wp-content\/uploads\/2014\/01\/Radabteil-ab-HH.jpg 1632w\" sizes=\"(max-width: 600px) 85vw, 600px\" \/><\/a><\/p>\n<p>&#8230;dann Umstieg in die komfortablen d\u00e4nischen Z\u00fcge<\/p>\n<p><a  href=\"http:\/\/amelix.de\/wp-content\/uploads\/2014\/01\/Zugeinstieg-in-d\u00e4nischem-Zug-.jpg\" data-rel=\"lightbox-gallery-0\" data-rl_title=\"\" data-rl_caption=\"\" title=\"\"><img class=\"alignnone size-medium wp-image-104\" alt=\"Bild: Zugeinstieg in d\u00e4nischem Heerweg\/Ochsenweg D\u00e4nemark Fahrrad Amelix\" width=\"600\" height=\"450\"><\/a><\/p>\n<p>&nbsp;<\/p>\n<p>auch die Abteile sind etwas bequemer als in deutschen Z\u00fcgen<\/p>\n<p><a  href=\"http:\/\/amelix.de\/wp-content\/uploads\/2014\/01\/Klaus-in-d\u00e4nischem-Zugabteil.jpg\" data-rel=\"lightbox-gallery-0\" data-rl_title=\"\" data-rl_caption=\"\" title=\"\"><img class=\"alignnone size-medium wp-image-105\" alt=\"Klaus in d\u00e4nischem Zugabteil\" width=\"600\" height=\"450\"><\/a><\/p>\n<p>&nbsp;<\/p>\n<p>Viborg, unserem Ausgangsort in D\u00e4nemark<\/p>\n<p><a  href=\"http:\/\/amelix.de\/wp-content\/uploads\/2014\/01\/Blick-auf-Viborg-links.jpg\" data-rel=\"lightbox-gallery-0\" data-rl_title=\"\" data-rl_caption=\"\" title=\"\"><img loading=\"lazy\" src=\"http:\/\/amelix.de\/wp-content\/uploads\/2014\/01\/Blick-auf-Viborg-links-600x450.jpg\" class=\"alignnone size-medium wp-image-106\" width=\"600\" height=\"450\" alt=\"Bild:Blick auf Viborg Heerweg\/Ochsenweg D\u00e4nemark Fahrrad Amelix\" srcset=\"http:\/\/amelix.de\/wp-content\/uploads\/2014\/01\/Blick-auf-Viborg-links-600x450.jpg 600w, http:\/\/amelix.de\/wp-content\/uploads\/2014\/01\/Blick-auf-Viborg-links-1024x768.jpg 1024w, http:\/\/amelix.de\/wp-content\/uploads\/2014\/01\/Blick-auf-Viborg-links.jpg 1632w\" sizes=\"(max-width: 600px) 85vw, 600px\" \/><\/a><\/p>\n<p>&nbsp;<\/p>\n<p><a  href=\"http:\/\/amelix.de\/wp-content\/uploads\/2014\/01\/Klaus-vor-Stadtplan-Viborg-.jpg\" data-rel=\"lightbox-gallery-0\" data-rl_title=\"\" data-rl_caption=\"\" title=\"\"><img loading=\"lazy\" src=\"http:\/\/amelix.de\/wp-content\/uploads\/2014\/01\/Klaus-vor-Stadtplan-Viborg--600x450.jpg\" class=\"alignnone size-medium wp-image-107\" width=\"600\" height=\"450\" alt=\"Bild: Klaus vor Stadtplan Heerweg\/Ochsenweg D\u00e4nemark Fahrrad Amelix\" srcset=\"http:\/\/amelix.de\/wp-content\/uploads\/2014\/01\/Klaus-vor-Stadtplan-Viborg--600x450.jpg 600w, http:\/\/amelix.de\/wp-content\/uploads\/2014\/01\/Klaus-vor-Stadtplan-Viborg--1024x768.jpg 1024w, http:\/\/amelix.de\/wp-content\/uploads\/2014\/01\/Klaus-vor-Stadtplan-Viborg-.jpg 1632w\" sizes=\"(max-width: 600px) 85vw, 600px\" \/><\/a><\/p>\n<p>&nbsp;<\/p>\n<p>und in dieser Stadt waren auch die ersten Radweg-Schilder zu finden.<\/p>\n<p><a  href=\"http:\/\/amelix.de\/wp-content\/uploads\/2014\/01\/1.Heerwegschild.jpg\" data-rel=\"lightbox-gallery-0\" data-rl_title=\"\" data-rl_caption=\"\" title=\"\"><img loading=\"lazy\" src=\"http:\/\/amelix.de\/wp-content\/uploads\/2014\/01\/1.Heerwegschild-600x450.jpg\" class=\"alignnone size-medium wp-image-108\" width=\"600\" height=\"450\" alt=\"Bild 1.Heerwegschild Heerweg\/Ochsenweg D\u00e4nemark Fahrrad Amelix\" srcset=\"http:\/\/amelix.de\/wp-content\/uploads\/2014\/01\/1.Heerwegschild-600x450.jpg 600w, http:\/\/amelix.de\/wp-content\/uploads\/2014\/01\/1.Heerwegschild-1024x768.jpg 1024w, http:\/\/amelix.de\/wp-content\/uploads\/2014\/01\/1.Heerwegschild.jpg 1632w\" sizes=\"(max-width: 600px) 85vw, 600px\" \/><\/a><\/p>\n<p>&nbsp;<\/p>\n<p><a  href=\"http:\/\/amelix.de\/wp-content\/uploads\/2014\/01\/1.-Beschriftung-Ochsenweg.jpg\" data-rel=\"lightbox-gallery-0\" data-rl_title=\"\" data-rl_caption=\"\" title=\"\"><img loading=\"lazy\" src=\"http:\/\/amelix.de\/wp-content\/uploads\/2014\/01\/1.-Beschriftung-Ochsenweg-600x450.jpg\" class=\"alignnone size-medium wp-image-109\" width=\"600\" height=\"450\" alt=\"Bild: 1. Beschriftung Ochsenweg Heerweg\/Ochsenweg D\u00e4nemark Fahrrad Amelix\" srcset=\"http:\/\/amelix.de\/wp-content\/uploads\/2014\/01\/1.-Beschriftung-Ochsenweg-600x450.jpg 600w, http:\/\/amelix.de\/wp-content\/uploads\/2014\/01\/1.-Beschriftung-Ochsenweg-1024x768.jpg 1024w, http:\/\/amelix.de\/wp-content\/uploads\/2014\/01\/1.-Beschriftung-Ochsenweg.jpg 1632w\" sizes=\"(max-width: 600px) 85vw, 600px\" \/><\/a><\/p>\n<p>&nbsp;<\/p>\n<p>unser erstes \u00dcbernachtungsquartier in Viborg, der &#8222;Rindsholm Kro&#8220;<\/p>\n<p><a  href=\"http:\/\/amelix.de\/wp-content\/uploads\/2014\/01\/Historischer-Kro-Viborg-2.jpg\" data-rel=\"lightbox-gallery-0\" data-rl_title=\"\" data-rl_caption=\"\" title=\"\"><img loading=\"lazy\" src=\"http:\/\/amelix.de\/wp-content\/uploads\/2014\/01\/Historischer-Kro-Viborg-2-600x450.jpg\" class=\"alignnone size-medium wp-image-110\" width=\"600\" height=\"450\" alt=\"Bild: Historischer Kro Viborg Heerweg\/Ochsenweg D\u00e4nemark Fahrrad Amelix\" srcset=\"http:\/\/amelix.de\/wp-content\/uploads\/2014\/01\/Historischer-Kro-Viborg-2-600x450.jpg 600w, http:\/\/amelix.de\/wp-content\/uploads\/2014\/01\/Historischer-Kro-Viborg-2-1024x768.jpg 1024w, http:\/\/amelix.de\/wp-content\/uploads\/2014\/01\/Historischer-Kro-Viborg-2.jpg 1632w\" sizes=\"(max-width: 600px) 85vw, 600px\" \/><\/a><\/p>\n<p>&nbsp;<\/p>\n<p>Start gen Flensburg; bei Nebel, mutterseelenallein unterwegs, vorbei an H\u00fcgelgr\u00e4bern<\/p>\n<p><a  href=\"http:\/\/amelix.de\/wp-content\/uploads\/2014\/01\/H\u00fcgelgrab-bei-Vojens.jpg\" data-rel=\"lightbox-gallery-0\" data-rl_title=\"\" data-rl_caption=\"\" title=\"\"><img class=\"alignnone size-medium wp-image-111\" alt=\"Bild: H\u00fcgelgrab bei Vojens Heerweg\/Ochsenweg D\u00e4nemark Fahrrad Amelix\" width=\"600\" height=\"450\"><\/a><\/p>\n<p>&nbsp;<\/p>\n<p>&nbsp;<\/p>\n<p>Abzweig gen Jelling, wo wir ein historisches Wikingerschiff besichtigen wollten<\/p>\n<p><a  href=\"http:\/\/amelix.de\/wp-content\/uploads\/2014\/01\/Abzweig-nach-Jelling.jpg\" data-rel=\"lightbox-gallery-0\" data-rl_title=\"\" data-rl_caption=\"\" title=\"\"><img loading=\"lazy\" src=\"http:\/\/amelix.de\/wp-content\/uploads\/2014\/01\/Abzweig-nach-Jelling-600x450.jpg\" class=\"alignnone size-medium wp-image-113\" width=\"600\" height=\"450\" alt=\"Bild: Abzweig nach Jelling Heerweg\/Ochsenweg D\u00e4nemark Fahrrad Amelix\" srcset=\"http:\/\/amelix.de\/wp-content\/uploads\/2014\/01\/Abzweig-nach-Jelling-600x450.jpg 600w, http:\/\/amelix.de\/wp-content\/uploads\/2014\/01\/Abzweig-nach-Jelling-1024x768.jpg 1024w, http:\/\/amelix.de\/wp-content\/uploads\/2014\/01\/Abzweig-nach-Jelling.jpg 1632w\" sizes=\"(max-width: 600px) 85vw, 600px\" \/><\/a><\/p>\n<p>&nbsp;<\/p>\n<p>um dorthin zu kommen, stand uns eine rasante Steilabfahrt bevor, die wir im flachen D\u00e4nemark nicht vermutet h\u00e4tten<\/p>\n<p><a  href=\"http:\/\/amelix.de\/wp-content\/uploads\/2014\/01\/Nach-rasanter-Abfahrt-und-vor-Klettertour.jpg\" data-rel=\"lightbox-gallery-0\" data-rl_title=\"\" data-rl_caption=\"\" title=\"\"><img loading=\"lazy\" src=\"http:\/\/amelix.de\/wp-content\/uploads\/2014\/01\/Nach-rasanter-Abfahrt-und-vor-Klettertour-600x450.jpg\" class=\"alignnone size-medium wp-image-114\" width=\"600\" height=\"450\" alt=\"Bild: Nach rasanter Abfahrt und vor Heerweg\/Ochsenweg D\u00e4nemark Fahrrad Amelix\" srcset=\"http:\/\/amelix.de\/wp-content\/uploads\/2014\/01\/Nach-rasanter-Abfahrt-und-vor-Klettertour-600x450.jpg 600w, http:\/\/amelix.de\/wp-content\/uploads\/2014\/01\/Nach-rasanter-Abfahrt-und-vor-Klettertour-1024x768.jpg 1024w, http:\/\/amelix.de\/wp-content\/uploads\/2014\/01\/Nach-rasanter-Abfahrt-und-vor-Klettertour.jpg 1632w\" sizes=\"(max-width: 600px) 85vw, 600px\" \/><\/a><\/p>\n<p>&nbsp;<\/p>\n<p>&#8230;angekommen !<\/p>\n<p><a  href=\"http:\/\/amelix.de\/wp-content\/uploads\/2014\/01\/Alt-und-Neu.jpg\" data-rel=\"lightbox-gallery-0\" data-rl_title=\"\" data-rl_caption=\"\" title=\"\"><img loading=\"lazy\" src=\"http:\/\/amelix.de\/wp-content\/uploads\/2014\/01\/Alt-und-Neu-600x450.jpg\" class=\"alignnone size-medium wp-image-115\" width=\"600\" height=\"450\" alt=\"Bild: Alt und Heerweg\/Ochsenweg D\u00e4nemark Fahrrad Amelix\" srcset=\"http:\/\/amelix.de\/wp-content\/uploads\/2014\/01\/Alt-und-Neu-600x450.jpg 600w, http:\/\/amelix.de\/wp-content\/uploads\/2014\/01\/Alt-und-Neu-1024x768.jpg 1024w, http:\/\/amelix.de\/wp-content\/uploads\/2014\/01\/Alt-und-Neu.jpg 1632w\" sizes=\"(max-width: 600px) 85vw, 600px\" \/><\/a><\/p>\n<p>&nbsp;<\/p>\n<p>am alten Wikingerschiff<\/p>\n<p><a  href=\"http:\/\/amelix.de\/wp-content\/uploads\/2014\/01\/Wikingerschiff-bei-Jelling.jpg\" data-rel=\"lightbox-gallery-0\" data-rl_title=\"\" data-rl_caption=\"\" title=\"\"><img loading=\"lazy\" src=\"http:\/\/amelix.de\/wp-content\/uploads\/2014\/01\/Wikingerschiff-bei-Jelling-600x450.jpg\" class=\"alignnone size-medium wp-image-116\" width=\"600\" height=\"450\" alt=\"Bild:Wikingerschiff bei Jelling D\u00e4nemark Fahrrad Amelix\" srcset=\"http:\/\/amelix.de\/wp-content\/uploads\/2014\/01\/Wikingerschiff-bei-Jelling-600x450.jpg 600w, http:\/\/amelix.de\/wp-content\/uploads\/2014\/01\/Wikingerschiff-bei-Jelling-1024x768.jpg 1024w, http:\/\/amelix.de\/wp-content\/uploads\/2014\/01\/Wikingerschiff-bei-Jelling.jpg 1632w\" sizes=\"(max-width: 600px) 85vw, 600px\" \/><\/a><\/p>\n<p>&nbsp;<\/p>\n<p>auf der Weiterfahrt kamen wir an einem der \u00e4ltesten Runensteine D\u00e4nemarks vorbei<\/p>\n<p><a  href=\"http:\/\/amelix.de\/wp-content\/uploads\/2014\/01\/Runenstein-bei-Jelling.jpg\" data-rel=\"lightbox-gallery-0\" data-rl_title=\"\" data-rl_caption=\"\" title=\"\"><img loading=\"lazy\" src=\"http:\/\/amelix.de\/wp-content\/uploads\/2014\/01\/Runenstein-bei-Jelling-600x450.jpg\" class=\"alignnone size-medium wp-image-117\" width=\"600\" height=\"450\" alt=\"Bild:Runenstein bei Jelling D\u00e4nemark Fahrrad Amelix\" srcset=\"http:\/\/amelix.de\/wp-content\/uploads\/2014\/01\/Runenstein-bei-Jelling-600x450.jpg 600w, http:\/\/amelix.de\/wp-content\/uploads\/2014\/01\/Runenstein-bei-Jelling-1024x768.jpg 1024w, http:\/\/amelix.de\/wp-content\/uploads\/2014\/01\/Runenstein-bei-Jelling.jpg 1632w\" sizes=\"(max-width: 600px) 85vw, 600px\" \/><\/a><\/p>\n<p>&nbsp;<\/p>\n<p>dann kamen typisch d\u00e4nische bergauf\/bergab-Strecken ohne Ende und ohne Schutz vor dem Wind, durch Str\u00e4ucher oder Hecken<\/p>\n<p><a  href=\"http:\/\/amelix.de\/wp-content\/uploads\/2014\/01\/Bergauf-bergab-1.jpg\" data-rel=\"lightbox-gallery-0\" data-rl_title=\"\" data-rl_caption=\"\" title=\"\"><img loading=\"lazy\" src=\"http:\/\/amelix.de\/wp-content\/uploads\/2014\/01\/Bergauf-bergab-1-600x450.jpg\" class=\"alignnone size-medium wp-image-118\" width=\"600\" height=\"450\" alt=\"Bild: Bergauf Bergab D\u00e4nemark Fahrrad Amelix\" srcset=\"http:\/\/amelix.de\/wp-content\/uploads\/2014\/01\/Bergauf-bergab-1-600x450.jpg 600w, http:\/\/amelix.de\/wp-content\/uploads\/2014\/01\/Bergauf-bergab-1-1024x768.jpg 1024w, http:\/\/amelix.de\/wp-content\/uploads\/2014\/01\/Bergauf-bergab-1.jpg 1632w\" sizes=\"(max-width: 600px) 85vw, 600px\" \/><\/a><\/p>\n<p>&nbsp;<\/p>\n<p>und es gab auch unerwartet viele fiese lange Steigungen, allerdings auf gut asphaltierten Wegen<\/p>\n<p><a  href=\"http:\/\/amelix.de\/wp-content\/uploads\/2014\/01\/DSC00349.jpg\" data-rel=\"lightbox-gallery-0\" data-rl_title=\"\" data-rl_caption=\"\" title=\"\"><img loading=\"lazy\" src=\"http:\/\/amelix.de\/wp-content\/uploads\/2014\/01\/DSC00349-600x450.jpg\" class=\"alignnone size-medium wp-image-119\" width=\"600\" height=\"450\" alt=\"Bild: D\u00e4nemark Fahrrad Amelix\" srcset=\"http:\/\/amelix.de\/wp-content\/uploads\/2014\/01\/DSC00349-600x450.jpg 600w, http:\/\/amelix.de\/wp-content\/uploads\/2014\/01\/DSC00349-1024x768.jpg 1024w, http:\/\/amelix.de\/wp-content\/uploads\/2014\/01\/DSC00349.jpg 1632w\" sizes=\"(max-width: 600px) 85vw, 600px\" \/><\/a><\/p>\n<p>&nbsp;<\/p>\n<p>danach kam dann der Stra\u00dfenbelag ( Schotter und Steinchen) , der uns dann fast durchgehend begleitete bis kurz vor Flensburg<\/p>\n<p><a  href=\"http:\/\/amelix.de\/wp-content\/uploads\/2014\/01\/DSC00409.jpg\" data-rel=\"lightbox-gallery-0\" data-rl_title=\"\" data-rl_caption=\"\" title=\"\"><img loading=\"lazy\" src=\"http:\/\/amelix.de\/wp-content\/uploads\/2014\/01\/DSC00409-600x450.jpg\" class=\"alignnone size-medium wp-image-120\" width=\"600\" height=\"450\" alt=\"Bild:D\u00e4nemark Fahrrad Amelix\" srcset=\"http:\/\/amelix.de\/wp-content\/uploads\/2014\/01\/DSC00409-600x450.jpg 600w, http:\/\/amelix.de\/wp-content\/uploads\/2014\/01\/DSC00409-1024x768.jpg 1024w, http:\/\/amelix.de\/wp-content\/uploads\/2014\/01\/DSC00409.jpg 1632w\" sizes=\"(max-width: 600px) 85vw, 600px\" \/><\/a><\/p>\n<p>&nbsp;<\/p>\n<p>die n\u00e4chste \u00dcbernachtung war in Vejle, wo auch unsere Fahrr\u00e4der trocken \u00fcbernachten konnten<\/p>\n<p><a  href=\"http:\/\/amelix.de\/wp-content\/uploads\/2014\/01\/Leuchtreifen.jpg\" data-rel=\"lightbox-gallery-0\" data-rl_title=\"\" data-rl_caption=\"\" title=\"\"><img loading=\"lazy\" src=\"http:\/\/amelix.de\/wp-content\/uploads\/2014\/01\/Leuchtreifen-600x450.jpg\" class=\"alignnone size-medium wp-image-121\" width=\"600\" height=\"450\" alt=\"Bild:D\u00e4nemark Fahrrad Amelix\" srcset=\"http:\/\/amelix.de\/wp-content\/uploads\/2014\/01\/Leuchtreifen-600x450.jpg 600w, http:\/\/amelix.de\/wp-content\/uploads\/2014\/01\/Leuchtreifen-1024x768.jpg 1024w, http:\/\/amelix.de\/wp-content\/uploads\/2014\/01\/Leuchtreifen.jpg 1632w\" sizes=\"(max-width: 600px) 85vw, 600px\" \/><\/a><\/p>\n<p>&nbsp;<\/p>\n<p>und wieder Schotterwege<a  href=\"http:\/\/amelix.de\/wp-content\/uploads\/2014\/01\/Schotterweg-vor-Abzweig-nach-Givskud1.jpg\" data-rel=\"lightbox-gallery-0\" data-rl_title=\"\" data-rl_caption=\"\" title=\"\"><img loading=\"lazy\" src=\"http:\/\/amelix.de\/wp-content\/uploads\/2014\/01\/Schotterweg-vor-Abzweig-nach-Givskud1-600x450.jpg\" class=\"alignnone size-medium wp-image-122\" width=\"600\" height=\"450\" alt=\"Bild: Schotterweg vor Abzweig nach Givskud Amelia Fahrrad\" srcset=\"http:\/\/amelix.de\/wp-content\/uploads\/2014\/01\/Schotterweg-vor-Abzweig-nach-Givskud1-600x450.jpg 600w, http:\/\/amelix.de\/wp-content\/uploads\/2014\/01\/Schotterweg-vor-Abzweig-nach-Givskud1-1024x768.jpg 1024w, http:\/\/amelix.de\/wp-content\/uploads\/2014\/01\/Schotterweg-vor-Abzweig-nach-Givskud1.jpg 1632w\" sizes=\"(max-width: 600px) 85vw, 600px\" \/><\/a><\/p>\n<p>entlang an sch\u00f6n geschnitzten, lebensgrossen Holzfiguren, die verschiedene Themen darstellten, z.B. Viehtreiber, die dem Oksenvej ja auch den Namen gaben, &nbsp;oder dem Wanderer mit der Jakobsmuschel vor der Brust,<\/p>\n<p><a  href=\"http:\/\/amelix.de\/wp-content\/uploads\/2014\/01\/Heerweg-Jakobspilger-bei-Immervad.jpg\" data-rel=\"lightbox-gallery-0\" data-rl_title=\"\" data-rl_caption=\"\" title=\"\"><img loading=\"lazy\" src=\"http:\/\/amelix.de\/wp-content\/uploads\/2014\/01\/Heerweg-Jakobspilger-bei-Immervad-600x450.jpg\" class=\"alignnone size-medium wp-image-123\" width=\"600\" height=\"450\" alt=\"Bild:Heerweg Jakobspilger bei Immervad Fahrrad Amelix\" srcset=\"http:\/\/amelix.de\/wp-content\/uploads\/2014\/01\/Heerweg-Jakobspilger-bei-Immervad-600x450.jpg 600w, http:\/\/amelix.de\/wp-content\/uploads\/2014\/01\/Heerweg-Jakobspilger-bei-Immervad-1024x768.jpg 1024w, http:\/\/amelix.de\/wp-content\/uploads\/2014\/01\/Heerweg-Jakobspilger-bei-Immervad.jpg 1632w\" sizes=\"(max-width: 600px) 85vw, 600px\" \/><\/a> <a  href=\"http:\/\/amelix.de\/wp-content\/uploads\/2014\/01\/Heerweg-Viehtreiber-bei-Immervad.jpg\" data-rel=\"lightbox-gallery-0\" data-rl_title=\"\" data-rl_caption=\"\" title=\"\"><img loading=\"lazy\" src=\"http:\/\/amelix.de\/wp-content\/uploads\/2014\/01\/Heerweg-Viehtreiber-bei-Immervad-600x450.jpg\" class=\"alignnone size-medium wp-image-124\" width=\"600\" height=\"450\" alt=\"Bild:Heerweg Viehtreiber bei Immervad Fahrrad Amelix\" srcset=\"http:\/\/amelix.de\/wp-content\/uploads\/2014\/01\/Heerweg-Viehtreiber-bei-Immervad-600x450.jpg 600w, http:\/\/amelix.de\/wp-content\/uploads\/2014\/01\/Heerweg-Viehtreiber-bei-Immervad-1024x768.jpg 1024w, http:\/\/amelix.de\/wp-content\/uploads\/2014\/01\/Heerweg-Viehtreiber-bei-Immervad.jpg 1632w\" sizes=\"(max-width: 600px) 85vw, 600px\" \/><\/a><\/p>\n<p>auch kamen wir an der angeblich \u00e4ltesten d\u00e4nischen Br\u00fccke vorbei, die ohne Zement oder \u00e4hnliche &#8222;Klebemittel&#8220; zusammenhielt<\/p>\n<p><a  href=\"http:\/\/amelix.de\/wp-content\/uploads\/2014\/01\/Povls-Bro-vor-Klip-lev-mit-unseren-Fahrr\u00e4dern-.jpg\" data-rel=\"lightbox-gallery-0\" data-rl_title=\"\" data-rl_caption=\"\" title=\"\"><img class=\"alignnone size-medium wp-image-126\" alt=\"Bild:Povls Bro vor Klip lev mit unseren Fahrr\u00e4dern Amelix\" width=\"600\" height=\"450\"><\/a><\/p>\n<p>&#8230;. weiter Richtung Vojens<\/p>\n<p>diesmal \u00fcber Sandpisten<\/p>\n<p><a  href=\"http:\/\/amelix.de\/wp-content\/uploads\/2014\/01\/Sandweg-vor-Padborg.jpg\" data-rel=\"lightbox-gallery-0\" data-rl_title=\"\" data-rl_caption=\"\" title=\"\"><img loading=\"lazy\" src=\"http:\/\/amelix.de\/wp-content\/uploads\/2014\/01\/Sandweg-vor-Padborg-600x450.jpg\" class=\"alignnone size-medium wp-image-127\" width=\"600\" height=\"450\" alt=\"Sandweg vor Padborg\" srcset=\"http:\/\/amelix.de\/wp-content\/uploads\/2014\/01\/Sandweg-vor-Padborg-600x450.jpg 600w, http:\/\/amelix.de\/wp-content\/uploads\/2014\/01\/Sandweg-vor-Padborg-1024x768.jpg 1024w, http:\/\/amelix.de\/wp-content\/uploads\/2014\/01\/Sandweg-vor-Padborg.jpg 1632w\" sizes=\"(max-width: 600px) 85vw, 600px\" \/><\/a><\/p>\n<p>&nbsp;<\/p>\n<p>um n Vojens im &#8222;Hotel Pauli &#8220; zu \u00fcbernachten<\/p>\n<p><a  href=\"http:\/\/amelix.de\/wp-content\/uploads\/2014\/01\/Hotel-Pauli-in-Vojens-.jpg\" data-rel=\"lightbox-gallery-0\" data-rl_title=\"\" data-rl_caption=\"\" title=\"\"><img loading=\"lazy\" src=\"http:\/\/amelix.de\/wp-content\/uploads\/2014\/01\/Hotel-Pauli-in-Vojens--600x450.jpg\" class=\"alignnone size-medium wp-image-128\" width=\"600\" height=\"450\" alt=\"Bild:Hotel Pauli in Vojens Fahrrad D\u00e4nemark Amelix\" srcset=\"http:\/\/amelix.de\/wp-content\/uploads\/2014\/01\/Hotel-Pauli-in-Vojens--600x450.jpg 600w, http:\/\/amelix.de\/wp-content\/uploads\/2014\/01\/Hotel-Pauli-in-Vojens--1024x768.jpg 1024w, http:\/\/amelix.de\/wp-content\/uploads\/2014\/01\/Hotel-Pauli-in-Vojens-.jpg 1632w\" sizes=\"(max-width: 600px) 85vw, 600px\" \/><\/a><\/p>\n<p>&nbsp;<\/p>\n<p>das nennt man wohl &#8222;Zimmer mit Dusche&#8220;&#8230;&#8230;<\/p>\n<p><a  href=\"http:\/\/amelix.de\/wp-content\/uploads\/2014\/01\/Zimmer-mit-Dusche-in-N\u00f6rre-Snede-.jpg\" data-rel=\"lightbox-gallery-0\" data-rl_title=\"\" data-rl_caption=\"\" title=\"\"><img class=\"alignnone size-medium wp-image-129\" alt=\"Bild:Zimmer mit Dusche in N\u00f6rre Snede Amelix Fahrrad\" width=\"600\" height=\"450\"><\/a><\/p>\n<p>&nbsp;<\/p>\n<p>eine alte Tingst\u00e4tte , einer der sehr selten anzutreffenden Kaufmannsl\u00e4den ,und der &#8222;Geburtsort des Bommerlunders&#8220; \ud83d\ude42 begegnete uns<\/p>\n<p><a  href=\"http:\/\/amelix.de\/wp-content\/uploads\/2014\/01\/Tingst\u00e4tte.jpg\" data-rel=\"lightbox-gallery-0\" data-rl_title=\"\" data-rl_caption=\"\" title=\"\"><img class=\"alignnone size-medium wp-image-130\" alt=\"Bild:D\u00e4nemark Fahrrad Amelix Tingst\u00e4tte\" width=\"600\" height=\"450\"><\/a> <a  href=\"http:\/\/amelix.de\/wp-content\/uploads\/2014\/01\/Vor-dem-Kobmand-in-N\u00f6rre-Snede-.jpg\" data-rel=\"lightbox-gallery-0\" data-rl_title=\"\" data-rl_caption=\"\" title=\"\"><img class=\"alignnone size-medium wp-image-131\" alt=\"Bild:D\u00e4nemark Fahrrad Amelix dem Kobmand in N\u00f6rre Snede\" width=\"600\" height=\"450\"><\/a> <a  href=\"http:\/\/amelix.de\/wp-content\/uploads\/2014\/01\/Mr.-Bommerlunder.jpg\" data-rel=\"lightbox-gallery-0\" data-rl_title=\"\" data-rl_caption=\"\" title=\"\"><img loading=\"lazy\" src=\"http:\/\/amelix.de\/wp-content\/uploads\/2014\/01\/Mr.-Bommerlunder-600x450.jpg\" class=\"alignnone size-medium wp-image-132\" width=\"600\" height=\"450\" alt=\"Bild:D\u00e4nemark Fahrrad Amelix\" srcset=\"http:\/\/amelix.de\/wp-content\/uploads\/2014\/01\/Mr.-Bommerlunder-600x450.jpg 600w, http:\/\/amelix.de\/wp-content\/uploads\/2014\/01\/Mr.-Bommerlunder-1024x768.jpg 1024w, http:\/\/amelix.de\/wp-content\/uploads\/2014\/01\/Mr.-Bommerlunder.jpg 1632w\" sizes=\"(max-width: 600px) 85vw, 600px\" \/><\/a><\/p>\n<p>&nbsp;<\/p>\n<p>da das Wetter wieder deutlich schlechter wurde, was ein gespenstisches Ambiente ergab, dank doppelter H\u00fcgelgr\u00e4ber,<a  href=\"http:\/\/amelix.de\/wp-content\/uploads\/2014\/01\/Doppelte-H\u00fcgelgr\u00e4ber1.jpg\" data-rel=\"lightbox-gallery-0\" data-rl_title=\"\" data-rl_caption=\"\" title=\"\"><img class=\"alignnone size-medium wp-image-133\" alt=\"Doppelte H\u00fcgelgr\u00e4ber\" width=\"600\" height=\"450\"><\/a><\/p>\n<p>&nbsp;<\/p>\n<p>starteten wir vorsorglich in Regenkleidung f\u00fcr Fahrrad und Fahrer durch&#8230;..<\/p>\n<p><a  href=\"http:\/\/amelix.de\/wp-content\/uploads\/2014\/01\/Ich-Abfahrt-Skibelund-bei-Regen-.jpg\" data-rel=\"lightbox-gallery-0\" data-rl_title=\"\" data-rl_caption=\"\" title=\"\"><img loading=\"lazy\" src=\"http:\/\/amelix.de\/wp-content\/uploads\/2014\/01\/Ich-Abfahrt-Skibelund-bei-Regen--600x450.jpg\" class=\"alignnone size-medium wp-image-134\" width=\"600\" height=\"450\" alt=\"Ich Abfahrt Skibelund bei Regen\" srcset=\"http:\/\/amelix.de\/wp-content\/uploads\/2014\/01\/Ich-Abfahrt-Skibelund-bei-Regen--600x450.jpg 600w, http:\/\/amelix.de\/wp-content\/uploads\/2014\/01\/Ich-Abfahrt-Skibelund-bei-Regen--1024x768.jpg 1024w, http:\/\/amelix.de\/wp-content\/uploads\/2014\/01\/Ich-Abfahrt-Skibelund-bei-Regen-.jpg 1632w\" sizes=\"(max-width: 600px) 85vw, 600px\" \/><\/a><\/p>\n<p>&nbsp;<\/p>\n<p>was die beste Idee dieses Tages war, denn es regnete sich ein&#8230;.<\/p>\n<p><a  href=\"http:\/\/amelix.de\/wp-content\/uploads\/2014\/01\/Klaus-in-Flensburg-nach-D\u00e4nemark-urlaub-.jpg\" data-rel=\"lightbox-gallery-0\" data-rl_title=\"\" data-rl_caption=\"\" title=\"\"><img class=\"alignnone size-medium wp-image-135\" alt=\"Bild:D\u00e4nemark Fahrrad Amelix\" width=\"600\" height=\"450\"><\/a><\/p>\n<p>&nbsp;<\/p>\n<p>was uns dazu brachte, nach einer \u00dcbernachtung in Flensburg unsere Planung zu \u00e4ndern und den Heimweg per Bahn anzutreten<\/p>\n<p><a  href=\"http:\/\/amelix.de\/wp-content\/uploads\/2014\/01\/Flensburg-am-letzten-abgebrochenen-D\u00e4nemark-Fahrradtour-Tag.jpg\" data-rel=\"lightbox-gallery-0\" data-rl_title=\"\" data-rl_caption=\"\" title=\"\"><img class=\"alignnone size-medium wp-image-136\" alt=\"Bild:D\u00e4nemark Fahrrad Amelix\" width=\"600\" height=\"450\"><\/a> <a  href=\"http:\/\/amelix.de\/wp-content\/uploads\/2014\/01\/Harrislee-im-Regen.jpg\" data-rel=\"lightbox-gallery-0\" data-rl_title=\"\" data-rl_caption=\"\" title=\"\"><img loading=\"lazy\" src=\"http:\/\/amelix.de\/wp-content\/uploads\/2014\/01\/Harrislee-im-Regen-600x450.jpg\" class=\"alignnone size-medium wp-image-137\" width=\"600\" height=\"450\" alt=\"Bild:D\u00e4nemark Fahrrad Amelix\" srcset=\"http:\/\/amelix.de\/wp-content\/uploads\/2014\/01\/Harrislee-im-Regen-600x450.jpg 600w, http:\/\/amelix.de\/wp-content\/uploads\/2014\/01\/Harrislee-im-Regen-1024x768.jpg 1024w, http:\/\/amelix.de\/wp-content\/uploads\/2014\/01\/Harrislee-im-Regen.jpg 1632w\" sizes=\"(max-width: 600px) 85vw, 600px\" \/><\/a><\/p>\n<p>&nbsp;<\/p>\n<p>was aber gar nicht so einfach war, aber mit Hilfe der Bahnhofsmission gelang<\/p>\n<p><a  href=\"http:\/\/amelix.de\/wp-content\/uploads\/2014\/01\/R\u00fcckfahrt-von-D\u00e4nemarkurlaub-mit-Metronom-ab-Bremen-.jpg\" data-rel=\"lightbox-gallery-0\" data-rl_title=\"\" data-rl_caption=\"\" title=\"\"><img class=\"alignnone size-medium wp-image-138\" alt=\"Bild:D\u00e4nemark Fahrrad Amelix\" width=\"600\" height=\"450\"><\/a> <a  href=\"http:\/\/amelix.de\/wp-content\/uploads\/2014\/01\/Bhf.-Osnabr\u00fcck-mit-Bahnhofsmission.jpg\" data-rel=\"lightbox-gallery-0\" data-rl_title=\"\" data-rl_caption=\"\" title=\"\"><img class=\"alignnone size-medium wp-image-139\" alt=\"Bild:D\u00e4nemark Fahrrad Amelix\" width=\"600\" height=\"450\"><\/a> <a  href=\"http:\/\/amelix.de\/wp-content\/uploads\/2014\/01\/Bahnhof-Osnabr\u00fcck.jpg\" data-rel=\"lightbox-gallery-0\" data-rl_title=\"\" data-rl_caption=\"\" title=\"\"><img class=\"alignnone size-medium wp-image-140\" alt=\"Bild:D\u00e4nemark Fahrrad Amelix\" width=\"600\" height=\"450\"><\/a><\/p>\n","protected":false},"excerpt":{"rendered":"<p>Bei dieser Tour fiel uns auf, dass wir diese Strecke anders empfunden haben, als es im Fahrradbuch beschrieben wurde.Wir empfanden sie NICHT als durchgehend kindgerecht und so einige Teilabschnitte w\u00e4ren z.B. f\u00fcr gehandicapte Fahrradfahrer oder Elternteile mit Fahrradanh\u00e4ngern,&nbsp;nicht zu bew\u00e4ltigen gewesen. &nbsp; &nbsp; &nbsp; &nbsp; &nbsp; &nbsp; &nbsp; &nbsp; &nbsp; &nbsp; &nbsp; Dann war es &hellip; <a href=\"http:\/\/amelix.de\/?page_id=73\" class=\"more-link\"><span class=\"screen-reader-text\">\u201eFahrradtour Heerweg\/Ochsenweg  D\u00e4nemark Mai 2007\u201c<\/span> weiterlesen<\/a><\/p>\n","protected":false},"author":2,"featured_media":0,"parent":206,"menu_order":0,"comment_status":"open","ping_status":"closed","template":"","meta":[],"yoast_head":"<!-- This site is optimized with the Yoast SEO plugin v19.10 - https:\/\/yoast.com\/wordpress\/plugins\/seo\/ -->\n<title>Fahrradtour Heerweg\/Ochsenweg D\u00e4nemark Mai 2007 - Amelix<\/title>\n<meta name=\"robots\" content=\"index, follow, max-snippet:-1, max-image-preview:large, max-video-preview:-1\" \/>\n<link rel=\"canonical\" href=\"http:\/\/amelix.de\/?page_id=73\" \/>\n<meta property=\"og:locale\" content=\"de_DE\" \/>\n<meta property=\"og:type\" content=\"article\" \/>\n<meta property=\"og:title\" content=\"Fahrradtour Heerweg\/Ochsenweg D\u00e4nemark Mai 2007 - Amelix\" \/>\n<meta property=\"og:description\" content=\"Bei dieser Tour fiel uns auf, dass wir diese Strecke anders empfunden haben, als es im Fahrradbuch beschrieben wurde.Wir empfanden sie NICHT als durchgehend kindgerecht und so einige Teilabschnitte w\u00e4ren z.B. f\u00fcr gehandicapte Fahrradfahrer oder Elternteile mit Fahrradanh\u00e4ngern,&nbsp;nicht zu bew\u00e4ltigen gewesen. &nbsp; &nbsp; &nbsp; &nbsp; &nbsp; &nbsp; &nbsp; &nbsp; &nbsp; &nbsp; &nbsp; Dann war es &hellip; \u201eFahrradtour Heerweg\/Ochsenweg D\u00e4nemark Mai 2007\u201c weiterlesen\" \/>\n<meta property=\"og:url\" content=\"http:\/\/amelix.de\/?page_id=73\" \/>\n<meta property=\"og:site_name\" content=\"Amelix\" \/>\n<meta property=\"article:modified_time\" content=\"2023-11-28T16:02:00+00:00\" \/>\n<meta property=\"og:image\" content=\"http:\/\/amelix.de\/wp-content\/uploads\/2014\/01\/Radabteil-ab-HH-600x450.jpg\" \/>\n<meta name=\"twitter:label1\" content=\"Gesch\u00e4tzte Lesezeit\" \/>\n\t<meta name=\"twitter:data1\" content=\"3\u00a0Minuten\" \/>\n<script type=\"application\/ld+json\" class=\"yoast-schema-graph\">{\"@context\":\"https:\/\/schema.org\",\"@graph\":[{\"@type\":\"WebPage\",\"@id\":\"http:\/\/amelix.de\/?page_id=73\",\"url\":\"http:\/\/amelix.de\/?page_id=73\",\"name\":\"Fahrradtour Heerweg\/Ochsenweg D\u00e4nemark Mai 2007 - Amelix\",\"isPartOf\":{\"@id\":\"http:\/\/amelix.de\/#website\"},\"datePublished\":\"2014-01-31T14:16:21+00:00\",\"dateModified\":\"2023-11-28T16:02:00+00:00\",\"breadcrumb\":{\"@id\":\"http:\/\/amelix.de\/?page_id=73#breadcrumb\"},\"inLanguage\":\"de\",\"potentialAction\":[{\"@type\":\"ReadAction\",\"target\":[\"http:\/\/amelix.de\/?page_id=73\"]}]},{\"@type\":\"BreadcrumbList\",\"@id\":\"http:\/\/amelix.de\/?page_id=73#breadcrumb\",\"itemListElement\":[{\"@type\":\"ListItem\",\"position\":1,\"name\":\"Home\",\"item\":\"http:\/\/amelix.de\/\"},{\"@type\":\"ListItem\",\"position\":2,\"name\":\"Unsere Fahrradtouren\",\"item\":\"http:\/\/amelix.de\/?page_id=206\"},{\"@type\":\"ListItem\",\"position\":3,\"name\":\"Fahrradtour Heerweg\/Ochsenweg D\u00e4nemark Mai 2007\"}]},{\"@type\":\"WebSite\",\"@id\":\"http:\/\/amelix.de\/#website\",\"url\":\"http:\/\/amelix.de\/\",\"name\":\"Amelix\",\"description\":\"Fahrradfahr-Blog f\u00fcr Best-Ager\",\"potentialAction\":[{\"@type\":\"SearchAction\",\"target\":{\"@type\":\"EntryPoint\",\"urlTemplate\":\"http:\/\/amelix.de\/?s={search_term_string}\"},\"query-input\":\"required name=search_term_string\"}],\"inLanguage\":\"de\"}]}<\/script>\n<!-- \/ Yoast SEO plugin. -->","yoast_head_json":{"title":"Fahrradtour Heerweg\/Ochsenweg D\u00e4nemark Mai 2007 - Amelix","robots":{"index":"index","follow":"follow","max-snippet":"max-snippet:-1","max-image-preview":"max-image-preview:large","max-video-preview":"max-video-preview:-1"},"canonical":"http:\/\/amelix.de\/?page_id=73","og_locale":"de_DE","og_type":"article","og_title":"Fahrradtour Heerweg\/Ochsenweg D\u00e4nemark Mai 2007 - Amelix","og_description":"Bei dieser Tour fiel uns auf, dass wir diese Strecke anders empfunden haben, als es im Fahrradbuch beschrieben wurde.Wir empfanden sie NICHT als durchgehend kindgerecht und so einige Teilabschnitte w\u00e4ren z.B. f\u00fcr gehandicapte Fahrradfahrer oder Elternteile mit Fahrradanh\u00e4ngern,&nbsp;nicht zu bew\u00e4ltigen gewesen. &nbsp; &nbsp; &nbsp; &nbsp; &nbsp; &nbsp; &nbsp; &nbsp; &nbsp; &nbsp; &nbsp; Dann war es &hellip; \u201eFahrradtour Heerweg\/Ochsenweg D\u00e4nemark Mai 2007\u201c weiterlesen","og_url":"http:\/\/amelix.de\/?page_id=73","og_site_name":"Amelix","article_modified_time":"2023-11-28T16:02:00+00:00","og_image":[{"url":"http:\/\/amelix.de\/wp-content\/uploads\/2014\/01\/Radabteil-ab-HH-600x450.jpg"}],"twitter_misc":{"Gesch\u00e4tzte Lesezeit":"3\u00a0Minuten"},"schema":{"@context":"https:\/\/schema.org","@graph":[{"@type":"WebPage","@id":"http:\/\/amelix.de\/?page_id=73","url":"http:\/\/amelix.de\/?page_id=73","name":"Fahrradtour Heerweg\/Ochsenweg D\u00e4nemark Mai 2007 - Amelix","isPartOf":{"@id":"http:\/\/amelix.de\/#website"},"datePublished":"2014-01-31T14:16:21+00:00","dateModified":"2023-11-28T16:02:00+00:00","breadcrumb":{"@id":"http:\/\/amelix.de\/?page_id=73#breadcrumb"},"inLanguage":"de","potentialAction":[{"@type":"ReadAction","target":["http:\/\/amelix.de\/?page_id=73"]}]},{"@type":"BreadcrumbList","@id":"http:\/\/amelix.de\/?page_id=73#breadcrumb","itemListElement":[{"@type":"ListItem","position":1,"name":"Home","item":"http:\/\/amelix.de\/"},{"@type":"ListItem","position":2,"name":"Unsere Fahrradtouren","item":"http:\/\/amelix.de\/?page_id=206"},{"@type":"ListItem","position":3,"name":"Fahrradtour Heerweg\/Ochsenweg D\u00e4nemark Mai 2007"}]},{"@type":"WebSite","@id":"http:\/\/amelix.de\/#website","url":"http:\/\/amelix.de\/","name":"Amelix","description":"Fahrradfahr-Blog f\u00fcr Best-Ager","potentialAction":[{"@type":"SearchAction","target":{"@type":"EntryPoint","urlTemplate":"http:\/\/amelix.de\/?s={search_term_string}"},"query-input":"required name=search_term_string"}],"inLanguage":"de"}]}},"_links":{"self":[{"href":"http:\/\/amelix.de\/index.php?rest_route=\/wp\/v2\/pages\/73"}],"collection":[{"href":"http:\/\/amelix.de\/index.php?rest_route=\/wp\/v2\/pages"}],"about":[{"href":"http:\/\/amelix.de\/index.php?rest_route=\/wp\/v2\/types\/page"}],"author":[{"embeddable":true,"href":"http:\/\/amelix.de\/index.php?rest_route=\/wp\/v2\/users\/2"}],"replies":[{"embeddable":true,"href":"http:\/\/amelix.de\/index.php?rest_route=%2Fwp%2Fv2%2Fcomments&post=73"}],"version-history":[{"count":10,"href":"http:\/\/amelix.de\/index.php?rest_route=\/wp\/v2\/pages\/73\/revisions"}],"predecessor-version":[{"id":2046,"href":"http:\/\/amelix.de\/index.php?rest_route=\/wp\/v2\/pages\/73\/revisions\/2046"}],"up":[{"embeddable":true,"href":"http:\/\/amelix.de\/index.php?rest_route=\/wp\/v2\/pages\/206"}],"wp:attachment":[{"href":"http:\/\/amelix.de\/index.php?rest_route=%2Fwp%2Fv2%2Fmedia&parent=73"}],"curies":[{"name":"wp","href":"https:\/\/api.w.org\/{rel}","templated":true}]}}