{"id":768,"date":"2014-05-19T17:06:09","date_gmt":"2014-05-19T15:06:09","guid":{"rendered":"http:\/\/amelix.de\/?page_id=768"},"modified":"2016-12-18T19:26:13","modified_gmt":"2016-12-18T18:26:13","slug":"bahntrassen-tour-von-billerbeck-lutum-nach-burgsteinfurt","status":"publish","type":"page","link":"http:\/\/amelix.de\/?page_id=768","title":{"rendered":"Fahrradtour &#8220; Bahntrasse von Billerbeck-Lutum nach Burgsteinfurt&#8220; Mai 2014"},"content":{"rendered":"<p><span style=\"color: #ff0000;\">Startort**Billerbeck-Lutum** \u00a0 \u00a0 \u00a0\u00a0Zielort** Burgsteinfurt** \u00a0 \u00a0 \u00a0 Streckenl\u00e4nge** ca. 25 km**<\/span><\/p>\n<p><span style=\"color: #ff0000;\">Streckenprofil laut Fahrradliteratur**leicht und keine nennenswerte Steigung **, was absolut stimmt!<\/span><\/p>\n<p><span style=\"color: #ff0000;\">Was mir fehlte auf dieser Tour, war die M\u00f6glichkeit einer Kaffee-Pause an der Strecke. Es waren immer mindestens 400 m bis zu 3,5 km abseits der Strecke, um ein Cafe zu erreichen, laut Beschilderung am Wege.<\/span><\/p>\n<p><span style=\"color: #ff0000;\">Ein gewisser Sonnenschutz durch hohe B\u00e4ume ist auch vorhanden ( ich bin morgens um 11 gestartet und hatte immer die M\u00f6glichkeit mehr im Schatten, als in der Sonne zu fahren ).<\/span><\/p>\n<p><span style=\"font-size: 13px; color: #0000ff;\"><span style=\"color: #ff0000;\">Diese Strecke ist absolut geeignet f\u00fcr\u00a0Pedelecs, Fahrr\u00e4der mit Anh\u00e4nger und sonst allen Arten von Fahrr\u00e4dern.<\/span><\/span><\/p>\n<p><span style=\"font-size: 13px; color: #0000ff;\">Start\u00a0war\u00a0am Hauptbahnhof M\u00fcnster. Mit der RB ( Regionalbahn) 63 (Baumberge-Bahn), die immer um 8 Minuten nach der vollen Stunde ab Gleis 2 E abf\u00e4hrt, ging es los. Vorher hatte ich ein Bahnticket-Single \u00a0gel\u00f6st f\u00fcr 6,60 Euro plus eine Ganztages-Fahrradticket f\u00fcr 3,00 Euro.<\/span><\/p>\n<p><span style=\"color: #0000ff;\">Nach etwas \u00fcber einer halben Stunde Fahrt war ich am Startpunkt der &#8222;Trassen-Tour&#8220; in <em>Lutum<\/em> ( was eine eigene Haltestelle ist).<\/span><\/p>\n<p><a  href=\"http:\/\/amelix.de\/wp-content\/uploads\/2014\/05\/001_6714.jpg\" data-rel=\"lightbox-gallery-0\" data-rl_title=\"\" data-rl_caption=\"\" title=\"\"><img loading=\"lazy\" class=\"alignnone wp-image-770 size-medium\" src=\"http:\/\/amelix.de\/wp-content\/uploads\/2014\/05\/001_6714-600x397.jpg\" alt=\"Bild: Bahntrasse Fahrrad M\u00fcnsterland Amelix \" width=\"600\" height=\"397\" srcset=\"http:\/\/amelix.de\/wp-content\/uploads\/2014\/05\/001_6714-600x397.jpg 600w, http:\/\/amelix.de\/wp-content\/uploads\/2014\/05\/001_6714.jpg 1024w\" sizes=\"(max-width: 600px) 85vw, 600px\" \/><\/a><\/p>\n<p>Der Ausstieg aus der Bahn ist dort schwierig, da es eigentlich 2 Stufen aus der Bahn abw\u00e4rts geht am Bahnsteig, die Stufe aber nicht ausfuhr und ich somit das schwere Fahrrad hinab heben musste.<\/p>\n<p>Ab dem Bahngel\u00e4nde \u00a0ist auch das erste Mal das Symbol dieses Trassen-Radweges zu sehen.<\/p>\n<p><a  href=\"http:\/\/amelix.de\/wp-content\/uploads\/2014\/05\/001_6715-Arbeitskopie-2.jpg\" data-rel=\"lightbox-gallery-0\" data-rl_title=\"\" data-rl_caption=\"\" title=\"\"><img loading=\"lazy\" class=\"alignnone wp-image-771 size-medium\" src=\"http:\/\/amelix.de\/wp-content\/uploads\/2014\/05\/001_6715-Arbeitskopie-2-600x592.jpg\" alt=\"Bild: Bahntrasse Fahrrad M\u00fcnsterland Amelix \" width=\"600\" height=\"592\" srcset=\"http:\/\/amelix.de\/wp-content\/uploads\/2014\/05\/001_6715-Arbeitskopie-2-600x592.jpg 600w, http:\/\/amelix.de\/wp-content\/uploads\/2014\/05\/001_6715-Arbeitskopie-2-50x50.jpg 50w, http:\/\/amelix.de\/wp-content\/uploads\/2014\/05\/001_6715-Arbeitskopie-2.jpg 940w\" sizes=\"(max-width: 600px) 85vw, 600px\" \/><\/a><\/p>\n<p>&nbsp;<\/p>\n<p>Diesen Stangen folgend, kam ich nach wenigen 100 Metern zum eigentlichen Bahntrassenweg &#8222;Park- und Gartenroute&#8220;.<\/p>\n<p><a  href=\"http:\/\/amelix.de\/wp-content\/uploads\/2014\/05\/001_6717.jpg\" data-rel=\"lightbox-gallery-0\" data-rl_title=\"\" data-rl_caption=\"\" title=\"\"><img loading=\"lazy\" class=\"alignnone wp-image-773 size-medium\" src=\"http:\/\/amelix.de\/wp-content\/uploads\/2014\/05\/001_6717-600x397.jpg\" alt=\"Bild: Bahntrasse Fahrrad M\u00fcnsterland Amelix \" width=\"600\" height=\"397\" srcset=\"http:\/\/amelix.de\/wp-content\/uploads\/2014\/05\/001_6717-600x397.jpg 600w, http:\/\/amelix.de\/wp-content\/uploads\/2014\/05\/001_6717.jpg 1024w\" sizes=\"(max-width: 600px) 85vw, 600px\" \/><\/a><\/p>\n<p>Die gesamte Strecke ist asphaltiert und ca. 3 m breit. Die einzigen Unterbrechungen des &#8222;Geradeaus-T\u00f6rns &#8220; sind kleine Feldwege oder Querstr\u00e4sschen, die man passiert. Die Landschaft ist sehr abwechslungsreich und sch\u00f6n. Es gibt lichtdurchflutete W\u00e4lder, weite Wiesen, kleine T\u00fcmpel, viele Feldblumen am Wegesrand und teilweise dichtes Blattwerk<\/p>\n<p><a  href=\"http:\/\/amelix.de\/wp-content\/uploads\/2014\/05\/001_6721.jpg\" data-rel=\"lightbox-gallery-0\" data-rl_title=\"\" data-rl_caption=\"\" title=\"\"><img loading=\"lazy\" class=\"alignnone wp-image-774 size-medium\" src=\"http:\/\/amelix.de\/wp-content\/uploads\/2014\/05\/001_6721-600x397.jpg\" alt=\"Bild: Bahntrasse Fahrrad M\u00fcnsterland Amelix \" width=\"600\" height=\"397\" srcset=\"http:\/\/amelix.de\/wp-content\/uploads\/2014\/05\/001_6721-600x397.jpg 600w, http:\/\/amelix.de\/wp-content\/uploads\/2014\/05\/001_6721.jpg 1024w\" sizes=\"(max-width: 600px) 85vw, 600px\" \/><\/a><\/p>\n<p>&nbsp;<\/p>\n<p>Gelegentlich unterbricht ein Br\u00fccke, unter der man hindurch fahren muss, oder \u00fcber die man hinweg radelt, die Strecke<\/p>\n<p><a  href=\"http:\/\/amelix.de\/wp-content\/uploads\/2014\/05\/001_6720.jpg\" data-rel=\"lightbox-gallery-0\" data-rl_title=\"\" data-rl_caption=\"\" title=\"\"><img loading=\"lazy\" class=\"alignnone wp-image-775 size-medium\" src=\"http:\/\/amelix.de\/wp-content\/uploads\/2014\/05\/001_6720-600x397.jpg\" alt=\"Bild: Bahntrasse Fahrrad M\u00fcnsterland Amelix \" width=\"600\" height=\"397\" srcset=\"http:\/\/amelix.de\/wp-content\/uploads\/2014\/05\/001_6720-600x397.jpg 600w, http:\/\/amelix.de\/wp-content\/uploads\/2014\/05\/001_6720.jpg 1024w\" sizes=\"(max-width: 600px) 85vw, 600px\" \/><\/a><\/p>\n<p>&nbsp;<\/p>\n<p>Man h\u00f6rt sehr viele verschieden Vogelstimmen, sieht Pferde und K\u00fche auf den Weiden, Eichh\u00f6rnchen klettern die B\u00e4ume hinauf und sogar eine kleine Schlange \u00a0( ca. 20 cm) habe ich entdeckt<\/p>\n<p><a  href=\"http:\/\/amelix.de\/wp-content\/uploads\/2014\/05\/001_6719.jpg\" data-rel=\"lightbox-gallery-0\" data-rl_title=\"\" data-rl_caption=\"\" title=\"\"><img loading=\"lazy\" class=\"alignnone wp-image-776 size-medium\" src=\"http:\/\/amelix.de\/wp-content\/uploads\/2014\/05\/001_6719-600x397.jpg\" alt=\"Bild: Bahntrasse Fahrrad M\u00fcnsterland Amelix \" width=\"600\" height=\"397\" srcset=\"http:\/\/amelix.de\/wp-content\/uploads\/2014\/05\/001_6719-600x397.jpg 600w, http:\/\/amelix.de\/wp-content\/uploads\/2014\/05\/001_6719.jpg 1024w\" sizes=\"(max-width: 600px) 85vw, 600px\" \/><\/a><\/p>\n<p>&nbsp;<\/p>\n<p>Insgesamt hatte ich das Gef\u00fchl durch einen riesigen Park zu radeln, immer gerade aus&#8230;.<\/p>\n<p>Als dann diese rote Br\u00fccke zu sehen war,<\/p>\n<p><a  href=\"http:\/\/amelix.de\/wp-content\/uploads\/2014\/05\/001_6722.jpg\" data-rel=\"lightbox-gallery-0\" data-rl_title=\"\" data-rl_caption=\"\" title=\"\"><img loading=\"lazy\" class=\"alignnone wp-image-777 size-medium\" src=\"http:\/\/amelix.de\/wp-content\/uploads\/2014\/05\/001_6722-600x397.jpg\" alt=\"Bild: Bahntrasse Fahrrad M\u00fcnsterland Amelix \" width=\"600\" height=\"397\" srcset=\"http:\/\/amelix.de\/wp-content\/uploads\/2014\/05\/001_6722-600x397.jpg 600w, http:\/\/amelix.de\/wp-content\/uploads\/2014\/05\/001_6722.jpg 1024w\" sizes=\"(max-width: 600px) 85vw, 600px\" \/><\/a><\/p>\n<p>&nbsp;<\/p>\n<p>war es nicht mehr weit zum Bahnhof von <em>Burgsteinfurt<\/em><\/p>\n<p><a  href=\"http:\/\/amelix.de\/wp-content\/uploads\/2014\/05\/001_6724.jpg\" data-rel=\"lightbox-gallery-0\" data-rl_title=\"\" data-rl_caption=\"\" title=\"\"><img loading=\"lazy\" class=\"alignnone wp-image-778 size-medium\" src=\"http:\/\/amelix.de\/wp-content\/uploads\/2014\/05\/001_6724-600x397.jpg\" alt=\"Bild: Bahntrasse Fahrrad M\u00fcnsterland Amelix \" width=\"600\" height=\"397\" srcset=\"http:\/\/amelix.de\/wp-content\/uploads\/2014\/05\/001_6724-600x397.jpg 600w, http:\/\/amelix.de\/wp-content\/uploads\/2014\/05\/001_6724.jpg 1024w\" sizes=\"(max-width: 600px) 85vw, 600px\" \/><\/a> <img loading=\"lazy\" class=\"alignnone wp-image-779 size-medium\" src=\"http:\/\/amelix.de\/wp-content\/uploads\/2014\/05\/001_6725-600x397.jpg\" width=\"600\" height=\"397\" srcset=\"http:\/\/amelix.de\/wp-content\/uploads\/2014\/05\/001_6725-600x397.jpg 600w, http:\/\/amelix.de\/wp-content\/uploads\/2014\/05\/001_6725.jpg 1024w\" sizes=\"(max-width: 600px) 85vw, 600px\" \/><\/p>\n<p>&nbsp;<\/p>\n<p>Um zum Gleis zu gelangen, kann man die Stufen nehmen, oder die Rampe . Das Ticket von <em>Burgsteinfurt<\/em> nach <em>M\u00fcnster<\/em>\u00a0f\u00fcr die RB 64, kostet 9 Euro und kann im Bahnhof am Schalter erworben werden. Die Bahn geht auch dort st\u00fcndlich immer um 7 Minuten nach der vollen Stunde und dauert 34 Minuten.<\/p>\n<p>Leider gab es auch in direkter Bahnhofsn\u00e4he kein Cafe. Aber man kann gegen\u00fcber des Haupteinganges vom Bahnhof in einer B\u00e4ckerei einen guten Kaffe kaufen. Den gab es sogar in einer Porzellantasse!<\/p>\n<p>&nbsp;<\/p>\n","protected":false},"excerpt":{"rendered":"<p>Startort**Billerbeck-Lutum** \u00a0 \u00a0 \u00a0\u00a0Zielort** Burgsteinfurt** \u00a0 \u00a0 \u00a0 Streckenl\u00e4nge** ca. 25 km** Streckenprofil laut Fahrradliteratur**leicht und keine nennenswerte Steigung **, was absolut stimmt! Was mir fehlte auf dieser Tour, war die M\u00f6glichkeit einer Kaffee-Pause an der Strecke. Es waren immer mindestens 400 m bis zu 3,5 km abseits der Strecke, um ein Cafe zu erreichen, &hellip; <a href=\"http:\/\/amelix.de\/?page_id=768\" class=\"more-link\"><span class=\"screen-reader-text\">\u201eFahrradtour &#8220; Bahntrasse von Billerbeck-Lutum nach Burgsteinfurt&#8220; Mai 2014\u201c<\/span> weiterlesen<\/a><\/p>\n","protected":false},"author":2,"featured_media":0,"parent":206,"menu_order":0,"comment_status":"open","ping_status":"closed","template":"","meta":[],"yoast_head":"<!-- This site is optimized with the Yoast SEO plugin v19.10 - https:\/\/yoast.com\/wordpress\/plugins\/seo\/ -->\n<title>Fahrradtour &quot; Bahntrasse von Billerbeck-Lutum nach Burgsteinfurt&quot; Mai 2014 - Amelix<\/title>\n<meta name=\"description\" content=\"Fahrradtour &quot; Bahntrassen von Billerbeck-Lutum nach Burgsteinfurt&quot;\" \/>\n<meta name=\"robots\" content=\"index, follow, max-snippet:-1, max-image-preview:large, max-video-preview:-1\" \/>\n<link rel=\"canonical\" href=\"http:\/\/amelix.de\/?page_id=768\" \/>\n<meta property=\"og:locale\" content=\"de_DE\" \/>\n<meta property=\"og:type\" content=\"article\" \/>\n<meta property=\"og:title\" content=\"Fahrradtour &quot; Bahntrasse von Billerbeck-Lutum nach Burgsteinfurt&quot; Mai 2014 - Amelix\" \/>\n<meta property=\"og:description\" content=\"Fahrradtour &quot; Bahntrassen von Billerbeck-Lutum nach Burgsteinfurt&quot;\" \/>\n<meta property=\"og:url\" content=\"http:\/\/amelix.de\/?page_id=768\" \/>\n<meta property=\"og:site_name\" content=\"Amelix\" \/>\n<meta property=\"article:modified_time\" content=\"2016-12-18T18:26:13+00:00\" \/>\n<meta property=\"og:image\" content=\"http:\/\/amelix.de\/wp-content\/uploads\/2014\/05\/001_6714-600x397.jpg\" \/>\n<meta name=\"twitter:label1\" content=\"Gesch\u00e4tzte Lesezeit\" \/>\n\t<meta name=\"twitter:data1\" content=\"2\u00a0Minuten\" \/>\n<script type=\"application\/ld+json\" class=\"yoast-schema-graph\">{\"@context\":\"https:\/\/schema.org\",\"@graph\":[{\"@type\":\"WebPage\",\"@id\":\"http:\/\/amelix.de\/?page_id=768\",\"url\":\"http:\/\/amelix.de\/?page_id=768\",\"name\":\"Fahrradtour \\\" Bahntrasse von Billerbeck-Lutum nach Burgsteinfurt\\\" Mai 2014 - Amelix\",\"isPartOf\":{\"@id\":\"http:\/\/amelix.de\/#website\"},\"datePublished\":\"2014-05-19T15:06:09+00:00\",\"dateModified\":\"2016-12-18T18:26:13+00:00\",\"description\":\"Fahrradtour \\\" Bahntrassen von Billerbeck-Lutum nach Burgsteinfurt\\\"\",\"breadcrumb\":{\"@id\":\"http:\/\/amelix.de\/?page_id=768#breadcrumb\"},\"inLanguage\":\"de\",\"potentialAction\":[{\"@type\":\"ReadAction\",\"target\":[\"http:\/\/amelix.de\/?page_id=768\"]}]},{\"@type\":\"BreadcrumbList\",\"@id\":\"http:\/\/amelix.de\/?page_id=768#breadcrumb\",\"itemListElement\":[{\"@type\":\"ListItem\",\"position\":1,\"name\":\"Home\",\"item\":\"http:\/\/amelix.de\/\"},{\"@type\":\"ListItem\",\"position\":2,\"name\":\"Unsere Fahrradtouren\",\"item\":\"http:\/\/amelix.de\/?page_id=206\"},{\"@type\":\"ListItem\",\"position\":3,\"name\":\"Fahrradtour &#8220; Bahntrasse von Billerbeck-Lutum nach Burgsteinfurt&#8220; Mai 2014\"}]},{\"@type\":\"WebSite\",\"@id\":\"http:\/\/amelix.de\/#website\",\"url\":\"http:\/\/amelix.de\/\",\"name\":\"Amelix\",\"description\":\"Fahrradfahr-Blog f\u00fcr Best-Ager\",\"potentialAction\":[{\"@type\":\"SearchAction\",\"target\":{\"@type\":\"EntryPoint\",\"urlTemplate\":\"http:\/\/amelix.de\/?s={search_term_string}\"},\"query-input\":\"required name=search_term_string\"}],\"inLanguage\":\"de\"}]}<\/script>\n<!-- \/ Yoast SEO plugin. -->","yoast_head_json":{"title":"Fahrradtour \" Bahntrasse von Billerbeck-Lutum nach Burgsteinfurt\" Mai 2014 - Amelix","description":"Fahrradtour \" Bahntrassen von Billerbeck-Lutum nach Burgsteinfurt\"","robots":{"index":"index","follow":"follow","max-snippet":"max-snippet:-1","max-image-preview":"max-image-preview:large","max-video-preview":"max-video-preview:-1"},"canonical":"http:\/\/amelix.de\/?page_id=768","og_locale":"de_DE","og_type":"article","og_title":"Fahrradtour \" Bahntrasse von Billerbeck-Lutum nach Burgsteinfurt\" Mai 2014 - Amelix","og_description":"Fahrradtour \" Bahntrassen von Billerbeck-Lutum nach Burgsteinfurt\"","og_url":"http:\/\/amelix.de\/?page_id=768","og_site_name":"Amelix","article_modified_time":"2016-12-18T18:26:13+00:00","og_image":[{"url":"http:\/\/amelix.de\/wp-content\/uploads\/2014\/05\/001_6714-600x397.jpg"}],"twitter_misc":{"Gesch\u00e4tzte Lesezeit":"2\u00a0Minuten"},"schema":{"@context":"https:\/\/schema.org","@graph":[{"@type":"WebPage","@id":"http:\/\/amelix.de\/?page_id=768","url":"http:\/\/amelix.de\/?page_id=768","name":"Fahrradtour \" Bahntrasse von Billerbeck-Lutum nach Burgsteinfurt\" Mai 2014 - Amelix","isPartOf":{"@id":"http:\/\/amelix.de\/#website"},"datePublished":"2014-05-19T15:06:09+00:00","dateModified":"2016-12-18T18:26:13+00:00","description":"Fahrradtour \" Bahntrassen von Billerbeck-Lutum nach Burgsteinfurt\"","breadcrumb":{"@id":"http:\/\/amelix.de\/?page_id=768#breadcrumb"},"inLanguage":"de","potentialAction":[{"@type":"ReadAction","target":["http:\/\/amelix.de\/?page_id=768"]}]},{"@type":"BreadcrumbList","@id":"http:\/\/amelix.de\/?page_id=768#breadcrumb","itemListElement":[{"@type":"ListItem","position":1,"name":"Home","item":"http:\/\/amelix.de\/"},{"@type":"ListItem","position":2,"name":"Unsere Fahrradtouren","item":"http:\/\/amelix.de\/?page_id=206"},{"@type":"ListItem","position":3,"name":"Fahrradtour &#8220; Bahntrasse von Billerbeck-Lutum nach Burgsteinfurt&#8220; Mai 2014"}]},{"@type":"WebSite","@id":"http:\/\/amelix.de\/#website","url":"http:\/\/amelix.de\/","name":"Amelix","description":"Fahrradfahr-Blog f\u00fcr Best-Ager","potentialAction":[{"@type":"SearchAction","target":{"@type":"EntryPoint","urlTemplate":"http:\/\/amelix.de\/?s={search_term_string}"},"query-input":"required name=search_term_string"}],"inLanguage":"de"}]}},"_links":{"self":[{"href":"http:\/\/amelix.de\/index.php?rest_route=\/wp\/v2\/pages\/768"}],"collection":[{"href":"http:\/\/amelix.de\/index.php?rest_route=\/wp\/v2\/pages"}],"about":[{"href":"http:\/\/amelix.de\/index.php?rest_route=\/wp\/v2\/types\/page"}],"author":[{"embeddable":true,"href":"http:\/\/amelix.de\/index.php?rest_route=\/wp\/v2\/users\/2"}],"replies":[{"embeddable":true,"href":"http:\/\/amelix.de\/index.php?rest_route=%2Fwp%2Fv2%2Fcomments&post=768"}],"version-history":[{"count":11,"href":"http:\/\/amelix.de\/index.php?rest_route=\/wp\/v2\/pages\/768\/revisions"}],"predecessor-version":[{"id":926,"href":"http:\/\/amelix.de\/index.php?rest_route=\/wp\/v2\/pages\/768\/revisions\/926"}],"up":[{"embeddable":true,"href":"http:\/\/amelix.de\/index.php?rest_route=\/wp\/v2\/pages\/206"}],"wp:attachment":[{"href":"http:\/\/amelix.de\/index.php?rest_route=%2Fwp%2Fv2%2Fmedia&parent=768"}],"curies":[{"name":"wp","href":"https:\/\/api.w.org\/{rel}","templated":true}]}}